{"id":1313,"date":"2014-01-07T20:16:16","date_gmt":"2014-01-07T20:16:16","guid":{"rendered":"http:\/\/amscb.com\/?page_id=1313"},"modified":"2014-01-07T20:16:16","modified_gmt":"2014-01-07T20:16:16","slug":"estilo","status":"publish","type":"page","link":"https:\/\/amscb.com\/?page_id=1313","title":{"rendered":"Estilo"},"content":{"rendered":"<div  id=\"section-no45k\" class=\"fullwidth-content ui--section clearfix cloudfw-ui-parallax-effect section-no45k\"><div class=\"ui--video-background-holder\"><div  class=\"ui--parallax ui--cover\" data-stellar-ratio=\"0.3\"><\/div><\/div><div  class=\"ui--section-content\"><div class=\"container\"><div  class=\"ui--animation-in make--fx--caption-bottom ui--pass clearfix\" data-fx=\"fx--caption-bottom\" data-delay=\"250\" data-start-delay=\"0\"><div class=\"ui--title ui--animation ui--title-bordered text-center\"><div class=\"ui--title-holder\"><h1 class=\"ui--title-text\" style=\"color: #0066ff !important;\">Estilo<\/h1><div style=\"border-color: #0066ff !important;\" class=\"ui--title-borders ui--title-border-left\"><\/div><div style=\"border-color: #0066ff !important;\" class=\"ui--title-borders ui--title-border-right\"><\/div><\/div><\/div><div class=\"ui-row row\">\n <div   class=\"ui-column span4\"><div  class=\"ui--space clearfix\" data-responsive=\"{&quot;css&quot;:{&quot;height&quot;:{&quot;phone&quot;:null,&quot;tablet&quot;:null,&quot;widescreen&quot;:null}}}\"><\/div><div  class=\"ui--divider ui--animation clearfix ui--divider-fade-line\">\n\t\t\t\t\t\t<div class=\"ui--divider-inner-wrap\">\n\t\t\t\t\t\t\t<div class=\"ui--divider-part ui--divider-part-left\"><\/div>\n\t\t\t\t\t\t\t<div class=\"ui--divider-part ui--divider-part-right\"><\/div>\n\t\t\t\t\t\t<\/div>\n\t\t\t\t\t<\/div><div class=\"auto-format ui--animation\"><br \/>\n<h3>\n<p style=\"text-align:justify\"> Para encontrar la esencia del estilo de Agrupaci\u00f3n Musical hay que viajar unos 700 km al sur de la pen\u00ednsula, concretamente a la capital andaluza, Sevilla. Cuna por excelencia de la Semana Santa, es sin duda donde se genera el estilo de agrupaci\u00f3n musical y donde se encuentra la principal influencia musical a la que desde la direcci\u00f3n musical de esta joven agrupaci\u00f3n se sigue, y que no es otra que la Agrupaci\u00f3n Musical Nuestra Se\u00f1ora de los Reyes.  <\/p>\n<\/h3>\n<\/div><div  class=\"ui--divider ui--animation clearfix ui--divider-fade-line\">\n\t\t\t\t\t\t<div class=\"ui--divider-inner-wrap\">\n\t\t\t\t\t\t\t<div class=\"ui--divider-part ui--divider-part-left\"><\/div>\n\t\t\t\t\t\t\t<div class=\"ui--divider-part ui--divider-part-right\"><\/div>\n\t\t\t\t\t\t<\/div>\n\t\t\t\t\t<\/div><\/div> \n\n <div   class=\"ui-column span8\"><div class=\"ui--box-widget\"><div  class=\"ui--content-box ui--box ui--content-item ui--animation ui-row\"><div class=\"ui--content-box-header\"><div class=\"ui--content-box-media effect--fade type--default clearfix ratio-original\"><a class=\"ui--content-box-link\" href=\"http:\/\/amscb.com\/wp-content\/uploads\/2014\/01\/Estilo1.jpg\" data-rel=\"prettyPhoto\" data-title=\"Agrupaci\u00f3n Musical Nuestra Se\u00f1ora de los Reyes\"><div class=\"ui--content-box-image-default\"><img  class=\"ui--content-box-image\" src=\"http:\/\/amscb.com\/wp-content\/uploads\/2014\/01\/Estilo1.jpg\" alt=\"\" title=\"\"\/><\/div><div class=\"ui--content-box-overlay\"><div class=\"ui--content-box-overlay-background\"><\/div><div class=\"center\"><span class=\"btn btn-grey ui--center-vertical\"><span class=\"ui--content-box-overlay-button-icon\"><i class=\"ui--icon fontawesome-fullscreen\"><\/i><\/span><\/span><\/div><\/div><\/a><\/div><a class=\"ui--content-box-link\" href=\"http:\/\/amscb.com\/wp-content\/uploads\/2014\/01\/Estilo1.jpg\" data-rel=\"prettyPhoto\" data-title=\"Agrupaci\u00f3n Musical Nuestra Se\u00f1ora de los Reyes\"><div class=\"ui--content-box-title ui--gradient ui--gradient-grey on--hover clearfix text-center\"><h5 class=\"ui--content-box-title-text\">Agrupaci\u00f3n Musical Nuestra Se\u00f1ora de los Reyes<\/h5><\/div><\/a><\/div><\/div><\/div><\/div> \n\n<\/div> \n<div class=\"ui-row row\">\n <div   class=\"ui-column span6\"><div class=\"ui--box-widget\"><div  class=\"ui--content-box ui--box ui--content-item ui--animation ui-row\"><div class=\"ui--content-box-header\"><div class=\"ui--content-box-media effect--fade type--default clearfix\" style=\"padding-bottom: 75%;\"><a class=\"ui--content-box-link\" href=\"http:\/\/amscb.com\/wp-content\/uploads\/2014\/01\/Estilo2.jpg\" data-rel=\"prettyPhoto\" data-title=\"Agrupaci\u00f3n Musical Santa Mar\u00eda Magdalena (Aharal)\"><div class=\"ui--content-box-image-default\"><img  class=\"ui--content-box-image\" src=\"http:\/\/amscb.com\/wp-content\/uploads\/2014\/01\/Estilo2-570x428.jpg\" alt=\"\" title=\"\"\/><\/div><div class=\"ui--content-box-overlay\"><div class=\"ui--content-box-overlay-background\"><\/div><div class=\"center\"><span class=\"btn btn-grey ui--center-vertical\"><span class=\"ui--content-box-overlay-button-icon\"><i class=\"ui--icon fontawesome-fullscreen\"><\/i><\/span><\/span><\/div><\/div><\/a><\/div><a class=\"ui--content-box-link\" href=\"http:\/\/amscb.com\/wp-content\/uploads\/2014\/01\/Estilo2.jpg\" data-rel=\"prettyPhoto\" data-title=\"Agrupaci\u00f3n Musical Santa Mar\u00eda Magdalena (Aharal)\"><div class=\"ui--content-box-title ui--gradient ui--gradient-grey on--hover clearfix text-center\"><h5 class=\"ui--content-box-title-text\">Agrupaci\u00f3n Musical Santa Mar\u00eda Magdalena (Aharal)<\/h5><\/div><\/a><\/div><\/div><\/div><\/div> \n\n <div   class=\"ui-column span6\"><div  class=\"ui--space clearfix\" data-responsive=\"{&quot;css&quot;:{&quot;height&quot;:{&quot;phone&quot;:null,&quot;tablet&quot;:null,&quot;widescreen&quot;:null}}}\"><\/div><div  class=\"ui--divider ui--animation clearfix ui--divider-fade-line\">\n\t\t\t\t\t\t<div class=\"ui--divider-inner-wrap\">\n\t\t\t\t\t\t\t<div class=\"ui--divider-part ui--divider-part-left\"><\/div>\n\t\t\t\t\t\t\t<div class=\"ui--divider-part ui--divider-part-right\"><\/div>\n\t\t\t\t\t\t<\/div>\n\t\t\t\t\t<\/div><div class=\"auto-format ui--animation\"><br \/>\n<h3>\n<p style=\"text-align:justify\">La elecci\u00f3n de esta l\u00ednea musical se debe a que esta formaci\u00f3n a\u00fana como nadie las nuevas tendencias musicales cofrades, representada por marchas como \u00a1A la Gloria! o Caminando va, por tientos en la madrug\u00e1, as\u00ed como la esencia del sabor cl\u00e1sico que nos evocan a la extinta banda de la Segunda comandancia m\u00f3vil del cuartel de Erita\u00f1a o la aun en activo AM Santa Mar\u00eda Magdalena, con adaptaciones de cantos lit\u00fargicos como Cerca de ti, se\u00f1or o Perdona a tu pueblo, as\u00ed como marchas tales como Alma de Dios, Virgen de las Angustias o Puente de San Bernardo.<\/p>\n<\/h3>\n<\/div><div  class=\"ui--divider ui--animation clearfix ui--divider-fade-line\">\n\t\t\t\t\t\t<div class=\"ui--divider-inner-wrap\">\n\t\t\t\t\t\t\t<div class=\"ui--divider-part ui--divider-part-left\"><\/div>\n\t\t\t\t\t\t\t<div class=\"ui--divider-part ui--divider-part-right\"><\/div>\n\t\t\t\t\t\t<\/div>\n\t\t\t\t\t<\/div><\/div> \n\n<\/div> \n<div class=\"ui-row row\">\n <div   class=\"ui-column span6\"><div  class=\"ui--divider ui--animation clearfix ui--divider-fade-line\">\n\t\t\t\t\t\t<div class=\"ui--divider-inner-wrap\">\n\t\t\t\t\t\t\t<div class=\"ui--divider-part ui--divider-part-left\"><\/div>\n\t\t\t\t\t\t\t<div class=\"ui--divider-part ui--divider-part-right\"><\/div>\n\t\t\t\t\t\t<\/div>\n\t\t\t\t\t<\/div><div class=\"auto-format ui--animation\"><br \/>\n<h3>\n<p style=\"text-align:justify\"> De la misma forma no se cierra el camino a la interpretaci\u00f3n de obras de otras reconocidas agrupaciones de prestigio como Roc\u00edo del cielo, Presentado a Sevilla, Oh Bendita estrella!&#8230; incluidas en el repertorio con el objetivo de facilitar la puja de los braceros que acompa\u00f1amos a lo largo de la Semana Mayor.\n<\/p>\n<\/h3>\n<\/div><div  class=\"ui--divider ui--animation clearfix ui--divider-fade-line\">\n\t\t\t\t\t\t<div class=\"ui--divider-inner-wrap\">\n\t\t\t\t\t\t\t<div class=\"ui--divider-part ui--divider-part-left\"><\/div>\n\t\t\t\t\t\t\t<div class=\"ui--divider-part ui--divider-part-right\"><\/div>\n\t\t\t\t\t\t<\/div>\n\t\t\t\t\t<\/div><\/div> \n\n <div   class=\"ui-column span6\"><div  class=\"ui--divider ui--animation clearfix ui--divider-fade-line\">\n\t\t\t\t\t\t<div class=\"ui--divider-inner-wrap\">\n\t\t\t\t\t\t\t<div class=\"ui--divider-part ui--divider-part-left\"><\/div>\n\t\t\t\t\t\t\t<div class=\"ui--divider-part ui--divider-part-right\"><\/div>\n\t\t\t\t\t\t<\/div>\n\t\t\t\t\t<\/div><div class=\"auto-format ui--animation\"><br \/>\n<h3>\n<p style=\"text-align:justify\"> A su vez la AM SCB ya cuenta, con un cada vez m\u00e1s amplio repertorio de composiciones propias creadas desde el seno de la direcci\u00f3n musical o por compositores \u201camigos\u201d de esta formaci\u00f3n, y que van creando poco a poco una l\u00ednea musical propia, siendo estas piezas cada vez son mas valoradas dentro del panorama cofrade leones.<\/p>\n<\/h3>\n<\/div><div  class=\"ui--divider ui--animation clearfix ui--divider-fade-line\">\n\t\t\t\t\t\t<div class=\"ui--divider-inner-wrap\">\n\t\t\t\t\t\t\t<div class=\"ui--divider-part ui--divider-part-left\"><\/div>\n\t\t\t\t\t\t\t<div class=\"ui--divider-part ui--divider-part-right\"><\/div>\n\t\t\t\t\t\t<\/div>\n\t\t\t\t\t<\/div><\/div> \n\n<\/div> \n<\/div><\/div><\/div><\/div><!-- \/.fullwidth-container -->","protected":false},"excerpt":{"rendered":"<p>Estilo Para encontrar la esencia del estilo de Agrupaci\u00f3n Musical hay que viajar unos 700 km al sur de la pen\u00ednsula, concretamente a la capital andaluza, Sevilla. Cuna por excelencia de la Semana Santa, es sin duda donde se genera el estilo de agrupaci\u00f3n musical y donde se encuentra la principal influencia musical a la [&hellip;]<\/p>\n","protected":false},"author":1,"featured_media":0,"parent":0,"menu_order":0,"comment_status":"open","ping_status":"open","template":"page-fullwidth.php","meta":[],"_links":{"self":[{"href":"https:\/\/amscb.com\/index.php?rest_route=\/wp\/v2\/pages\/1313"}],"collection":[{"href":"https:\/\/amscb.com\/index.php?rest_route=\/wp\/v2\/pages"}],"about":[{"href":"https:\/\/amscb.com\/index.php?rest_route=\/wp\/v2\/types\/page"}],"author":[{"embeddable":true,"href":"https:\/\/amscb.com\/index.php?rest_route=\/wp\/v2\/users\/1"}],"replies":[{"embeddable":true,"href":"https:\/\/amscb.com\/index.php?rest_route=%2Fwp%2Fv2%2Fcomments&post=1313"}],"version-history":[{"count":1,"href":"https:\/\/amscb.com\/index.php?rest_route=\/wp\/v2\/pages\/1313\/revisions"}],"predecessor-version":[{"id":1314,"href":"https:\/\/amscb.com\/index.php?rest_route=\/wp\/v2\/pages\/1313\/revisions\/1314"}],"wp:attachment":[{"href":"https:\/\/amscb.com\/index.php?rest_route=%2Fwp%2Fv2%2Fmedia&parent=1313"}],"curies":[{"name":"wp","href":"https:\/\/api.w.org\/{rel}","templated":true}]}}