{"id":1474,"date":"2014-02-02T00:55:44","date_gmt":"2014-02-02T00:55:44","guid":{"rendered":"http:\/\/amscb.com\/?page_id=1474"},"modified":"2014-02-02T00:58:38","modified_gmt":"2014-02-02T00:58:38","slug":"home-2","status":"publish","type":"page","link":"https:\/\/amscb.com\/?page_id=1474","title":{"rendered":"Home"},"content":{"rendered":"<div  class=\"fullwidth-content ui--section clearfix\"><div  class=\"ui--section-content\"><div class=\"container\"><div  class=\"ui--animation-in make--fx--caption-bottom ui--pass clearfix\" data-fx=\"fx--caption-bottom\" data-delay=\"250\" data-start-delay=\"1200\"><div class=\"ui-row row\">\n <div   class=\"ui-column span2\"><\/div> \n\n <div   class=\"ui-column span8\"><div id=\"blog-1\" class=\"ui--blog ui--blog-wrapper ui--pass\" data-layout=\"mini\" data-columns=\"1\"><div class=\"ui--blog-item ui--animation ui--accent-gradient-hover-parent clearfix layout--mini\"><div class=\"ui--blog-side ui--blog-date ui--accent-gradient-hover-parent ui--box\"><h3><span class=\"ui--blog-date-day ui--accent-gradient-hover\">07<\/span><\/h3><h6 class=\"ui--blog-date-month ui--gradient ui--gradient-grey\"><span>Abr<\/span><\/h6><\/div><div class=\"ui--blog-content-wrapper\"><div class=\"ui--blog-header\"><h5 class=\"ui--blog-title entry-title\"><a class=\"ui--blog-link\" href=\"https:\/\/amscb.com\/?p=5021\">SEMANA SANTA 2021<\/a><\/h5><\/div><div class=\"ui--blog-content\">Estos han sido algunos de los momentos que nos ha dejado la Semana Santa 2021.\r\n\r\n&nbsp;\r\n\r\nhttps:\/\/www.youtube.com\/watch?v=apv3oSeQF6w&amp;ab_channel=amSCBleon\r\n\r\n&nbsp;\r\n\r\nhttps:\/\/www.youtube.com\/watch?v=imagoYWRuIg&amp;ab_channel=amSCBleon\r\n\r\n&nbsp;\r\n\r\nhttps:\/\/www.youtube.com\/watch?v=c1_pFIwA6EY&amp;t=2s&amp;ab_channel=amSCBleon <\/div><div class=\"ui--blog-readmore more-link\"><a class=\"btn btn-small btn-secondary muted\" href=\"https:\/\/amscb.com\/?p=5021\">Seguir leyendo<\/a><\/div><\/div><\/div><div class=\"ui--blog-item ui--animation ui--accent-gradient-hover-parent clearfix layout--mini\"><div class=\"ui--blog-side ui--blog-date ui--accent-gradient-hover-parent ui--box\"><h3><span class=\"ui--blog-date-day ui--accent-gradient-hover\">07<\/span><\/h3><h6 class=\"ui--blog-date-month ui--gradient ui--gradient-grey\"><span>Feb<\/span><\/h6><\/div><div class=\"ui--blog-content-wrapper\"><div class=\"ui--blog-header\"><h5 class=\"ui--blog-title entry-title\"><a class=\"ui--blog-link\" href=\"https:\/\/amscb.com\/?p=2664\">MOMENTOS- IX Aniversario Agrupaci\u00f3n Musical Santo Cristo de la Bienaventuranza (Le\u00f3n)<\/a><\/h5><\/div><div class=\"ui--blog-content\">\nQui\u00e9n nos dir\u00eda hace nueve a\u00f1os que \u00edbamos a estar aqu\u00ed, as\u00ed.Qui\u00e9n nos dir\u00eda que cambiar\u00edamos de escenario, que vivir\u00edamos lo que estamos viviendo y que celebrar\u00edamos as\u00ed nuestro noveno cumplea\u00f1os.Porque a\u00fan sin creernoslo estamos haciendo historia, pero para historia la que venimos creando todos estos a\u00f1os.Por eso, y como ...<\/div><div class=\"ui--blog-readmore more-link\"><a class=\"btn btn-small btn-secondary muted\" href=\"https:\/\/amscb.com\/?p=2664\">Seguir leyendo<\/a><\/div><\/div><\/div><div class=\"ui--blog-item ui--animation ui--accent-gradient-hover-parent clearfix layout--mini\"><div class=\"ui--blog-side ui--blog-date ui--accent-gradient-hover-parent ui--box\"><h3><span class=\"ui--blog-date-day ui--accent-gradient-hover\">22<\/span><\/h3><h6 class=\"ui--blog-date-month ui--gradient ui--gradient-grey\"><span>Nov<\/span><\/h6><\/div><div class=\"ui--blog-content-wrapper\"><div class=\"ui--blog-header\"><h5 class=\"ui--blog-title entry-title\"><a class=\"ui--blog-link\" href=\"https:\/\/amscb.com\/?p=2651\">SANTA CECILIA 2020<\/a><\/h5><\/div><div class=\"ui--blog-content\">\n\u00a1Feliz Santa Cecilia, m\u00fasicos!\n\n\n\n\nhttps:\/\/youtu.be\/vQNCenttvvI\n\n <\/div><div class=\"ui--blog-readmore more-link\"><a class=\"btn btn-small btn-secondary muted\" href=\"https:\/\/amscb.com\/?p=2651\">Seguir leyendo<\/a><\/div><\/div><\/div><div class=\"ui--blog-item ui--animation ui--accent-gradient-hover-parent clearfix layout--mini\"><div class=\"ui--blog-side ui--blog-date ui--accent-gradient-hover-parent ui--box\"><h3><span class=\"ui--blog-date-day ui--accent-gradient-hover\">25<\/span><\/h3><h6 class=\"ui--blog-date-month ui--gradient ui--gradient-grey\"><span>Sep<\/span><\/h6><\/div><div class=\"ui--blog-content-wrapper\"><div class=\"ui--blog-header\"><h5 class=\"ui--blog-title entry-title\"><a class=\"ui--blog-link\" href=\"https:\/\/amscb.com\/?p=2646\">ACUERDO CON LA HERMANDAD DE JES\u00daS DESPOJADO PARA DOMINGO DE RAMOS 2021<\/a><\/h5><\/div><div class=\"ui--blog-content\">\nPor tercer a\u00f1o consecutivo se ha hecho efectiva la uni\u00f3n de la Hermandad de Jes\u00fas Despojado de sus Vestiduras, Mar\u00eda Sant\u00edsima de la Paz y Esperanza y San Juan Evangelista con la Agrupaci\u00f3n Musical Santo Cristo de la Bienaventuranza.\u00a0 \n\n\n\nSi la situaci\u00f3n lo permite, nos desplazaremos a Alcal\u00e1 de Henares ...<\/div><div class=\"ui--blog-readmore more-link\"><a class=\"btn btn-small btn-secondary muted\" href=\"https:\/\/amscb.com\/?p=2646\">Seguir leyendo<\/a><\/div><\/div><\/div><div class=\"ui--blog-item ui--animation ui--accent-gradient-hover-parent clearfix layout--mini\"><div class=\"ui--blog-side ui--blog-date ui--accent-gradient-hover-parent ui--box\"><h3><span class=\"ui--blog-date-day ui--accent-gradient-hover\">22<\/span><\/h3><h6 class=\"ui--blog-date-month ui--gradient ui--gradient-grey\"><span>Jun<\/span><\/h6><\/div><div class=\"ui--blog-content-wrapper\"><div class=\"ui--blog-header\"><h5 class=\"ui--blog-title entry-title\"><a class=\"ui--blog-link\" href=\"https:\/\/amscb.com\/?p=2639\">Ha llegado la hora&#8230;<\/a><\/h5><\/div><div class=\"ui--blog-content\">\nOs presentamos un adelanto de la nueva composici\u00f3n  de David de la Cruz S\u00e1nchez dedicada a las v\u00edctimas de la COVID-19.\n\n\n\n\nhttps:\/\/www.youtube.com\/watch?v=WgWmSbbfWWM\n\n <\/div><div class=\"ui--blog-readmore more-link\"><a class=\"btn btn-small btn-secondary muted\" href=\"https:\/\/amscb.com\/?p=2639\">Seguir leyendo<\/a><\/div><\/div><\/div><div class=\"ui--blog-item ui--animation ui--accent-gradient-hover-parent clearfix layout--mini\"><div class=\"ui--blog-side ui--blog-date ui--accent-gradient-hover-parent ui--box\"><h3><span class=\"ui--blog-date-day ui--accent-gradient-hover\">28<\/span><\/h3><h6 class=\"ui--blog-date-month ui--gradient ui--gradient-grey\"><span>May<\/span><\/h6><\/div><div class=\"ui--blog-content-wrapper\"><div class=\"ui--blog-header\"><h5 class=\"ui--blog-title entry-title\"><a class=\"ui--blog-link\" href=\"https:\/\/amscb.com\/?p=2631\">LUTO NACIONAL<\/a><\/h5><\/div><div class=\"ui--blog-content\">\nEn memoria de todas las v\u00edctimas del Covid 19 nos unimos al luto nacional. Desde estas l\u00edneas queremos transmitir nuestras condolencias a los familiares y amigos que han sufrido de cerca esta pandemia.\ud83d\udcf8: Luis Reyero \n\n\n\n\n <\/div><div class=\"ui--blog-readmore more-link\"><a class=\"btn btn-small btn-secondary muted\" href=\"https:\/\/amscb.com\/?p=2631\">Seguir leyendo<\/a><\/div><\/div><\/div><div class=\"ui--blog-item ui--animation ui--accent-gradient-hover-parent clearfix layout--mini\"><div class=\"ui--blog-side ui--blog-date ui--accent-gradient-hover-parent ui--box\"><h3><span class=\"ui--blog-date-day ui--accent-gradient-hover\">16<\/span><\/h3><h6 class=\"ui--blog-date-month ui--gradient ui--gradient-grey\"><span>Abr<\/span><\/h6><\/div><div class=\"ui--blog-content-wrapper\"><div class=\"ui--blog-header\"><h5 class=\"ui--blog-title entry-title\"><a class=\"ui--blog-link\" href=\"https:\/\/amscb.com\/?p=2625\">ABIERTO PLAZO DE INSCRIPCI\u00d3N NUEVOS COMPONENTES<\/a><\/h5><\/div><div class=\"ui--blog-content\">\nComo cada a\u00f1o, pasada la Semana Santa, abrimos el plazo de inscripci\u00f3n para todo aquel que quiera unirse a nuestra agrupaci\u00f3n.  Este a\u00f1o, sin una fecha fija en la que poder realizar una reuni\u00f3n, os atenderemos en nuestra redes sociales con cualquier duda que teng\u00e1is:  \ud83d\udd35 Facebook: https:\/\/www.facebook.com\/amscbleon\/ ...<\/div><div class=\"ui--blog-readmore more-link\"><a class=\"btn btn-small btn-secondary muted\" href=\"https:\/\/amscb.com\/?p=2625\">Seguir leyendo<\/a><\/div><\/div><\/div><div class=\"ui--blog-item ui--animation ui--accent-gradient-hover-parent clearfix layout--mini\"><div class=\"ui--blog-side ui--blog-date ui--accent-gradient-hover-parent ui--box\"><h3><span class=\"ui--blog-date-day ui--accent-gradient-hover\">08<\/span><\/h3><h6 class=\"ui--blog-date-month ui--gradient ui--gradient-grey\"><span>Abr<\/span><\/h6><\/div><div class=\"ui--blog-content-wrapper\"><div class=\"ui--blog-header\"><h5 class=\"ui--blog-title entry-title\"><a class=\"ui--blog-link\" href=\"https:\/\/amscb.com\/?p=2616\">JUEVES SANTO 2020<\/a><\/h5><\/div><div class=\"ui--blog-content\">La noche m\u00e1s corta, y a la vez m\u00e1s larga para cada uno de los que formamos parte de la SCB... Ser\u00e1 un amanecer diferente, no podremos estar tras de Ti f\u00edsicamente, acompa\u00f1arte y dar sentido a casi 10 meses de ensayo, pero estamos seguros, que esto nos har\u00e1 m\u00e1s ...<\/div><div class=\"ui--blog-readmore more-link\"><a class=\"btn btn-small btn-secondary muted\" href=\"https:\/\/amscb.com\/?p=2616\">Seguir leyendo<\/a><\/div><\/div><\/div><div class=\"ui--blog-item ui--animation ui--accent-gradient-hover-parent clearfix layout--mini\"><div class=\"ui--blog-side ui--blog-date ui--accent-gradient-hover-parent ui--box\"><h3><span class=\"ui--blog-date-day ui--accent-gradient-hover\">02<\/span><\/h3><h6 class=\"ui--blog-date-month ui--gradient ui--gradient-grey\"><span>Abr<\/span><\/h6><\/div><div class=\"ui--blog-content-wrapper\"><div class=\"ui--blog-header\"><h5 class=\"ui--blog-title entry-title\"><a class=\"ui--blog-link\" href=\"https:\/\/amscb.com\/?p=2613\">QU\u00c9DATE EN CASA<\/a><\/h5><\/div><div class=\"ui--blog-content\">\u00bfQu\u00e9 tendr\u00e1 la m\u00fasica que une a las personas?\r\n\r\nNo son los diez d\u00edas m\u00e1gicos que todos hab\u00edamos so\u00f1ado, pero estamos seguros, que juntos, volveremos a disfrutar de esta bendita pasi\u00f3n.\r\n\r\n#quedateencasa #semanasanta2020\r\n\r\n\ufeff <\/div><div class=\"ui--blog-readmore more-link\"><a class=\"btn btn-small btn-secondary muted\" href=\"https:\/\/amscb.com\/?p=2613\">Seguir leyendo<\/a><\/div><\/div><\/div><div class=\"ui--blog-item ui--animation ui--accent-gradient-hover-parent clearfix layout--mini\"><div class=\"ui--blog-side ui--blog-date ui--accent-gradient-hover-parent ui--box\"><h3><span class=\"ui--blog-date-day ui--accent-gradient-hover\">12<\/span><\/h3><h6 class=\"ui--blog-date-month ui--gradient ui--gradient-grey\"><span>Mar<\/span><\/h6><\/div><div class=\"ui--blog-content-wrapper\"><div class=\"ui--blog-header\"><h5 class=\"ui--blog-title entry-title\"><a class=\"ui--blog-link\" href=\"https:\/\/amscb.com\/?p=2604\">COMUNICADO OFICIAL<\/a><\/h5><\/div><div class=\"ui--blog-content\">Ante los recientes acontecimientos y por razones sanitarias nos hemos visto en la obligaci\u00f3n de suspender los ensayos de forma indefinida.\r\n\r\nNos entristece enormemente esta decisi\u00f3n a las puertas de la Semana Mayor, pero la Salud de nuestros componentes y sus familias prima por encima de todo.\r\nUn saludo.\r\n\r\n <\/div><div class=\"ui--blog-readmore more-link\"><a class=\"btn btn-small btn-secondary muted\" href=\"https:\/\/amscb.com\/?p=2604\">Seguir leyendo<\/a><\/div><\/div><\/div><div class=\"ui--blog-item ui--animation ui--accent-gradient-hover-parent clearfix layout--mini\"><div class=\"ui--blog-side ui--blog-date ui--accent-gradient-hover-parent ui--box\"><h3><span class=\"ui--blog-date-day ui--accent-gradient-hover\">02<\/span><\/h3><h6 class=\"ui--blog-date-month ui--gradient ui--gradient-grey\"><span>Mar<\/span><\/h6><\/div><div class=\"ui--blog-content-wrapper\"><div class=\"ui--blog-header\"><h5 class=\"ui--blog-title entry-title\"><a class=\"ui--blog-link\" href=\"https:\/\/amscb.com\/?p=2591\">ACTUACIONES 6 Y 8 DE MARZO.<\/a><\/h5><\/div><div class=\"ui--blog-content\">El pr\u00f3ximo fin de semana ser\u00e1n dos las actuaciones que realizaremos.\r\n\r\nEn primer lugar, el viernes 6 participaremos en la Jornada Ben\u00e9fica a favor de Alcer Le\u00f3n, que se celebrar\u00e1 en el sal\u00f3n de actos del Nuevo Recreo Industrial, situado en la plaza de San Marcelo. En evento comenzar\u00e1 a las ...<\/div><div class=\"ui--blog-readmore more-link\"><a class=\"btn btn-small btn-secondary muted\" href=\"https:\/\/amscb.com\/?p=2591\">Seguir leyendo<\/a><\/div><\/div><\/div><div class=\"ui--blog-item ui--animation ui--accent-gradient-hover-parent clearfix layout--mini\"><div class=\"ui--blog-side ui--blog-date ui--accent-gradient-hover-parent ui--box\"><h3><span class=\"ui--blog-date-day ui--accent-gradient-hover\">12<\/span><\/h3><h6 class=\"ui--blog-date-month ui--gradient ui--gradient-grey\"><span>Feb<\/span><\/h6><\/div><div class=\"ui--blog-content-wrapper\"><div class=\"ui--blog-header\"><h5 class=\"ui--blog-title entry-title\"><a class=\"ui--blog-link\" href=\"https:\/\/amscb.com\/?p=2584\">NUEVAS MARCHAS SEMANA SANTA 2020<\/a><\/h5><\/div><div class=\"ui--blog-content\">Os recordamos que siguen a la venta las entradas de nuestro concierto VIII aniversario. Las pod\u00e9is adquirir en la sede de nuestra cofrad\u00eda, situada en la Calle Cipriano de la Huerga, n\u00b010, de lunes a viernes en horario de 19:30 a 21:00. Tambi\u00e9n se podr\u00e1n comprar en nuestra nave de ...<\/div><div class=\"ui--blog-readmore more-link\"><a class=\"btn btn-small btn-secondary muted\" href=\"https:\/\/amscb.com\/?p=2584\">Seguir leyendo<\/a><\/div><\/div><\/div><div class=\"ui--blog-item ui--animation ui--accent-gradient-hover-parent clearfix layout--mini\"><div class=\"ui--blog-side ui--blog-date ui--accent-gradient-hover-parent ui--box\"><h3><span class=\"ui--blog-date-day ui--accent-gradient-hover\">07<\/span><\/h3><h6 class=\"ui--blog-date-month ui--gradient ui--gradient-grey\"><span>Feb<\/span><\/h6><\/div><div class=\"ui--blog-content-wrapper\"><div class=\"ui--blog-header\"><h5 class=\"ui--blog-title entry-title\"><a class=\"ui--blog-link\" href=\"https:\/\/amscb.com\/?p=2578\">CERTAMEN \u00abM\u00daSICA DE PASI\u00d3N\u00bb<\/a><\/h5><\/div><div class=\"ui--blog-content\">El pr\u00f3ximo s\u00e1bado 8 de Febrero nos desplazaremos a la localidad madrile\u00f1a de Alcal\u00e1 de Henares para participar en el Tercer Certamen de bandas \"M\u00fasica de pasi\u00f3n\" organizado por la Hermandad de Jes\u00fas Despojado, que tendr\u00e1 lugar en el auditorio del IES Antonio Machado a las 17:00h.\r\n\r\nEl repertorio que interpretaremos ...<\/div><div class=\"ui--blog-readmore more-link\"><a class=\"btn btn-small btn-secondary muted\" href=\"https:\/\/amscb.com\/?p=2578\">Seguir leyendo<\/a><\/div><\/div><\/div><div class=\"ui--blog-item ui--animation ui--accent-gradient-hover-parent clearfix layout--mini\"><div class=\"ui--blog-side ui--blog-date ui--accent-gradient-hover-parent ui--box\"><h3><span class=\"ui--blog-date-day ui--accent-gradient-hover\">06<\/span><\/h3><h6 class=\"ui--blog-date-month ui--gradient ui--gradient-grey\"><span>Feb<\/span><\/h6><\/div><div class=\"ui--blog-content-wrapper\"><div class=\"ui--blog-header\"><h5 class=\"ui--blog-title entry-title\"><a class=\"ui--blog-link\" href=\"https:\/\/amscb.com\/?p=2567\">CONCIERTO VIII ANIVERSARIO<\/a><\/h5><\/div><div class=\"ui--blog-content\">El pr\u00f3ximo s\u00e1bado, 15 de febrero, tendr\u00e1 lugar el concierto que conmemora el octavo aniversario de nuestra formaci\u00f3n. Ser\u00e1 en el interior de la capilla del Colegio Maristas San Jos\u00e9, situado en la Avenida de \u00c1lvaro L\u00f3pez N\u00fa\u00f1ez, a las 20:00h.\r\n\r\nUna cita a la que a\u00f1o tras a\u00f1o no queremos ...<\/div><div class=\"ui--blog-readmore more-link\"><a class=\"btn btn-small btn-secondary muted\" href=\"https:\/\/amscb.com\/?p=2567\">Seguir leyendo<\/a><\/div><\/div><\/div><div class=\"ui--blog-item ui--animation ui--accent-gradient-hover-parent clearfix layout--mini\"><div class=\"ui--blog-side ui--blog-date ui--accent-gradient-hover-parent ui--box\"><h3><span class=\"ui--blog-date-day ui--accent-gradient-hover\">03<\/span><\/h3><h6 class=\"ui--blog-date-month ui--gradient ui--gradient-grey\"><span>Ene<\/span><\/h6><\/div><div class=\"ui--blog-content-wrapper\"><div class=\"ui--blog-header\"><h5 class=\"ui--blog-title entry-title\"><a class=\"ui--blog-link\" href=\"https:\/\/amscb.com\/?p=2556\">ACTUACIONES NAVIDE\u00d1AS 4 Y 5 DE ENERO DE 2020<\/a><\/h5><\/div><div class=\"ui--blog-content\">Para poner fin a las navidades de este a\u00f1o nuestra agrupaci\u00f3n participar\u00e1 en distintos actos este fin de semana:\r\n\r\nS\u00c1BADO 4 de ENERO\r\n- Por la ma\u00f1ana estaremos animando a los mayores en la Residencia de ancianos \u201cVirgen del Camino\u201d (Av. San Mam\u00e9s, 8).\r\n\r\n- Por la tarde las calles de Le\u00f3n se ...<\/div><div class=\"ui--blog-readmore more-link\"><a class=\"btn btn-small btn-secondary muted\" href=\"https:\/\/amscb.com\/?p=2556\">Seguir leyendo<\/a><\/div><\/div><\/div><div class=\"ui--blog-item ui--animation ui--accent-gradient-hover-parent clearfix layout--mini\"><div class=\"ui--blog-side ui--blog-date ui--accent-gradient-hover-parent ui--box\"><h3><span class=\"ui--blog-date-day ui--accent-gradient-hover\">18<\/span><\/h3><h6 class=\"ui--blog-date-month ui--gradient ui--gradient-grey\"><span>Dic<\/span><\/h6><\/div><div class=\"ui--blog-content-wrapper\"><div class=\"ui--blog-header\"><h5 class=\"ui--blog-title entry-title\"><a class=\"ui--blog-link\" href=\"https:\/\/amscb.com\/?p=2552\">CONCIERTO BESAMANOS<\/a><\/h5><\/div><div class=\"ui--blog-content\">El pr\u00f3ximo s\u00e1bado d\u00eda 21 de diciembre acompa\u00f1aremos a la\u00a0Sacramental y Penitencial Cofrad\u00eda de Nuestro Padre Jes\u00fas Sacramentado y Mar\u00eda Sant\u00edsima de la Piedad, Amparo de los Leoneses en su besamanos.\r\nEl acto tendr\u00e1 lugar dentro de la iglesia de San Marcos tras la misa enmarcada dentro del triduo en honor ...<\/div><div class=\"ui--blog-readmore more-link\"><a class=\"btn btn-small btn-secondary muted\" href=\"https:\/\/amscb.com\/?p=2552\">Seguir leyendo<\/a><\/div><\/div><\/div><div class=\"ui--blog-item ui--animation ui--accent-gradient-hover-parent clearfix layout--mini\"><div class=\"ui--blog-side ui--blog-date ui--accent-gradient-hover-parent ui--box\"><h3><span class=\"ui--blog-date-day ui--accent-gradient-hover\">12<\/span><\/h3><h6 class=\"ui--blog-date-month ui--gradient ui--gradient-grey\"><span>Dic<\/span><\/h6><\/div><div class=\"ui--blog-content-wrapper\"><div class=\"ui--blog-header\"><h5 class=\"ui--blog-title entry-title\"><a class=\"ui--blog-link\" href=\"https:\/\/amscb.com\/?p=2548\">RECOGIDA DE ALIMENTOS Y PASACALLES 2019<\/a><\/h5><\/div><div class=\"ui--blog-content\">El pr\u00f3ximo s\u00e1bado, 14 de diciembre, recorreremos las calles del barrio del San Claudio recogiendo alimentos no perecederos, con salida a las 19:00 desde la Plaza de la P\u00edcara Justina, recorriendo las siguientes calles:\u00a0Conde Guill\u00e9n, Plaza El\u00edptica, Comandante Zorita, Covadonga, Monasterio, Plaza de los Doce M\u00e1rtires, Carmelo Rodr\u00edguez del Cueto, ...<\/div><div class=\"ui--blog-readmore more-link\"><a class=\"btn btn-small btn-secondary muted\" href=\"https:\/\/amscb.com\/?p=2548\">Seguir leyendo<\/a><\/div><\/div><\/div><div class=\"ui--blog-item ui--animation ui--accent-gradient-hover-parent clearfix layout--mini\"><div class=\"ui--blog-side ui--blog-date ui--accent-gradient-hover-parent ui--box\"><h3><span class=\"ui--blog-date-day ui--accent-gradient-hover\">22<\/span><\/h3><h6 class=\"ui--blog-date-month ui--gradient ui--gradient-grey\"><span>Nov<\/span><\/h6><\/div><div class=\"ui--blog-content-wrapper\"><div class=\"ui--blog-header\"><h5 class=\"ui--blog-title entry-title\"><a class=\"ui--blog-link\" href=\"https:\/\/amscb.com\/?p=2538\">FALLO DEL CONCURSO DE FOTOGRAF\u00cdA<\/a><\/h5><\/div><div class=\"ui--blog-content\">Reunido el Jurado para la concesi\u00f3n de los premios del Concurso de Fotograf\u00eda convocado por nuestra formaci\u00f3n, se lleg\u00f3 al siguiente fallo:\r\n\r\n-PRIMER PREMIO: Danilo Tarantino\r\n\r\n-SEGUNDO PREMIO: Miguel Seijas\r\n\r\n-TERCER PREMIO: Mois\u00e9s Garc\u00eda\r\n\r\nOtorgado en Le\u00f3n, a 22 de noviembre de 2019.\r\n\r\nRecordamos los premios fijados en las bases del concurso:\r\nLas 12 im\u00e1genes finalistas ...<\/div><div class=\"ui--blog-readmore more-link\"><a class=\"btn btn-small btn-secondary muted\" href=\"https:\/\/amscb.com\/?p=2538\">Seguir leyendo<\/a><\/div><\/div><\/div><div class=\"ui--blog-item ui--animation ui--accent-gradient-hover-parent clearfix layout--mini\"><div class=\"ui--blog-side ui--blog-date ui--accent-gradient-hover-parent ui--box\"><h3><span class=\"ui--blog-date-day ui--accent-gradient-hover\">20<\/span><\/h3><h6 class=\"ui--blog-date-month ui--gradient ui--gradient-grey\"><span>Nov<\/span><\/h6><\/div><div class=\"ui--blog-content-wrapper\"><div class=\"ui--blog-header\"><h5 class=\"ui--blog-title entry-title\"><a class=\"ui--blog-link\" href=\"https:\/\/amscb.com\/?p=2531\">CERTAMEN EN HONOR A SANTA CECILIA<\/a><\/h5><\/div><div class=\"ui--blog-content\">El pr\u00f3ximo domingo, 24 de noviembre, participaremos en el Tercer Certamen en honor a Santa Cecilia \u201cReino de Le\u00f3n\u201d, organizado por la Banda de Cornetas y Tambores Nuestra Se\u00f1ora de la Soledad.\r\n\r\nLa cita tendr\u00e1 lugar en el pabell\u00f3n del pol\u00edgono de La Torre a partir de las 17:30 horas con ...<\/div><div class=\"ui--blog-readmore more-link\"><a class=\"btn btn-small btn-secondary muted\" href=\"https:\/\/amscb.com\/?p=2531\">Seguir leyendo<\/a><\/div><\/div><\/div><div class=\"ui--blog-item ui--animation ui--accent-gradient-hover-parent clearfix layout--mini\"><div class=\"ui--blog-side ui--blog-date ui--accent-gradient-hover-parent ui--box\"><h3><span class=\"ui--blog-date-day ui--accent-gradient-hover\">20<\/span><\/h3><h6 class=\"ui--blog-date-month ui--gradient ui--gradient-grey\"><span>Oct<\/span><\/h6><\/div><div class=\"ui--blog-content-wrapper\"><div class=\"ui--blog-header\"><h5 class=\"ui--blog-title entry-title\"><a class=\"ui--blog-link\" href=\"https:\/\/amscb.com\/?p=2516\">SAN CLAUDIO 2019<\/a><\/h5><\/div><div class=\"ui--blog-content\">El pr\u00f3ximo domingo, 27 de octubre, participaremos en la celebraci\u00f3n de San Claudio y toma de posesi\u00f3n del hermano Juan Carlos Gonz\u00e1lez Marcos como abad para el pr\u00f3ximo bienio.\r\n\r\nLa jornada comenzar\u00e1 a las 11:00 con un pasacalles que partir\u00e1 de la sede de la cofrad\u00eda (c\/ Cipriano de la Huerga, ...<\/div><div class=\"ui--blog-readmore more-link\"><a class=\"btn btn-small btn-secondary muted\" href=\"https:\/\/amscb.com\/?p=2516\">Seguir leyendo<\/a><\/div><\/div><\/div><div class=\"ui--blog-item ui--animation ui--accent-gradient-hover-parent clearfix layout--mini\"><div class=\"ui--blog-side ui--blog-date ui--accent-gradient-hover-parent ui--box\"><h3><span class=\"ui--blog-date-day ui--accent-gradient-hover\">18<\/span><\/h3><h6 class=\"ui--blog-date-month ui--gradient ui--gradient-grey\"><span>Oct<\/span><\/h6><\/div><div class=\"ui--blog-content-wrapper\"><div class=\"ui--blog-header\"><h5 class=\"ui--blog-title entry-title\"><a class=\"ui--blog-link\" href=\"https:\/\/amscb.com\/?p=2506\">CONCURSO DE FOTOGRAF\u00cdA<\/a><\/h5><\/div><div class=\"ui--blog-content\">\r\n\r\nLa Agrupaci\u00f3n Musical Santo Cristo de la Bienaventuranza convoca, por segundo a\u00f1o consecutivo, el concurso fotogr\u00e1fico para seleccionar las 12 fotos que formar\u00e1n parte del calendario del a\u00f1o 2020.\r\n\r\nPresentamos las bases del concurso en el que, desde hoy, se puede participar.\r\n\r\nBASES CONCURSO FOTOGRAF\u00cdA\r\n\r\nCalendario AM SCB\r\n\r\n1. Participantes.-\r\n\r\nPodr\u00e1n concurrir a este certamen ...<\/div><div class=\"ui--blog-readmore more-link\"><a class=\"btn btn-small btn-secondary muted\" href=\"https:\/\/amscb.com\/?p=2506\">Seguir leyendo<\/a><\/div><\/div><\/div><div class=\"ui--blog-item ui--animation ui--accent-gradient-hover-parent clearfix layout--mini\"><div class=\"ui--blog-side ui--blog-date ui--accent-gradient-hover-parent ui--box\"><h3><span class=\"ui--blog-date-day ui--accent-gradient-hover\">16<\/span><\/h3><h6 class=\"ui--blog-date-month ui--gradient ui--gradient-grey\"><span>Oct<\/span><\/h6><\/div><div class=\"ui--blog-content-wrapper\"><div class=\"ui--blog-header\"><h5 class=\"ui--blog-title entry-title\"><a class=\"ui--blog-link\" href=\"https:\/\/amscb.com\/?p=2493\">ACUERDO CON LA HDAD. DE JES\u00daS DESPOJADO PARA EL DOMINGO DE RAMOS 2020<\/a><\/h5><\/div><div class=\"ui--blog-content\">\r\n\r\nEl pr\u00f3ximo Domingo de Ramos se har\u00e1 efectiva la uni\u00f3n, por segundo a\u00f1o consecutivo, de la\u00a0Hermandad de Jes\u00fas Despojado de sus Vestiduras, Mar\u00eda Sant\u00edsima de la Paz y Esperanza y San Juan Evangelista con la Agrupaci\u00f3n Musical Santo Cristo de la Bienaventuranza.\u00a0Participaremos, as\u00ed, en la estaci\u00f3n de penitencia de la ...<\/div><div class=\"ui--blog-readmore more-link\"><a class=\"btn btn-small btn-secondary muted\" href=\"https:\/\/amscb.com\/?p=2493\">Seguir leyendo<\/a><\/div><\/div><\/div><div class=\"ui--blog-item ui--animation ui--accent-gradient-hover-parent clearfix layout--mini\"><div class=\"ui--blog-side ui--blog-date ui--accent-gradient-hover-parent ui--box\"><h3><span class=\"ui--blog-date-day ui--accent-gradient-hover\">13<\/span><\/h3><h6 class=\"ui--blog-date-month ui--gradient ui--gradient-grey\"><span>Sep<\/span><\/h6><\/div><div class=\"ui--blog-content-wrapper\"><div class=\"ui--blog-header\"><h5 class=\"ui--blog-title entry-title\"><a class=\"ui--blog-link\" href=\"https:\/\/amscb.com\/?p=2481\">INICIO CURSO 2019\/2020<\/a><\/h5><\/div><div class=\"ui--blog-content\">&nbsp;\r\n\r\n&nbsp;\r\n\r\n\r\n\r\nEl pr\u00f3ximo martes, 17 de septiembre, la Agrupaci\u00f3n Musical Santo Cristo de la Bienaventuranza da inicio al curso 2019\/2020 reanudando los ensayos.\r\n\r\nEn la nave habitual \u2013situada en Le\u00f3n, al final de la calle Diego Yuste\u2013 a las 21:00 horas, se convoca a todos los componentes de la formaci\u00f3n y a ...<\/div><div class=\"ui--blog-readmore more-link\"><a class=\"btn btn-small btn-secondary muted\" href=\"https:\/\/amscb.com\/?p=2481\">Seguir leyendo<\/a><\/div><\/div><\/div><div class=\"ui--blog-item ui--animation ui--accent-gradient-hover-parent clearfix layout--mini\"><div class=\"ui--blog-side ui--blog-date ui--accent-gradient-hover-parent ui--box\"><h3><span class=\"ui--blog-date-day ui--accent-gradient-hover\">13<\/span><\/h3><h6 class=\"ui--blog-date-month ui--gradient ui--gradient-grey\"><span>Jun<\/span><\/h6><\/div><div class=\"ui--blog-content-wrapper\"><div class=\"ui--blog-header\"><h5 class=\"ui--blog-title entry-title\"><a class=\"ui--blog-link\" href=\"https:\/\/amscb.com\/?p=2476\">SOLEMNE TRASLADO PROCESIONAL DE NTRA. SRA. DE LA ESPERANZA Y DE NTRO. PADRE JES\u00daS DE LA ESPERANZA CAUTIVO ANTE AN\u00c1S<\/a><\/h5><\/div><div class=\"ui--blog-content\">Con motivo del vig\u00e9simo quinto aniversario fundacional de la\u00a0Sacramental y Penitencial Cofrad\u00eda de Nuestro Padre Jes\u00fas Sacramentado y Mar\u00eda Sant\u00edsima de la Piedad, Amparo de los Leoneses, el pr\u00f3ximo\u00a0domingo, 16 de junio, a las 11:00 horas, se realizar\u00e1 el solemne traslado procesional de\u00a0Nuestra Se\u00f1ora de la Esperanza y de Nuestro ...<\/div><div class=\"ui--blog-readmore more-link\"><a class=\"btn btn-small btn-secondary muted\" href=\"https:\/\/amscb.com\/?p=2476\">Seguir leyendo<\/a><\/div><\/div><\/div><div class=\"ui--blog-item ui--animation ui--accent-gradient-hover-parent clearfix layout--mini\"><div class=\"ui--blog-side ui--blog-date ui--accent-gradient-hover-parent ui--box\"><h3><span class=\"ui--blog-date-day ui--accent-gradient-hover\">22<\/span><\/h3><h6 class=\"ui--blog-date-month ui--gradient ui--gradient-grey\"><span>Abr<\/span><\/h6><\/div><div class=\"ui--blog-content-wrapper\"><div class=\"ui--blog-header\"><h5 class=\"ui--blog-title entry-title\"><a class=\"ui--blog-link\" href=\"https:\/\/amscb.com\/?p=2469\">REUNI\u00d3N INFORMATIVA PARA NUEVOS COMPONENTES<\/a><\/h5><\/div><div class=\"ui--blog-content\">\r\n\r\nEl pr\u00f3ximo jueves, 25 de abril, realizaremos una reuni\u00f3n informativa para todas las personas interesadas en formar parte de la agrupaci\u00f3n. Ser\u00e1 a las 21:00 horas en la sede de la Cofrad\u00eda Santo Cristo de la Bienaventuranza (c\/ Cipriano de la Huerga, 10). <\/div><div class=\"ui--blog-readmore more-link\"><a class=\"btn btn-small btn-secondary muted\" href=\"https:\/\/amscb.com\/?p=2469\">Seguir leyendo<\/a><\/div><\/div><\/div><div class=\"ui--blog-item ui--animation ui--accent-gradient-hover-parent clearfix layout--mini\"><div class=\"ui--blog-side ui--blog-date ui--accent-gradient-hover-parent ui--box\"><h3><span class=\"ui--blog-date-day ui--accent-gradient-hover\">17<\/span><\/h3><h6 class=\"ui--blog-date-month ui--gradient ui--gradient-grey\"><span>Abr<\/span><\/h6><\/div><div class=\"ui--blog-content-wrapper\"><div class=\"ui--blog-header\"><h5 class=\"ui--blog-title entry-title\"><a class=\"ui--blog-link\" href=\"https:\/\/amscb.com\/?p=2464\">LA BIENAVENTURANZA \u00abDONA VIDA\u00bb<\/a><\/h5><\/div><div class=\"ui--blog-content\">Hoy, Mi\u00e9rcoles Santo, participaremos en el encendido del cirio votivo con el lema \"Dona Vida\" que procesionar\u00e1 en la ma\u00f1ana de Jueves Santo en el paso del Santo Cristo de la Bienaventuranza.\r\n\r\nEl acto, organizado por la Cofrad\u00eda Santo Cristo de la Bienaventuranza de Le\u00f3n, tendr\u00e1 lugar en el patio del ...<\/div><div class=\"ui--blog-readmore more-link\"><a class=\"btn btn-small btn-secondary muted\" href=\"https:\/\/amscb.com\/?p=2464\">Seguir leyendo<\/a><\/div><\/div><\/div><div class=\"ui--blog-item ui--animation ui--accent-gradient-hover-parent clearfix layout--mini\"><div class=\"ui--blog-side ui--blog-date ui--accent-gradient-hover-parent ui--box\"><h3><span class=\"ui--blog-date-day ui--accent-gradient-hover\">13<\/span><\/h3><h6 class=\"ui--blog-date-month ui--gradient ui--gradient-grey\"><span>Abr<\/span><\/h6><\/div><div class=\"ui--blog-content-wrapper\"><div class=\"ui--blog-header\"><h5 class=\"ui--blog-title entry-title\"><a class=\"ui--blog-link\" href=\"https:\/\/amscb.com\/?p=2454\">DOMINGO DE RAMOS CON JES\u00daS DESPOJADO DE ALCAL\u00c1 DE HENARES<\/a><\/h5><\/div><div class=\"ui--blog-content\">El Domingo de Ramos formaremos parte de la estaci\u00f3n de penitencia que realiza la Hermandad de Jes\u00fas Despojado de sus Vestiduras, Mar\u00eda Sant\u00edsima de la Paz y Esperanza y San Juan Evangelista\u00a0de Alcal\u00e1 de Henares, siendo el acompa\u00f1amiento musical de Jes\u00fas Despojado de sus Vestiduras.\r\n\r\nLa estaci\u00f3n de penitencia del 14 ...<\/div><div class=\"ui--blog-readmore more-link\"><a class=\"btn btn-small btn-secondary muted\" href=\"https:\/\/amscb.com\/?p=2454\">Seguir leyendo<\/a><\/div><\/div><\/div><div class=\"ui--blog-item ui--animation ui--accent-gradient-hover-parent clearfix layout--mini\"><div class=\"ui--blog-side ui--blog-date ui--accent-gradient-hover-parent ui--box\"><h3><span class=\"ui--blog-date-day ui--accent-gradient-hover\">12<\/span><\/h3><h6 class=\"ui--blog-date-month ui--gradient ui--gradient-grey\"><span>Abr<\/span><\/h6><\/div><div class=\"ui--blog-content-wrapper\"><div class=\"ui--blog-header\"><h5 class=\"ui--blog-title entry-title\"><a class=\"ui--blog-link\" href=\"https:\/\/amscb.com\/?p=2444\">PROCESIONES Y PASOS SEMANA SANTA 2019<\/a><\/h5><\/div><div class=\"ui--blog-content\">Lleg\u00f3 el momento de vivir la semana m\u00e1s emotiva del a\u00f1o, la que nos une y da sentido al trabajo realizado desde septiembre. Las procesiones en las que participamos y los pasos a los que tenemos el honor de acompa\u00f1ar en la Semana Santa de 2019 son los siguientes:\r\n\r\n\r\n\r\n \tS\u00e1bado ...<\/div><div class=\"ui--blog-readmore more-link\"><a class=\"btn btn-small btn-secondary muted\" href=\"https:\/\/amscb.com\/?p=2444\">Seguir leyendo<\/a><\/div><\/div><\/div><div class=\"ui--blog-item ui--animation ui--accent-gradient-hover-parent clearfix layout--mini\"><div class=\"ui--blog-side ui--blog-date ui--accent-gradient-hover-parent ui--box\"><h3><span class=\"ui--blog-date-day ui--accent-gradient-hover\">28<\/span><\/h3><h6 class=\"ui--blog-date-month ui--gradient ui--gradient-grey\"><span>Mar<\/span><\/h6><\/div><div class=\"ui--blog-content-wrapper\"><div class=\"ui--blog-header\"><h5 class=\"ui--blog-title entry-title\"><a class=\"ui--blog-link\" href=\"https:\/\/amscb.com\/?p=2438\">ACTUACI\u00d3N EN LA INAUGURACI\u00d3N DE \u00abPASSIO\u00bb Y CASA GALICIA<\/a><\/h5><\/div><div class=\"ui--blog-content\">\r\n\r\n&nbsp;\r\n\r\nEl viernes, 29 de marzo, estaremos presentes en la inauguraci\u00f3n de Passio, hacia el Museo de la Semana Santa\u00a0\u2014una iniciativa de la Junta Mayor de la Semana Santa leonesa y del Ayuntamiento de Le\u00f3n, en la que se exponen 28 pasos\u00a0y diferentes enseres de todas las Cofrad\u00edas y Hermandades de ...<\/div><div class=\"ui--blog-readmore more-link\"><a class=\"btn btn-small btn-secondary muted\" href=\"https:\/\/amscb.com\/?p=2438\">Seguir leyendo<\/a><\/div><\/div><\/div><div class=\"ui--blog-item ui--animation ui--accent-gradient-hover-parent clearfix layout--mini\"><div class=\"ui--blog-side ui--blog-date ui--accent-gradient-hover-parent ui--box\"><h3><span class=\"ui--blog-date-day ui--accent-gradient-hover\">13<\/span><\/h3><h6 class=\"ui--blog-date-month ui--gradient ui--gradient-grey\"><span>Mar<\/span><\/h6><\/div><div class=\"ui--blog-content-wrapper\"><div class=\"ui--blog-header\"><h5 class=\"ui--blog-title entry-title\"><a class=\"ui--blog-link\" href=\"https:\/\/amscb.com\/?p=2432\">CERTAMEN EN ALCAL\u00c1 DE HENARES<\/a><\/h5><\/div><div class=\"ui--blog-content\">\r\n\r\nEl pr\u00f3ximo s\u00e1bado, 16 de marzo, participaremos en el certamen de bandas M\u00fasica de Pasi\u00f3n que organiza la Hermandad\u00a0de Jes\u00fas Despojado de sus Vestiduras, Mar\u00eda Sant\u00edsima de la Paz y Esperanza y San Juan Evangelista de Alcal\u00e1 de Henares. Participan tambi\u00e9n la Banda de cornetas y tambores El Prado-La Pasi\u00f3n ...<\/div><div class=\"ui--blog-readmore more-link\"><a class=\"btn btn-small btn-secondary muted\" href=\"https:\/\/amscb.com\/?p=2432\">Seguir leyendo<\/a><\/div><\/div><\/div><div class=\"ui--blog-item ui--animation ui--accent-gradient-hover-parent clearfix layout--mini\"><div class=\"ui--blog-side ui--blog-date ui--accent-gradient-hover-parent ui--box\"><h3><span class=\"ui--blog-date-day ui--accent-gradient-hover\">06<\/span><\/h3><h6 class=\"ui--blog-date-month ui--gradient ui--gradient-grey\"><span>Mar<\/span><\/h6><\/div><div class=\"ui--blog-content-wrapper\"><div class=\"ui--blog-header\"><h5 class=\"ui--blog-title entry-title\"><a class=\"ui--blog-link\" href=\"https:\/\/amscb.com\/?p=2424\">CONCIERTO ENTRECULTURAS POR \u00abLA LUZ DE LAS NI\u00d1AS\u00bb<\/a><\/h5><\/div><div class=\"ui--blog-content\">El pr\u00f3ximo viernes, 8 de marzo, participaremos en el primer concierto Entreculturas por La luz de las ni\u00f1as que tendr\u00e1 lugar en la parroquia de El Salvador (paseo Quintanilla, 31), a las 21:00 horas. La entrada es gratuita y libre hasta completar aforo. Participa tambi\u00e9n la Agrupaci\u00f3n Musical de la ...<\/div><div class=\"ui--blog-readmore more-link\"><a class=\"btn btn-small btn-secondary muted\" href=\"https:\/\/amscb.com\/?p=2424\">Seguir leyendo<\/a><\/div><\/div><\/div><div class=\"ui--blog-item ui--animation ui--accent-gradient-hover-parent clearfix layout--mini\"><div class=\"ui--blog-side ui--blog-date ui--accent-gradient-hover-parent ui--box\"><h3><span class=\"ui--blog-date-day ui--accent-gradient-hover\">27<\/span><\/h3><h6 class=\"ui--blog-date-month ui--gradient ui--gradient-grey\"><span>Feb<\/span><\/h6><\/div><div class=\"ui--blog-content-wrapper\"><div class=\"ui--blog-header\"><h5 class=\"ui--blog-title entry-title\"><a class=\"ui--blog-link\" href=\"https:\/\/amscb.com\/?p=2410\">COMUNICADO OFICIAL<\/a><\/h5><\/div><div class=\"ui--blog-content\">El pr\u00f3ximo Viernes Santo no acompa\u00f1aremos a la Cofrad\u00eda del Dulce Nombre de Jes\u00fas Nazareno de Le\u00f3n en la Procesi\u00f3n de los Pasos por motivos totalmente ajenos a nuestra formaci\u00f3n.\r\n\r\nSe pone fin, de esta forma, a una andadura conjunta desde la Semana Santa de 2013, en la que hemos tenido ...<\/div><div class=\"ui--blog-readmore more-link\"><a class=\"btn btn-small btn-secondary muted\" href=\"https:\/\/amscb.com\/?p=2410\">Seguir leyendo<\/a><\/div><\/div><\/div><div class=\"ui--blog-item ui--animation ui--accent-gradient-hover-parent clearfix layout--mini\"><div class=\"ui--blog-side ui--blog-date ui--accent-gradient-hover-parent ui--box\"><h3><span class=\"ui--blog-date-day ui--accent-gradient-hover\">06<\/span><\/h3><h6 class=\"ui--blog-date-month ui--gradient ui--gradient-grey\"><span>Feb<\/span><\/h6><\/div><div class=\"ui--blog-content-wrapper\"><div class=\"ui--blog-header\"><h5 class=\"ui--blog-title entry-title\"><a class=\"ui--blog-link\" href=\"https:\/\/amscb.com\/?p=2402\">\u00abLA LUZ DE LA ESPERANZA\u00bb PARA DONANTES DE \u00d3RGANOS Y TRASPLANTADOS<\/a><\/h5><\/div><div class=\"ui--blog-content\">El pasado s\u00e1bado present\u00e1bamos en Le\u00f3n, en el concierto conmemorativo del s\u00e9ptimo aniversario de la formaci\u00f3n, la marcha La Luz de la Esperanza compuesta por Manuel Jes\u00fas Gonz\u00e1lez Hern\u00e1ndez.\r\n\r\nhttps:\/\/www.youtube.com\/watch?v=mHMudQbs-Jc\r\n\r\nHace unos meses, el m\u00fasico, compositor sevillano y amigo \u2014autor de varias marchas propias para nuestra agrupaci\u00f3n, como Bienaventurados, Al Abad de ...<\/div><div class=\"ui--blog-readmore more-link\"><a class=\"btn btn-small btn-secondary muted\" href=\"https:\/\/amscb.com\/?p=2402\">Seguir leyendo<\/a><\/div><\/div><\/div><div class=\"ui--blog-item ui--animation ui--accent-gradient-hover-parent clearfix layout--mini\"><div class=\"ui--blog-side ui--blog-date ui--accent-gradient-hover-parent ui--box\"><h3><span class=\"ui--blog-date-day ui--accent-gradient-hover\">31<\/span><\/h3><h6 class=\"ui--blog-date-month ui--gradient ui--gradient-grey\"><span>Ene<\/span><\/h6><\/div><div class=\"ui--blog-content-wrapper\"><div class=\"ui--blog-header\"><h5 class=\"ui--blog-title entry-title\"><a class=\"ui--blog-link\" href=\"https:\/\/amscb.com\/?p=2390\">PEREGRINACI\u00d3N AL ROC\u00cdO Y CONCIERTO ANTE EL DIVINO PERD\u00d3N<\/a><\/h5><\/div><div class=\"ui--blog-content\">\r\n\r\nEl s\u00e1bado, 9 de febrero, la Cofrad\u00eda Santo Cristo de la Bienaventuranza peregrinar\u00e1 al\u00a0Santuario de Nuestra Se\u00f1ora del Roc\u00edo\u00a0\u2014uno de los mayores epicentros de devoci\u00f3n mariana del mundo situado en Almonte (Huelva)\u2014. As\u00ed, los d\u00edas 9 y 10 de febrero permaneceremos, junto a la Cofrad\u00eda, en Andaluc\u00eda para participar en ...<\/div><div class=\"ui--blog-readmore more-link\"><a class=\"btn btn-small btn-secondary muted\" href=\"https:\/\/amscb.com\/?p=2390\">Seguir leyendo<\/a><\/div><\/div><\/div><div class=\"ui--blog-item ui--animation ui--accent-gradient-hover-parent clearfix layout--mini\"><div class=\"ui--blog-side ui--blog-date ui--accent-gradient-hover-parent ui--box\"><h3><span class=\"ui--blog-date-day ui--accent-gradient-hover\">25<\/span><\/h3><h6 class=\"ui--blog-date-month ui--gradient ui--gradient-grey\"><span>Ene<\/span><\/h6><\/div><div class=\"ui--blog-content-wrapper\"><div class=\"ui--blog-header\"><h5 class=\"ui--blog-title entry-title\"><a class=\"ui--blog-link\" href=\"https:\/\/amscb.com\/?p=2384\">CONCIERTO VII ANIVERSARIO<\/a><\/h5><\/div><div class=\"ui--blog-content\">El pr\u00f3ximo s\u00e1bado, 2 de febrero, tendr\u00e1 lugar el concierto que conmemora el s\u00e9ptimo aniversario de nuestra formaci\u00f3n. Ser\u00e1 en el interior de la parroquia de Nuestra Se\u00f1ora del Mercado, a las 20:45 horas. Una cita siempre especial para nosotros, m\u00e1s si cabe al hacerlo en este privilegiado espacio, junto ...<\/div><div class=\"ui--blog-readmore more-link\"><a class=\"btn btn-small btn-secondary muted\" href=\"https:\/\/amscb.com\/?p=2384\">Seguir leyendo<\/a><\/div><\/div><\/div><div class=\"ui--blog-item ui--animation ui--accent-gradient-hover-parent clearfix layout--mini\"><div class=\"ui--blog-side ui--blog-date ui--accent-gradient-hover-parent ui--box\"><h3><span class=\"ui--blog-date-day ui--accent-gradient-hover\">21<\/span><\/h3><h6 class=\"ui--blog-date-month ui--gradient ui--gradient-grey\"><span>Dic<\/span><\/h6><\/div><div class=\"ui--blog-content-wrapper\"><div class=\"ui--blog-header\"><h5 class=\"ui--blog-title entry-title\"><a class=\"ui--blog-link\" href=\"https:\/\/amscb.com\/?p=2377\">PASACALLES NAVIDE\u00d1O 2018<\/a><\/h5><\/div><div class=\"ui--blog-content\">El pr\u00f3ximo domingo, 23 de diciembre, realizaremos un pasacalles navide\u00f1o desde la plaza de San Isidoro\u00a0\u201319:00 horas\u2013\u00a0hacia calle el Cid, calle Ancha, plaza de San Marcelo, finalizando en la plaza de las Cortes Leonesas.\r\n\r\nFeliz Navidad y pr\u00f3spero A\u00f1o Nuevo.\r\n\r\n <\/div><div class=\"ui--blog-readmore more-link\"><a class=\"btn btn-small btn-secondary muted\" href=\"https:\/\/amscb.com\/?p=2377\">Seguir leyendo<\/a><\/div><\/div><\/div><div class=\"ui--blog-item ui--animation ui--accent-gradient-hover-parent clearfix layout--mini\"><div class=\"ui--blog-side ui--blog-date ui--accent-gradient-hover-parent ui--box\"><h3><span class=\"ui--blog-date-day ui--accent-gradient-hover\">12<\/span><\/h3><h6 class=\"ui--blog-date-month ui--gradient ui--gradient-grey\"><span>Dic<\/span><\/h6><\/div><div class=\"ui--blog-content-wrapper\"><div class=\"ui--blog-header\"><h5 class=\"ui--blog-title entry-title\"><a class=\"ui--blog-link\" href=\"https:\/\/amscb.com\/?p=2367\">RECOGIDA DE ALIMENTOS Y PASACALLES EN \u00abUNA NAVIDAD DE CUENTO\u00bb<\/a><\/h5><\/div><div class=\"ui--blog-content\">El pr\u00f3ximo s\u00e1bado, 15 de diciembre, recorreremos las calles del barrio del San Claudio recogiendo alimentos no perecederos. Comenzaremos a las 19:00 horas desde la plaza de la P\u00edcara Justina finalizando en la parroquia, donde continuar\u00e1 la jornada con\u00a0la actuaci\u00f3n del Aula Coral del Colegio de San Claudio, y una ...<\/div><div class=\"ui--blog-readmore more-link\"><a class=\"btn btn-small btn-secondary muted\" href=\"https:\/\/amscb.com\/?p=2367\">Seguir leyendo<\/a><\/div><\/div><\/div><div class=\"ui--blog-item ui--animation ui--accent-gradient-hover-parent clearfix layout--mini\"><div class=\"ui--blog-side ui--blog-date ui--accent-gradient-hover-parent ui--box\"><h3><span class=\"ui--blog-date-day ui--accent-gradient-hover\">30<\/span><\/h3><h6 class=\"ui--blog-date-month ui--gradient ui--gradient-grey\"><span>Nov<\/span><\/h6><\/div><div class=\"ui--blog-content-wrapper\"><div class=\"ui--blog-header\"><h5 class=\"ui--blog-title entry-title\"><a class=\"ui--blog-link\" href=\"https:\/\/amscb.com\/?p=2362\">CALENDARIO 2019 A LA VENTA<\/a><\/h5><\/div><div class=\"ui--blog-content\">\r\n\r\nA partir del pr\u00f3ximo lunes, 3 de diciembre, se podr\u00e1 adquirir el calendario de la agrupaci\u00f3n para el a\u00f1o 2019\u00a0\u2013ilustrado por las doce im\u00e1genes ganadoras del concurso de fotograf\u00eda\u2013.\r\n\r\nEstar\u00e1 disponible en la sede de la Cofrad\u00eda Santo Cristo de la Bienaventuranza (c\/ Cipriano de la Huerga, 10) a un precio ...<\/div><div class=\"ui--blog-readmore more-link\"><a class=\"btn btn-small btn-secondary muted\" href=\"https:\/\/amscb.com\/?p=2362\">Seguir leyendo<\/a><\/div><\/div><\/div><div class=\"ui--blog-item ui--animation ui--accent-gradient-hover-parent clearfix layout--mini\"><div class=\"ui--blog-side ui--blog-date ui--accent-gradient-hover-parent ui--box\"><h3><span class=\"ui--blog-date-day ui--accent-gradient-hover\">21<\/span><\/h3><h6 class=\"ui--blog-date-month ui--gradient ui--gradient-grey\"><span>Nov<\/span><\/h6><\/div><div class=\"ui--blog-content-wrapper\"><div class=\"ui--blog-header\"><h5 class=\"ui--blog-title entry-title\"><a class=\"ui--blog-link\" href=\"https:\/\/amscb.com\/?p=2352\">CERTAMEN EN HONOR A SANTA CECILIA<\/a><\/h5><\/div><div class=\"ui--blog-content\">El pr\u00f3ximo domingo, 25 de noviembre, participaremos en el Certamen en honor a Santa Cecilia \"Reino de Le\u00f3n\", organizado por la Asociaci\u00f3n Cultural Nuestra Se\u00f1ora de la Soledad y la Hermandad de Santa Marta y Sagrada Cena.\r\n\r\nLa cita tendr\u00e1 lugar en el pabell\u00f3n La Torre a partir de las 17:30 ...<\/div><div class=\"ui--blog-readmore more-link\"><a class=\"btn btn-small btn-secondary muted\" href=\"https:\/\/amscb.com\/?p=2352\">Seguir leyendo<\/a><\/div><\/div><\/div><div class=\"ui--blog-item ui--animation ui--accent-gradient-hover-parent clearfix layout--mini\"><div class=\"ui--blog-side ui--blog-date ui--accent-gradient-hover-parent ui--box\"><h3><span class=\"ui--blog-date-day ui--accent-gradient-hover\">20<\/span><\/h3><h6 class=\"ui--blog-date-month ui--gradient ui--gradient-grey\"><span>Nov<\/span><\/h6><\/div><div class=\"ui--blog-content-wrapper\"><div class=\"ui--blog-header\"><h5 class=\"ui--blog-title entry-title\"><a class=\"ui--blog-link\" href=\"https:\/\/amscb.com\/?p=2345\">FALLO DEL CONCURSO DE FOTOGRAF\u00cdA<\/a><\/h5><\/div><div class=\"ui--blog-content\">\r\n\r\nReunido el Jurado para la concesi\u00f3n de los premios del Concurso de Fotograf\u00eda convocado por nuestra formaci\u00f3n y habi\u00e9ndose presentado ochenta fotograf\u00edas al concurso, se lleg\u00f3 al siguiente fallo:\r\n\r\n \t\r\nPrimer premio: D. Mois\u00e9s Garc\u00eda.\r\n\r\n \t\r\nSegundo premio: D. Javier Juan Rodr\u00edguez.\r\n\r\n \t\r\nTercer premio: D. Miguel Seijas.\r\n\r\n \t\r\nCuarto premio: D. \u00d3scar Moure.\r\n\r\n ...<\/div><div class=\"ui--blog-readmore more-link\"><a class=\"btn btn-small btn-secondary muted\" href=\"https:\/\/amscb.com\/?p=2345\">Seguir leyendo<\/a><\/div><\/div><\/div><div class=\"ui--blog-item ui--animation ui--accent-gradient-hover-parent clearfix layout--mini\"><div class=\"ui--blog-side ui--blog-date ui--accent-gradient-hover-parent ui--box\"><h3><span class=\"ui--blog-date-day ui--accent-gradient-hover\">31<\/span><\/h3><h6 class=\"ui--blog-date-month ui--gradient ui--gradient-grey\"><span>Oct<\/span><\/h6><\/div><div class=\"ui--blog-content-wrapper\"><div class=\"ui--blog-header\"><h5 class=\"ui--blog-title entry-title\"><a class=\"ui--blog-link\" href=\"https:\/\/amscb.com\/?p=2334\">CONCURSO DE FOTOGRAF\u00cdA<\/a><\/h5><\/div><div class=\"ui--blog-content\">\r\n\r\nLa Agrupaci\u00f3n Musical Santo Cristo de la Bienaventuranza convoca su primer concurso fotogr\u00e1fico del que saldr\u00e1n las 12 im\u00e1genes que ilustrar\u00e1n el calendario 2019 de la agrupaci\u00f3n y que estar\u00e1 a la venta a principios del mes de diciembre.\r\n\r\nPresentamos las bases del concurso en el que, desde hoy, se puede ...<\/div><div class=\"ui--blog-readmore more-link\"><a class=\"btn btn-small btn-secondary muted\" href=\"https:\/\/amscb.com\/?p=2334\">Seguir leyendo<\/a><\/div><\/div><\/div><div class=\"ui--blog-item ui--animation ui--accent-gradient-hover-parent clearfix layout--mini\"><div class=\"ui--blog-side ui--blog-date ui--accent-gradient-hover-parent ui--box\"><h3><span class=\"ui--blog-date-day ui--accent-gradient-hover\">24<\/span><\/h3><h6 class=\"ui--blog-date-month ui--gradient ui--gradient-grey\"><span>Oct<\/span><\/h6><\/div><div class=\"ui--blog-content-wrapper\"><div class=\"ui--blog-header\"><h5 class=\"ui--blog-title entry-title\"><a class=\"ui--blog-link\" href=\"https:\/\/amscb.com\/?p=2329\">FESTIVIDAD DE SAN CLAUDIO 2018<\/a><\/h5><\/div><div class=\"ui--blog-content\">\r\n\r\nEl pr\u00f3ximo domingo, 28 de octubre, participaremos en la festividad de la Cofrad\u00eda celebrando el d\u00eda del santo leon\u00e9s que da nombre a la parroquia.\r\n\r\nLa jornada comenzar\u00e1 a las 10:30 horas a la puerta de nuestra sede (calle\u00a0Cipriano de la Huerga, n\u00ba 10) donde dar\u00e1 comienzo un pasacalles recorriendo diversas ...<\/div><div class=\"ui--blog-readmore more-link\"><a class=\"btn btn-small btn-secondary muted\" href=\"https:\/\/amscb.com\/?p=2329\">Seguir leyendo<\/a><\/div><\/div><\/div><div class=\"ui--blog-item ui--animation ui--accent-gradient-hover-parent clearfix layout--mini\"><div class=\"ui--blog-side ui--blog-date ui--accent-gradient-hover-parent ui--box\"><h3><span class=\"ui--blog-date-day ui--accent-gradient-hover\">27<\/span><\/h3><h6 class=\"ui--blog-date-month ui--gradient ui--gradient-grey\"><span>Sep<\/span><\/h6><\/div><div class=\"ui--blog-content-wrapper\"><div class=\"ui--blog-header\"><h5 class=\"ui--blog-title entry-title\"><a class=\"ui--blog-link\" href=\"https:\/\/amscb.com\/?p=2321\">PEREGRINACI\u00d3N A LA VIRGEN DEL CAMINO<\/a><\/h5><\/div><div class=\"ui--blog-content\">\r\n\r\nEl pr\u00f3ximo s\u00e1bado, 29 de septiembre, acompa\u00f1aremos a Nuestra Madre de la Piedad en la peregrinaci\u00f3n a la Virgen del Camino que se celebrar\u00e1 con motivo\u00a0 de la clausura de los actos del vig\u00e9simo aniversario de la imagen.\r\n\r\nLa peregrinaci\u00f3n se iniciar\u00e1 a las 19:00 horas desde el Humilladero, finalizando en ...<\/div><div class=\"ui--blog-readmore more-link\"><a class=\"btn btn-small btn-secondary muted\" href=\"https:\/\/amscb.com\/?p=2321\">Seguir leyendo<\/a><\/div><\/div><\/div><div class=\"ui--blog-item ui--animation ui--accent-gradient-hover-parent clearfix layout--mini\"><div class=\"ui--blog-side ui--blog-date ui--accent-gradient-hover-parent ui--box\"><h3><span class=\"ui--blog-date-day ui--accent-gradient-hover\">13<\/span><\/h3><h6 class=\"ui--blog-date-month ui--gradient ui--gradient-grey\"><span>Sep<\/span><\/h6><\/div><div class=\"ui--blog-content-wrapper\"><div class=\"ui--blog-header\"><h5 class=\"ui--blog-title entry-title\"><a class=\"ui--blog-link\" href=\"https:\/\/amscb.com\/?p=2315\">PROCESI\u00d3N DEL BENDITO CRISTO DE LOS AFLIGIDOS DE ASTORGA<\/a><\/h5><\/div><div class=\"ui--blog-content\">Con motivo de la festividad de la Exaltaci\u00f3n de la Santa Cruz,\u00a0la Cofrad\u00eda del Bendito Cristo de los Afligidos de Astorga\u00a0\u2013inmersa en los actos de su 75 aniversario fundacional\u2013 celebra una procesi\u00f3n de antorchas con su imagen titular.\r\n\r\nAs\u00ed, el pr\u00f3ximo s\u00e1bado 15 de septiembre, a las 22:00 horas, acompa\u00f1aremos al ...<\/div><div class=\"ui--blog-readmore more-link\"><a class=\"btn btn-small btn-secondary muted\" href=\"https:\/\/amscb.com\/?p=2315\">Seguir leyendo<\/a><\/div><\/div><\/div><div class=\"ui--blog-item ui--animation ui--accent-gradient-hover-parent clearfix layout--mini\"><div class=\"ui--blog-side ui--blog-date ui--accent-gradient-hover-parent ui--box\"><h3><span class=\"ui--blog-date-day ui--accent-gradient-hover\">05<\/span><\/h3><h6 class=\"ui--blog-date-month ui--gradient ui--gradient-grey\"><span>Sep<\/span><\/h6><\/div><div class=\"ui--blog-content-wrapper\"><div class=\"ui--blog-header\"><h5 class=\"ui--blog-title entry-title\"><a class=\"ui--blog-link\" href=\"https:\/\/amscb.com\/?p=2309\">INICIAMOS EL CURSO 2018\/2019<\/a><\/h5><\/div><div class=\"ui--blog-content\">\r\n\r\nEl pr\u00f3ximo martes, 11 de septiembre, empezamos el curso con nuevos proyectos y una Semana Santa muy ilusionante por delante.\r\n\r\nA las 20:30 horas daremos la bienvenida a todas las personas interesadas en formar parte de la agrupaci\u00f3n, en una reuni\u00f3n informativa que tendr\u00e1 lugar en nuestra nave de ensayo (c\/ ...<\/div><div class=\"ui--blog-readmore more-link\"><a class=\"btn btn-small btn-secondary muted\" href=\"https:\/\/amscb.com\/?p=2309\">Seguir leyendo<\/a><\/div><\/div><\/div><div class=\"ui--blog-item ui--animation ui--accent-gradient-hover-parent clearfix layout--mini\"><div class=\"ui--blog-side ui--blog-date ui--accent-gradient-hover-parent ui--box\"><h3><span class=\"ui--blog-date-day ui--accent-gradient-hover\">09<\/span><\/h3><h6 class=\"ui--blog-date-month ui--gradient ui--gradient-grey\"><span>Jul<\/span><\/h6><\/div><div class=\"ui--blog-content-wrapper\"><div class=\"ui--blog-header\"><h5 class=\"ui--blog-title entry-title\"><a class=\"ui--blog-link\" href=\"https:\/\/amscb.com\/?p=2301\">ACUERDO CON LA HERMANDAD DE JES\u00daS DESPOJADO (ALCAL\u00c1 DE HENARES) PARA EL DOMINGO DE RAMOS DE 2019<\/a><\/h5><\/div><div class=\"ui--blog-content\">\r\n\r\nEl pr\u00f3ximo Domingo de Ramos acompa\u00f1aremos a Jes\u00fas Despojado de sus Vestiduras en su estaci\u00f3n de penitencia a la Santa e Insigne Catedral Magistral de Alcal\u00e1 de Henares. As\u00ed se ha acordado con la Hermandad de Jes\u00fas Despojado de sus Vestiduras, Mar\u00eda Sant\u00edsima de la Paz y Esperanza y San ...<\/div><div class=\"ui--blog-readmore more-link\"><a class=\"btn btn-small btn-secondary muted\" href=\"https:\/\/amscb.com\/?p=2301\">Seguir leyendo<\/a><\/div><\/div><\/div><div class=\"ui--blog-item ui--animation ui--accent-gradient-hover-parent clearfix layout--mini\"><div class=\"ui--blog-side ui--blog-date ui--accent-gradient-hover-parent ui--box\"><h3><span class=\"ui--blog-date-day ui--accent-gradient-hover\">08<\/span><\/h3><h6 class=\"ui--blog-date-month ui--gradient ui--gradient-grey\"><span>Jun<\/span><\/h6><\/div><div class=\"ui--blog-content-wrapper\"><div class=\"ui--blog-header\"><h5 class=\"ui--blog-title entry-title\"><a class=\"ui--blog-link\" href=\"https:\/\/amscb.com\/?p=2296\">S\u00c1BADO: JORNADA DE CONVIVENCIA SCB. DOMINGO: PROCESI\u00d3N DE LOS ALTARES<\/a><\/h5><\/div><div class=\"ui--blog-content\">Despedimos el \u00faltimo fin de semana de curso con dos actuaciones. La primera, organizada por la Cofrad\u00eda Santo Cristo de la Bienaventuranza con motivo de su vig\u00e9simo sexto aniversario y, la segunda, en la localidad de Navatejera.\r\n\r\nAs\u00ed, el s\u00e1bado 9 de junio, participamos en la Jornada de Convivencia de nuestra ...<\/div><div class=\"ui--blog-readmore more-link\"><a class=\"btn btn-small btn-secondary muted\" href=\"https:\/\/amscb.com\/?p=2296\">Seguir leyendo<\/a><\/div><\/div><\/div><div class=\"ui--blog-item ui--animation ui--accent-gradient-hover-parent clearfix layout--mini\"><div class=\"ui--blog-side ui--blog-date ui--accent-gradient-hover-parent ui--box\"><h3><span class=\"ui--blog-date-day ui--accent-gradient-hover\">31<\/span><\/h3><h6 class=\"ui--blog-date-month ui--gradient ui--gradient-grey\"><span>May<\/span><\/h6><\/div><div class=\"ui--blog-content-wrapper\"><div class=\"ui--blog-header\"><h5 class=\"ui--blog-title entry-title\"><a class=\"ui--blog-link\" href=\"https:\/\/amscb.com\/?p=2288\">PROCESI\u00d3N DEL CORPUS CHRISTI DE LE\u00d3N<\/a><\/h5><\/div><div class=\"ui--blog-content\">El domingo, 3 de junio, participaremos en la procesi\u00f3n del Corpus Christi de Le\u00f3n, organizada por el Obispado y el Cabildo Catedralicio, con el programa que se describe a continuaci\u00f3n:\r\n\r\nTras la Santa Misa \u2014que se celebrar\u00e1 en la Santa Iglesia Catedral a las 10:00 horas\u2014 dar\u00e1 comienzo la procesi\u00f3n, a ...<\/div><div class=\"ui--blog-readmore more-link\"><a class=\"btn btn-small btn-secondary muted\" href=\"https:\/\/amscb.com\/?p=2288\">Seguir leyendo<\/a><\/div><\/div><\/div><div class=\"ui--blog-item ui--animation ui--accent-gradient-hover-parent clearfix layout--mini\"><div class=\"ui--blog-side ui--blog-date ui--accent-gradient-hover-parent ui--box\"><h3><span class=\"ui--blog-date-day ui--accent-gradient-hover\">05<\/span><\/h3><h6 class=\"ui--blog-date-month ui--gradient ui--gradient-grey\"><span>May<\/span><\/h6><\/div><div class=\"ui--blog-content-wrapper\"><div class=\"ui--blog-header\"><h5 class=\"ui--blog-title entry-title\"><a class=\"ui--blog-link\" href=\"https:\/\/amscb.com\/?p=2282\">RETOMAMOS LOS ENSAYOS EL LUNES 7 DE MAYO<\/a><\/h5><\/div><div class=\"ui--blog-content\">Pasada la Semana Santa 2018 y tras unos d\u00edas muy complicados para esta familia, volvemos a ensayar para preparar las \u00faltimas actuaciones del curso.\r\n\r\nComenzamos el lunes, 7 de mayo, a las 21:00 horas en la nave habitual (calle Diego Yuste, s\/n). Si est\u00e1s interesado en formar parte de nuestra agrupaci\u00f3n ...<\/div><div class=\"ui--blog-readmore more-link\"><a class=\"btn btn-small btn-secondary muted\" href=\"https:\/\/amscb.com\/?p=2282\">Seguir leyendo<\/a><\/div><\/div><\/div><div class=\"ui--blog-item ui--animation ui--accent-gradient-hover-parent clearfix layout--mini\"><div class=\"ui--blog-side ui--blog-date ui--accent-gradient-hover-parent ui--box\"><h3><span class=\"ui--blog-date-day ui--accent-gradient-hover\">06<\/span><\/h3><h6 class=\"ui--blog-date-month ui--gradient ui--gradient-grey\"><span>Abr<\/span><\/h6><\/div><div class=\"ui--blog-content-wrapper\"><div class=\"ui--blog-header\"><h5 class=\"ui--blog-title entry-title\"><a class=\"ui--blog-link\" href=\"https:\/\/amscb.com\/?p=2276\">CONVOCADA LA REUNI\u00d3N PARA NUEVOS COMPONENTES<\/a><\/h5><\/div><div class=\"ui--blog-content\">El pr\u00f3ximo jueves, 12 de abril, se convoca a todos los interesados en formar parte de nuestra agrupaci\u00f3n a una reuni\u00f3n informativa en la sede de la Cofrad\u00eda Santo Cristo de la Bienaventuranza (c\/ Cipriano de la Huerga, 10), a las 21:00 horas.\r\n\r\nDisponemos de plazas en todas las voces de ...<\/div><div class=\"ui--blog-readmore more-link\"><a class=\"btn btn-small btn-secondary muted\" href=\"https:\/\/amscb.com\/?p=2276\">Seguir leyendo<\/a><\/div><\/div><\/div><div class=\"ui--blog-item ui--animation ui--accent-gradient-hover-parent clearfix layout--mini\"><div class=\"ui--blog-side ui--blog-date ui--accent-gradient-hover-parent ui--box\"><h3><span class=\"ui--blog-date-day ui--accent-gradient-hover\">23<\/span><\/h3><h6 class=\"ui--blog-date-month ui--gradient ui--gradient-grey\"><span>Mar<\/span><\/h6><\/div><div class=\"ui--blog-content-wrapper\"><div class=\"ui--blog-header\"><h5 class=\"ui--blog-title entry-title\"><a class=\"ui--blog-link\" href=\"https:\/\/amscb.com\/?p=2269\">SEMANA SANTA 2018 (PROCESIONES Y PASOS)<\/a><\/h5><\/div><div class=\"ui--blog-content\">\r\n\r\nLleg\u00f3 el momento de vivir la semana m\u00e1s emotiva del a\u00f1o, la que nos une y da sentido al trabajo realizado desde septiembre. Las procesiones en las que participamos y los pasos a los que tenemos el honor de acompa\u00f1ar en la Semana Santa de 2018 son los siguientes:\r\n\r\n \tS\u00e1bado ...<\/div><div class=\"ui--blog-readmore more-link\"><a class=\"btn btn-small btn-secondary muted\" href=\"https:\/\/amscb.com\/?p=2269\">Seguir leyendo<\/a><\/div><\/div><\/div><div class=\"ui--blog-item ui--animation ui--accent-gradient-hover-parent clearfix layout--mini\"><div class=\"ui--blog-side ui--blog-date ui--accent-gradient-hover-parent ui--box\"><h3><span class=\"ui--blog-date-day ui--accent-gradient-hover\">22<\/span><\/h3><h6 class=\"ui--blog-date-month ui--gradient ui--gradient-grey\"><span>Mar<\/span><\/h6><\/div><div class=\"ui--blog-content-wrapper\"><div class=\"ui--blog-header\"><h5 class=\"ui--blog-title entry-title\"><a class=\"ui--blog-link\" href=\"https:\/\/amscb.com\/?p=2263\">REPERTORIO SEMANA SANTA 2018<\/a><\/h5><\/div><div class=\"ui--blog-content\">El repertorio de nuestra formaci\u00f3n para la Semana Santa 2018 est\u00e1 compuesto por 64 marchas, entre ellas, las estrenadas este curso; dos compuestas en exclusiva para nuestra agrupaci\u00f3n y dos que forman parte del \u00faltimo trabajo de la Agrupaci\u00f3n Musical Virgen de los Reyes de Sevilla.\r\n\r\n \tBienaventurado tu Reino de ...<\/div><div class=\"ui--blog-readmore more-link\"><a class=\"btn btn-small btn-secondary muted\" href=\"https:\/\/amscb.com\/?p=2263\">Seguir leyendo<\/a><\/div><\/div><\/div><div class=\"ui--blog-item ui--animation ui--accent-gradient-hover-parent clearfix layout--mini\"><div class=\"ui--blog-side ui--blog-date ui--accent-gradient-hover-parent ui--box\"><h3><span class=\"ui--blog-date-day ui--accent-gradient-hover\">15<\/span><\/h3><h6 class=\"ui--blog-date-month ui--gradient ui--gradient-grey\"><span>Mar<\/span><\/h6><\/div><div class=\"ui--blog-content-wrapper\"><div class=\"ui--blog-header\"><h5 class=\"ui--blog-title entry-title\"><a class=\"ui--blog-link\" href=\"https:\/\/amscb.com\/?p=2254\">16, 17 Y 18 DE MARZO: DOS ACTUACIONES EN LE\u00d3N Y UNA EN VALLADOLID<\/a><\/h5><\/div><div class=\"ui--blog-content\">A muy pocos d\u00edas de Viernes de Dolores son varias las actuaciones que tenemos por delante este \u00faltimo fin de semana de Cuaresma. En ellas mostramos parte del repertorio que seguiremos en Semana Santa.\r\n\r\nEl viernes, 16 de marzo, actuaremos en el concierto de Cuaresma que organiza la taberna cofrade Entre ...<\/div><div class=\"ui--blog-readmore more-link\"><a class=\"btn btn-small btn-secondary muted\" href=\"https:\/\/amscb.com\/?p=2254\">Seguir leyendo<\/a><\/div><\/div><\/div><div class=\"ui--blog-item ui--animation ui--accent-gradient-hover-parent clearfix layout--mini\"><div class=\"ui--blog-side ui--blog-date ui--accent-gradient-hover-parent ui--box\"><h3><span class=\"ui--blog-date-day ui--accent-gradient-hover\">07<\/span><\/h3><h6 class=\"ui--blog-date-month ui--gradient ui--gradient-grey\"><span>Mar<\/span><\/h6><\/div><div class=\"ui--blog-content-wrapper\"><div class=\"ui--blog-header\"><h5 class=\"ui--blog-title entry-title\"><a class=\"ui--blog-link\" href=\"https:\/\/amscb.com\/?p=2245\">CONCIERTO EN LA \u201cVII SEMANA CULTURAL\u201d DEL PERD\u00d3N<\/a><\/h5><\/div><div class=\"ui--blog-content\">Con motivo de la VII Semana Cultural y el III Certamen de M\u00fasica Procesional organizado por la Cofrad\u00eda Santo Cristo del Perd\u00f3n de Le\u00f3n, actuaremos el pr\u00f3ximo viernes, 9 de marzo, desde las 21:00 horas en el Petit Palais (Palac\u00edn) situado en la avenida Doctor Fleming.\r\n\r\nLas marchas que interpretaremos son:\r\n\r\n ...<\/div><div class=\"ui--blog-readmore more-link\"><a class=\"btn btn-small btn-secondary muted\" href=\"https:\/\/amscb.com\/?p=2245\">Seguir leyendo<\/a><\/div><\/div><\/div><div class=\"ui--blog-item ui--animation ui--accent-gradient-hover-parent clearfix layout--mini\"><div class=\"ui--blog-side ui--blog-date ui--accent-gradient-hover-parent ui--box\"><h3><span class=\"ui--blog-date-day ui--accent-gradient-hover\">13<\/span><\/h3><h6 class=\"ui--blog-date-month ui--gradient ui--gradient-grey\"><span>Feb<\/span><\/h6><\/div><div class=\"ui--blog-content-wrapper\"><div class=\"ui--blog-header\"><h5 class=\"ui--blog-title entry-title\"><a class=\"ui--blog-link\" href=\"https:\/\/amscb.com\/?p=2231\">CONFERENCIA \u201cSUE\u00d1OS DE UN AYER\u201d PARA CLAUSURAR LAS \u201cVII JORNADAS DE LA BIBLIOTECA COFRADE\u201d<\/a><\/h5><\/div><div class=\"ui--blog-content\">El pr\u00f3ximo viernes, 16 de febrero, finalizan las jornadas de la biblioteca cofrade con la conferencia Sue\u00f1os de un ayer, a cargo de Sergio de Juan Fern\u00e1ndez (director de nuestra formaci\u00f3n) y \u00c1ngel Rodr\u00edguez del Amo (ingeniero de sonido de Music Center Le\u00f3n). Tratar\u00e1n diferentes contenidos vinculados al reciente estreno ...<\/div><div class=\"ui--blog-readmore more-link\"><a class=\"btn btn-small btn-secondary muted\" href=\"https:\/\/amscb.com\/?p=2231\">Seguir leyendo<\/a><\/div><\/div><\/div><div class=\"ui--blog-item ui--animation ui--accent-gradient-hover-parent clearfix layout--mini\"><div class=\"ui--blog-side ui--blog-date ui--accent-gradient-hover-parent ui--box\"><h3><span class=\"ui--blog-date-day ui--accent-gradient-hover\">08<\/span><\/h3><h6 class=\"ui--blog-date-month ui--gradient ui--gradient-grey\"><span>Feb<\/span><\/h6><\/div><div class=\"ui--blog-content-wrapper\"><div class=\"ui--blog-header\"><h5 class=\"ui--blog-title entry-title\"><a class=\"ui--blog-link\" href=\"https:\/\/amscb.com\/?p=2223\">PUNTOS DE VENTA DEL CD \u00abSUE\u00d1OS DE UN AYER\u00bb<\/a><\/h5><\/div><div class=\"ui--blog-content\">Tras su presentaci\u00f3n el pasado 4 de febrero, ya se encuentra a la venta nuestro primer trabajo discogr\u00e1fico Sue\u00f1os de un ayer. Los puntos de venta en los que puede adquirirse al precio de 15 \u20ac son los siguientes:\r\n\r\n \tSede de la cofrad\u00eda (c\/ Cipriano de la Huerga, n\u00ba 10) ...<\/div><div class=\"ui--blog-readmore more-link\"><a class=\"btn btn-small btn-secondary muted\" href=\"https:\/\/amscb.com\/?p=2223\">Seguir leyendo<\/a><\/div><\/div><\/div><div class=\"ui--blog-item ui--animation ui--accent-gradient-hover-parent clearfix layout--mini\"><div class=\"ui--blog-side ui--blog-date ui--accent-gradient-hover-parent ui--box\"><h3><span class=\"ui--blog-date-day ui--accent-gradient-hover\">21<\/span><\/h3><h6 class=\"ui--blog-date-month ui--gradient ui--gradient-grey\"><span>Ene<\/span><\/h6><\/div><div class=\"ui--blog-content-wrapper\"><div class=\"ui--blog-header\"><h5 class=\"ui--blog-title entry-title\"><a class=\"ui--blog-link\" href=\"https:\/\/amscb.com\/?p=2216\">ENTRADAS A LA VENTA PARA LA PRESENTACI\u00d3N DE \u00abSUE\u00d1OS DE UN AYER\u00bb<\/a><\/h5><\/div><div class=\"ui--blog-content\">Como adelantamos la semana pasada, el pr\u00f3ximo 4 de febrero, a partir de las 19:00 horas, el auditorio Ciudad de Le\u00f3n acoge el concierto en el que presentaremos nuestro primer trabajo discogr\u00e1fico, que lleva por t\u00edtulo\u00a0Sue\u00f1os de un ayer,\u00a0conmemorando el sexto aniversario de la formaci\u00f3n.\r\n\r\nEl concierto, presentado por el conocido ...<\/div><div class=\"ui--blog-readmore more-link\"><a class=\"btn btn-small btn-secondary muted\" href=\"https:\/\/amscb.com\/?p=2216\">Seguir leyendo<\/a><\/div><\/div><\/div><div class=\"ui--blog-item ui--animation ui--accent-gradient-hover-parent clearfix layout--mini\"><div class=\"ui--blog-side ui--blog-date ui--accent-gradient-hover-parent ui--box\"><h3><span class=\"ui--blog-date-day ui--accent-gradient-hover\">16<\/span><\/h3><h6 class=\"ui--blog-date-month ui--gradient ui--gradient-grey\"><span>Ene<\/span><\/h6><\/div><div class=\"ui--blog-content-wrapper\"><div class=\"ui--blog-header\"><h5 class=\"ui--blog-title entry-title\"><a class=\"ui--blog-link\" href=\"https:\/\/amscb.com\/?p=2210\">CONCIERTO PRESENTACI\u00d3N DE LA CAMPA\u00d1A \u201cMUSEO DE TODOS LOS LEONESES\u201d<\/a><\/h5><\/div><div class=\"ui--blog-content\">La Fundaci\u00f3n del Museo Diocesano y de Semana Santa de Le\u00f3n organiza un concierto, en el que participamos, para presentar la campa\u00f1a Museo de todos los leoneses que tendr\u00e1 lugar el pr\u00f3ximo domingo, 21 de enero, a las 18:30 horas, en el Auditorio Ciudad de Le\u00f3n. Participan tambi\u00e9n la Banda ...<\/div><div class=\"ui--blog-readmore more-link\"><a class=\"btn btn-small btn-secondary muted\" href=\"https:\/\/amscb.com\/?p=2210\">Seguir leyendo<\/a><\/div><\/div><\/div><div class=\"ui--blog-item ui--animation ui--accent-gradient-hover-parent clearfix layout--mini\"><div class=\"ui--blog-side ui--blog-date ui--accent-gradient-hover-parent ui--box\"><h3><span class=\"ui--blog-date-day ui--accent-gradient-hover\">15<\/span><\/h3><h6 class=\"ui--blog-date-month ui--gradient ui--gradient-grey\"><span>Ene<\/span><\/h6><\/div><div class=\"ui--blog-content-wrapper\"><div class=\"ui--blog-header\"><h5 class=\"ui--blog-title entry-title\"><a class=\"ui--blog-link\" href=\"https:\/\/amscb.com\/?p=2195\">\u201cSUE\u00d1OS DE UN AYER\u201d, NUESTRO PRIMER TRABAJO DISCOGR\u00c1FICO<\/a><\/h5><\/div><div class=\"ui--blog-content\">En la tarde del pr\u00f3ximo 4 de febrero, en el Auditorio Ciudad de Le\u00f3n, presentaremos el primer trabajo discogr\u00e1fico de nuestra formaci\u00f3n. El t\u00edtulo elegido para el mismo es Sue\u00f1os de un ayer \u2014coincidiendo con una de las marchas que componen el CD, obra de Jos\u00e9 \u00c1ngel Santo Tom\u00e1s Ruano\u2014.\r\n\r\nLlega ...<\/div><div class=\"ui--blog-readmore more-link\"><a class=\"btn btn-small btn-secondary muted\" href=\"https:\/\/amscb.com\/?p=2195\">Seguir leyendo<\/a><\/div><\/div><\/div><div class=\"ui--blog-item ui--animation ui--accent-gradient-hover-parent clearfix layout--mini\"><div class=\"ui--blog-side ui--blog-date ui--accent-gradient-hover-parent ui--box\"><h3><span class=\"ui--blog-date-day ui--accent-gradient-hover\">05<\/span><\/h3><h6 class=\"ui--blog-date-month ui--gradient ui--gradient-grey\"><span>Ene<\/span><\/h6><\/div><div class=\"ui--blog-content-wrapper\"><div class=\"ui--blog-header\"><h5 class=\"ui--blog-title entry-title\"><a class=\"ui--blog-link\" href=\"https:\/\/amscb.com\/?p=2189\">CABALGATA DE REYES GIJ\u00d3N 2018<\/a><\/h5><\/div><div class=\"ui--blog-content\">En la tarde del 5 de enero nos desplazamos a la ciudad de Gij\u00f3n para participar en su tradicional cabalgata de Reyes. Comenzar\u00e1 a las 18:30 horas con el siguiente recorrido: pabell\u00f3n de deportes Mata Jove, c\/ Sim\u00f3n Bol\u00edvar, avda. La Argentina, avda. Galicia, c\/ Dos de Mayo, avda. Juan ...<\/div><div class=\"ui--blog-readmore more-link\"><a class=\"btn btn-small btn-secondary muted\" href=\"https:\/\/amscb.com\/?p=2189\">Seguir leyendo<\/a><\/div><\/div><\/div><div class=\"ui--blog-item ui--animation ui--accent-gradient-hover-parent clearfix layout--mini\"><div class=\"ui--blog-side ui--blog-date ui--accent-gradient-hover-parent ui--box\"><h3><span class=\"ui--blog-date-day ui--accent-gradient-hover\">02<\/span><\/h3><h6 class=\"ui--blog-date-month ui--gradient ui--gradient-grey\"><span>Ene<\/span><\/h6><\/div><div class=\"ui--blog-content-wrapper\"><div class=\"ui--blog-header\"><h5 class=\"ui--blog-title entry-title\"><a class=\"ui--blog-link\" href=\"https:\/\/amscb.com\/?p=2181\">PASACALLES DE A\u00d1O NUEVO<\/a><\/h5><\/div><div class=\"ui--blog-content\">Comenzamos el a\u00f1o recorriendo las calles del centro de Le\u00f3n en un pasacalles organizado por el Ayuntamiento el pr\u00f3ximo jueves, 4 de enero. A las 20:30 horas saldremos de la plaza de San Isidoro hacia calle el Cid, Ancha, plaza San Marcelo, finalizando en la plaza de las Cortes Leonesas.\r\n\r\nDeseamos ...<\/div><div class=\"ui--blog-readmore more-link\"><a class=\"btn btn-small btn-secondary muted\" href=\"https:\/\/amscb.com\/?p=2181\">Seguir leyendo<\/a><\/div><\/div><\/div><div class=\"ui--blog-item ui--animation ui--accent-gradient-hover-parent clearfix layout--mini\"><div class=\"ui--blog-side ui--blog-date ui--accent-gradient-hover-parent ui--box\"><h3><span class=\"ui--blog-date-day ui--accent-gradient-hover\">23<\/span><\/h3><h6 class=\"ui--blog-date-month ui--gradient ui--gradient-grey\"><span>Dic<\/span><\/h6><\/div><div class=\"ui--blog-content-wrapper\"><div class=\"ui--blog-header\"><h5 class=\"ui--blog-title entry-title\"><a class=\"ui--blog-link\" href=\"https:\/\/amscb.com\/?p=2172\">PASACALLES DE NAVIDAD<\/a><\/h5><\/div><div class=\"ui--blog-content\">\r\n\r\nHoy, s\u00e1bado 23 de diciembre,\u00a0realizaremos nuestro segundo pasacalles navide\u00f1o, enmarcado dentro del programa de fiestas de Navidad del Ayuntamiento de Le\u00f3n.\r\n\r\nComenzar\u00e1 a las 20:30 horas desde la plaza de San Isidoro recorriendo, a continuaci\u00f3n, la calle Ancha, plaza de San Marcelo y finalizando en la plaza de las Cortes Leonesas.\r\n\r\nDeseamos ...<\/div><div class=\"ui--blog-readmore more-link\"><a class=\"btn btn-small btn-secondary muted\" href=\"https:\/\/amscb.com\/?p=2172\">Seguir leyendo<\/a><\/div><\/div><\/div><div class=\"ui--blog-item ui--animation ui--accent-gradient-hover-parent clearfix layout--mini\"><div class=\"ui--blog-side ui--blog-date ui--accent-gradient-hover-parent ui--box\"><h3><span class=\"ui--blog-date-day ui--accent-gradient-hover\">13<\/span><\/h3><h6 class=\"ui--blog-date-month ui--gradient ui--gradient-grey\"><span>Dic<\/span><\/h6><\/div><div class=\"ui--blog-content-wrapper\"><div class=\"ui--blog-header\"><h5 class=\"ui--blog-title entry-title\"><a class=\"ui--blog-link\" href=\"https:\/\/amscb.com\/?p=2167\">PASACALLES NAVIDE\u00d1O BEN\u00c9FICO<\/a><\/h5><\/div><div class=\"ui--blog-content\">El pr\u00f3ximo s\u00e1bado, 16 de diciembre, participaremos en la jornada navide\u00f1a organizada por nuestra Cofrad\u00eda que lleva por nombre Una Navidad de cuento.\r\n\r\nAs\u00ed, a las 19:00 horas, iniciaremos un pasacalles desde el supermercado Familia (calle Burgo Nuevo, 32) finalizando en la iglesia de San Claudio hacia las 19:45 horas.\r\n\r\nDurante todo ...<\/div><div class=\"ui--blog-readmore more-link\"><a class=\"btn btn-small btn-secondary muted\" href=\"https:\/\/amscb.com\/?p=2167\">Seguir leyendo<\/a><\/div><\/div><\/div><div class=\"ui--blog-item ui--animation ui--accent-gradient-hover-parent clearfix layout--mini\"><div class=\"ui--blog-side ui--blog-date ui--accent-gradient-hover-parent ui--box\"><h3><span class=\"ui--blog-date-day ui--accent-gradient-hover\">23<\/span><\/h3><h6 class=\"ui--blog-date-month ui--gradient ui--gradient-grey\"><span>Nov<\/span><\/h6><\/div><div class=\"ui--blog-content-wrapper\"><div class=\"ui--blog-header\"><h5 class=\"ui--blog-title entry-title\"><a class=\"ui--blog-link\" href=\"https:\/\/amscb.com\/?p=2156\">CERTAMEN EN HONOR A SANTA CECILIA ORGANIZADO POR \u201cLA SOLEDAD\u201d<\/a><\/h5><\/div><div class=\"ui--blog-content\">El pr\u00f3ximo domingo, 26 de noviembre, participaremos en el certamen Reino de Le\u00f3n \u2014en honor a Santa Cecilia\u2014 que organiza la Asociaci\u00f3n Cultural Nuestra Se\u00f1ora de la Soledad y la Hermandad de Santa Marta y de la Sagrada Cena\u00a0desde las 17:30 horas en el pabell\u00f3n La Torre.\r\n\r\nParticipan tambi\u00e9n la Banda ...<\/div><div class=\"ui--blog-readmore more-link\"><a class=\"btn btn-small btn-secondary muted\" href=\"https:\/\/amscb.com\/?p=2156\">Seguir leyendo<\/a><\/div><\/div><\/div><div class=\"ui--blog-item ui--animation ui--accent-gradient-hover-parent clearfix layout--mini\"><div class=\"ui--blog-side ui--blog-date ui--accent-gradient-hover-parent ui--box\"><h3><span class=\"ui--blog-date-day ui--accent-gradient-hover\">01<\/span><\/h3><h6 class=\"ui--blog-date-month ui--gradient ui--gradient-grey\"><span>Nov<\/span><\/h6><\/div><div class=\"ui--blog-content-wrapper\"><div class=\"ui--blog-header\"><h5 class=\"ui--blog-title entry-title\"><a class=\"ui--blog-link\" href=\"https:\/\/amscb.com\/?p=2148\">TRASLADO DE NUESTRA SE\u00d1ORA DE LA PIEDAD<\/a><\/h5><\/div><div class=\"ui--blog-content\">\r\n\r\nLa Cofrad\u00eda de Nuestra Se\u00f1ora de la Piedad y \u00c1nimas del Santo Malvar organiza una serie de actos con motivo de la restauraci\u00f3n de la imagen de Nuestra Se\u00f1ora de la Piedad los d\u00edas 2, 3 y 4 de noviembre.\r\n\r\nEl s\u00e1bado, 4 de noviembre, participamos en ellos acompa\u00f1ando a Nuestra ...<\/div><div class=\"ui--blog-readmore more-link\"><a class=\"btn btn-small btn-secondary muted\" href=\"https:\/\/amscb.com\/?p=2148\">Seguir leyendo<\/a><\/div><\/div><\/div><div class=\"ui--blog-item ui--animation ui--accent-gradient-hover-parent clearfix layout--mini\"><div class=\"ui--blog-side ui--blog-date ui--accent-gradient-hover-parent ui--box\"><h3><span class=\"ui--blog-date-day ui--accent-gradient-hover\">27<\/span><\/h3><h6 class=\"ui--blog-date-month ui--gradient ui--gradient-grey\"><span>Oct<\/span><\/h6><\/div><div class=\"ui--blog-content-wrapper\"><div class=\"ui--blog-header\"><h5 class=\"ui--blog-title entry-title\"><a class=\"ui--blog-link\" href=\"https:\/\/amscb.com\/?p=2135\">FESTIVIDAD DE SAN CLAUDIO Y TOMA DE POSESI\u00d3N DE JUAN CARLOS GONZ\u00c1LEZ COMO ABAD<\/a><\/h5><\/div><div class=\"ui--blog-content\">\r\n\r\nContin\u00faa la actividad en San Claudio. El domingo, 29 de octubre, participaremos en la festividad de la Cofrad\u00eda celebrando el d\u00eda del santo leon\u00e9s que da nombre a la parroquia. El programa es el siguiente:\r\n\r\n \t11:30 horas: Pasacalles por el barrio.\r\n \t12:00 horas: Procesi\u00f3n en honor a San Claudio.\r\n \t12:30 ...<\/div><div class=\"ui--blog-readmore more-link\"><a class=\"btn btn-small btn-secondary muted\" href=\"https:\/\/amscb.com\/?p=2135\">Seguir leyendo<\/a><\/div><\/div><\/div><div class=\"ui--blog-item ui--animation ui--accent-gradient-hover-parent clearfix layout--mini\"><div class=\"ui--blog-side ui--blog-date ui--accent-gradient-hover-parent ui--box\"><h3><span class=\"ui--blog-date-day ui--accent-gradient-hover\">24<\/span><\/h3><h6 class=\"ui--blog-date-month ui--gradient ui--gradient-grey\"><span>Oct<\/span><\/h6><\/div><div class=\"ui--blog-content-wrapper\"><div class=\"ui--blog-header\"><h5 class=\"ui--blog-title entry-title\"><a class=\"ui--blog-link\" href=\"https:\/\/amscb.com\/?p=2121\">EL SANTO CRISTO DE LA BIENAVENTURANZA SALDR\u00c1 DE LA CATEDRAL EN PROCESI\u00d3N<\/a><\/h5><\/div><div class=\"ui--blog-content\">\r\n\r\nCon motivo de la conclusi\u00f3n del 25 aniversario de la Cofrad\u00eda, el pr\u00f3ximo s\u00e1bado \u201428 de octubre\u2014 se realizar\u00e1n una serie de actos extraordinarios simbolizados por el Santo Cristo de la Bienaventuranza, titular que representa a m\u00e1s de mil hermanos.\r\n\r\nLa jornada comenzar\u00e1 a las 14:00 horas con el Cristo expuesto ...<\/div><div class=\"ui--blog-readmore more-link\"><a class=\"btn btn-small btn-secondary muted\" href=\"https:\/\/amscb.com\/?p=2121\">Seguir leyendo<\/a><\/div><\/div><\/div><div class=\"ui--blog-item ui--animation ui--accent-gradient-hover-parent clearfix layout--mini\"><div class=\"ui--blog-side ui--blog-date ui--accent-gradient-hover-parent ui--box\"><h3><span class=\"ui--blog-date-day ui--accent-gradient-hover\">28<\/span><\/h3><h6 class=\"ui--blog-date-month ui--gradient ui--gradient-grey\"><span>Ago<\/span><\/h6><\/div><div class=\"ui--blog-content-wrapper\"><div class=\"ui--blog-header\"><h5 class=\"ui--blog-title entry-title\"><a class=\"ui--blog-link\" href=\"https:\/\/amscb.com\/?p=2112\">CURSO 2017\/2018 EN MARCHA<\/a><\/h5><\/div><div class=\"ui--blog-content\">\r\n\r\nEl pr\u00f3ximo lunes, 4 de septiembre, retomaremos los ensayos en el lugar habitual (Calle Diego Yuste, s\/n, Le\u00f3n), a partir de las 21:00 horas.\r\n\r\nComenzaremos con una reuni\u00f3n para todos los componentes a la que podr\u00e1n asistir tambi\u00e9n personas interesadas en recibir informaci\u00f3n de la agrupaci\u00f3n, previa comunicaci\u00f3n a trav\u00e9s del ...<\/div><div class=\"ui--blog-readmore more-link\"><a class=\"btn btn-small btn-secondary muted\" href=\"https:\/\/amscb.com\/?p=2112\">Seguir leyendo<\/a><\/div><\/div><\/div><div class=\"ui--blog-item ui--animation ui--accent-gradient-hover-parent clearfix layout--mini\"><div class=\"ui--blog-side ui--blog-date ui--accent-gradient-hover-parent ui--box\"><h3><span class=\"ui--blog-date-day ui--accent-gradient-hover\">22<\/span><\/h3><h6 class=\"ui--blog-date-month ui--gradient ui--gradient-grey\"><span>Jun<\/span><\/h6><\/div><div class=\"ui--blog-content-wrapper\"><div class=\"ui--blog-header\"><h5 class=\"ui--blog-title entry-title\"><a class=\"ui--blog-link\" href=\"https:\/\/amscb.com\/?p=2105\">PROCESI\u00d3N DE LOS ALTARES 2017<\/a><\/h5><\/div><div class=\"ui--blog-content\">\r\n\r\n&nbsp;\r\n\r\nEl pr\u00f3ximo domingo, 25 de junio,\u00a0participaremos en la Procesi\u00f3n de Los Altares que tendr\u00e1 lugar en la localidad leonesa de Navatejera.\r\n\r\nTras la celebraci\u00f3n de la eucarist\u00eda, a las 13:30 horas, comenzar\u00e1 la procesi\u00f3n con las im\u00e1genes de la Parroquia de San Miguel Arc\u00e1ngel y la Virgen de la Pasi\u00f3n de ...<\/div><div class=\"ui--blog-readmore more-link\"><a class=\"btn btn-small btn-secondary muted\" href=\"https:\/\/amscb.com\/?p=2105\">Seguir leyendo<\/a><\/div><\/div><\/div><div class=\"ui--blog-item ui--animation ui--accent-gradient-hover-parent clearfix layout--mini\"><div class=\"ui--blog-side ui--blog-date ui--accent-gradient-hover-parent ui--box\"><h3><span class=\"ui--blog-date-day ui--accent-gradient-hover\">20<\/span><\/h3><h6 class=\"ui--blog-date-month ui--gradient ui--gradient-grey\"><span>Abr<\/span><\/h6><\/div><div class=\"ui--blog-content-wrapper\"><div class=\"ui--blog-header\"><h5 class=\"ui--blog-title entry-title\"><a class=\"ui--blog-link\" href=\"https:\/\/amscb.com\/?p=2092\">INFORMACI\u00d3N Y REUNI\u00d3N PARA NUEVOS COMPONENTES<\/a><\/h5><\/div><div class=\"ui--blog-content\">Convocamos a todos los interesados en formar parte de nuestra agrupaci\u00f3n a la reuni\u00f3n del pr\u00f3ximo jueves 27 de abril, a las 21:00 horas, en la sede de la Cofrad\u00eda Santo Cristo de la Bienaventuranza (C\/ Cipriano de la Huerga, 10). Est\u00e1 a vuestra disposici\u00f3n el correo direccion@amscb.com para cualquier ...<\/div><div class=\"ui--blog-readmore more-link\"><a class=\"btn btn-small btn-secondary muted\" href=\"https:\/\/amscb.com\/?p=2092\">Seguir leyendo<\/a><\/div><\/div><\/div><div class=\"ui--blog-item ui--animation ui--accent-gradient-hover-parent clearfix layout--mini\"><div class=\"ui--blog-side ui--blog-date ui--accent-gradient-hover-parent ui--box\"><h3><span class=\"ui--blog-date-day ui--accent-gradient-hover\">07<\/span><\/h3><h6 class=\"ui--blog-date-month ui--gradient ui--gradient-grey\"><span>Abr<\/span><\/h6><\/div><div class=\"ui--blog-content-wrapper\"><div class=\"ui--blog-header\"><h5 class=\"ui--blog-title entry-title\"><a class=\"ui--blog-link\" href=\"https:\/\/amscb.com\/?p=2079\">SEMANA SANTA 2017 (PROCESIONES Y PASOS)<\/a><\/h5><\/div><div class=\"ui--blog-content\">Lleg\u00f3 el momento de vivir la semana m\u00e1s emotiva del a\u00f1o, la que nos une y da sentido al trabajo realizado. Le\u00f3n ser\u00e1 nuestra gran pasi\u00f3n.\r\n\r\n\r\n\r\nLas procesiones en las que participamos y los pasos a los que tenemos el honor de acompa\u00f1ar en la Semana Santa de 2017 son los ...<\/div><div class=\"ui--blog-readmore more-link\"><a class=\"btn btn-small btn-secondary muted\" href=\"https:\/\/amscb.com\/?p=2079\">Seguir leyendo<\/a><\/div><\/div><\/div><div class=\"ui--blog-item ui--animation ui--accent-gradient-hover-parent clearfix layout--mini\"><div class=\"ui--blog-side ui--blog-date ui--accent-gradient-hover-parent ui--box\"><h3><span class=\"ui--blog-date-day ui--accent-gradient-hover\">03<\/span><\/h3><h6 class=\"ui--blog-date-month ui--gradient ui--gradient-grey\"><span>Abr<\/span><\/h6><\/div><div class=\"ui--blog-content-wrapper\"><div class=\"ui--blog-header\"><h5 class=\"ui--blog-title entry-title\"><a class=\"ui--blog-link\" href=\"https:\/\/amscb.com\/?p=2061\">REPERTORIO SEMANA SANTA 2017<\/a><\/h5><\/div><div class=\"ui--blog-content\">Disponible en nuestra p\u00e1gina web, en la pesta\u00f1a de Repertorio, las composiciones con las que acompa\u00f1aremos a las distintas cofrad\u00edas y hermandades en la, tan esperada, Semana Santa 2017.\r\n\r\nHemos incorporado, como marchas estrenadas este a\u00f1o, Himno a Nuestra Se\u00f1ora la Virgen del Camino, Madre de la Misericordia, Resucit\u00f3, Si\u00f3n y ...<\/div><div class=\"ui--blog-readmore more-link\"><a class=\"btn btn-small btn-secondary muted\" href=\"https:\/\/amscb.com\/?p=2061\">Seguir leyendo<\/a><\/div><\/div><\/div><div class=\"ui--blog-item ui--animation ui--accent-gradient-hover-parent clearfix layout--mini\"><div class=\"ui--blog-side ui--blog-date ui--accent-gradient-hover-parent ui--box\"><h3><span class=\"ui--blog-date-day ui--accent-gradient-hover\">29<\/span><\/h3><h6 class=\"ui--blog-date-month ui--gradient ui--gradient-grey\"><span>Mar<\/span><\/h6><\/div><div class=\"ui--blog-content-wrapper\"><div class=\"ui--blog-header\"><h5 class=\"ui--blog-title entry-title\"><a class=\"ui--blog-link\" href=\"https:\/\/amscb.com\/?p=2049\">CONCIERTO LOS D\u00cdAS 31 DE MARZO Y 1 DE ABRIL<\/a><\/h5><\/div><div class=\"ui--blog-content\">El viernes, 31 de marzo, participaremos en el Certamen de M\u00fasica de Semana Santa organizado por la taberna cofrade Entre Varales junto a la Agrupaci\u00f3n Musical Nuestra Se\u00f1ora de las Angustias y Soledad y la Banda de Cornetas y Tambores Dulce Nombre de Jes\u00fas Nazareno. El certamen, in memorian de ...<\/div><div class=\"ui--blog-readmore more-link\"><a class=\"btn btn-small btn-secondary muted\" href=\"https:\/\/amscb.com\/?p=2049\">Seguir leyendo<\/a><\/div><\/div><\/div><div class=\"ui--blog-item ui--animation ui--accent-gradient-hover-parent clearfix layout--mini\"><div class=\"ui--blog-side ui--blog-date ui--accent-gradient-hover-parent ui--box\"><h3><span class=\"ui--blog-date-day ui--accent-gradient-hover\">23<\/span><\/h3><h6 class=\"ui--blog-date-month ui--gradient ui--gradient-grey\"><span>Mar<\/span><\/h6><\/div><div class=\"ui--blog-content-wrapper\"><div class=\"ui--blog-header\"><h5 class=\"ui--blog-title entry-title\"><a class=\"ui--blog-link\" href=\"https:\/\/amscb.com\/?p=2043\">CONCIERTO EN EL CENTRO COMERCIAL LE\u00d3N PLAZA<\/a><\/h5><\/div><div class=\"ui--blog-content\">El viernes, 24 de marzo, ofreceremos un concierto de marchas procesionales con motivo de la inauguraci\u00f3n de la exposici\u00f3n de Semana Santa que organiza el centro comercial Le\u00f3n Plaza. En ella se podr\u00e1n contemplar los tronos en miniatura de Jes\u00fas Fern\u00e1ndez Garc\u00eda, esculturas de Manuel L\u00f3pez B\u00e9cker y fotograf\u00edas de ...<\/div><div class=\"ui--blog-readmore more-link\"><a class=\"btn btn-small btn-secondary muted\" href=\"https:\/\/amscb.com\/?p=2043\">Seguir leyendo<\/a><\/div><\/div><\/div><div class=\"ui--blog-item ui--animation ui--accent-gradient-hover-parent clearfix layout--mini\"><div class=\"ui--blog-side ui--blog-date ui--accent-gradient-hover-parent ui--box\"><h3><span class=\"ui--blog-date-day ui--accent-gradient-hover\">07<\/span><\/h3><h6 class=\"ui--blog-date-month ui--gradient ui--gradient-grey\"><span>Mar<\/span><\/h6><\/div><div class=\"ui--blog-content-wrapper\"><div class=\"ui--blog-header\"><h5 class=\"ui--blog-title entry-title\"><a class=\"ui--blog-link\" href=\"https:\/\/amscb.com\/?p=2035\">\u201cI ENCUENTRO DE BANDAS VILLA DE BO\u00d1AR\u201d<\/a><\/h5><\/div><div class=\"ui--blog-content\">El pr\u00f3ximo domingo, 12 de marzo, participaremos en el I Encuentro de Bandas de Semana Santa Villa de Bo\u00f1ar que se celebrar\u00e1 en la mencionada localidad leonesa. El certamen cuenta con un pasacalles desde las 17:30 horas y, a continuaci\u00f3n, el concierto de marchas procesionales en el Pabell\u00f3n de Valles.\r\n\r\nDisfrutaremos ...<\/div><div class=\"ui--blog-readmore more-link\"><a class=\"btn btn-small btn-secondary muted\" href=\"https:\/\/amscb.com\/?p=2035\">Seguir leyendo<\/a><\/div><\/div><\/div><div class=\"ui--blog-item ui--animation ui--accent-gradient-hover-parent clearfix layout--mini\"><div class=\"ui--blog-side ui--blog-date ui--accent-gradient-hover-parent ui--box\"><h3><span class=\"ui--blog-date-day ui--accent-gradient-hover\">01<\/span><\/h3><h6 class=\"ui--blog-date-month ui--gradient ui--gradient-grey\"><span>Mar<\/span><\/h6><\/div><div class=\"ui--blog-content-wrapper\"><div class=\"ui--blog-header\"><h5 class=\"ui--blog-title entry-title\"><a class=\"ui--blog-link\" href=\"https:\/\/amscb.com\/?p=2030\">I CERTAMEN DE M\u00daSICA DE SEMANA SANTA \u00abPAPONES DE CORAZ\u00d3N\u00bb<\/a><\/h5><\/div><div class=\"ui--blog-content\">El pr\u00f3ximo s\u00e1bado, 4 de marzo, participaremos en el I Certamen de M\u00fasica de Semana Santa organizado por la asociaci\u00f3n leonesa Papones de Coraz\u00f3n. Ser\u00e1 nuestro primer concierto de la Cuaresma 2017.\r\n\r\nLa programaci\u00f3n del certamen cuenta con una concentraci\u00f3n de bandas en la Plaza de las Concepciones, a las 17:15 ...<\/div><div class=\"ui--blog-readmore more-link\"><a class=\"btn btn-small btn-secondary muted\" href=\"https:\/\/amscb.com\/?p=2030\">Seguir leyendo<\/a><\/div><\/div><\/div><div class=\"ui--blog-item ui--animation ui--accent-gradient-hover-parent clearfix layout--mini\"><div class=\"ui--blog-side ui--blog-date ui--accent-gradient-hover-parent ui--box\"><h3><span class=\"ui--blog-date-day ui--accent-gradient-hover\">25<\/span><\/h3><h6 class=\"ui--blog-date-month ui--gradient ui--gradient-grey\"><span>Ene<\/span><\/h6><\/div><div class=\"ui--blog-content-wrapper\"><div class=\"ui--blog-header\"><h5 class=\"ui--blog-title entry-title\"><a class=\"ui--blog-link\" href=\"https:\/\/amscb.com\/?p=2016\">CONCIERTO V ANIVERSARIO<\/a><\/h5><\/div><div class=\"ui--blog-content\">&nbsp;\r\n\r\n\r\n\r\n&nbsp;\r\n\r\nQu\u00e9 bien se est\u00e1 cuando se est\u00e1 bien. Y no ha sido f\u00e1cil. El 5 de septiembre de 2011 todo empez\u00f3, tuvo lugar el primer ensayo de esta agrupaci\u00f3n. Compromiso, actitud y progreso han forjado la estructura de un grupo humano unido, que lleva con orgullo el nombre de la ...<\/div><div class=\"ui--blog-readmore more-link\"><a class=\"btn btn-small btn-secondary muted\" href=\"https:\/\/amscb.com\/?p=2016\">Seguir leyendo<\/a><\/div><\/div><\/div><div class=\"ui--blog-item ui--animation ui--accent-gradient-hover-parent clearfix layout--mini\"><div class=\"ui--blog-side ui--blog-date ui--accent-gradient-hover-parent ui--box\"><h3><span class=\"ui--blog-date-day ui--accent-gradient-hover\">23<\/span><\/h3><h6 class=\"ui--blog-date-month ui--gradient ui--gradient-grey\"><span>Ene<\/span><\/h6><\/div><div class=\"ui--blog-content-wrapper\"><div class=\"ui--blog-header\"><h5 class=\"ui--blog-title entry-title\"><a class=\"ui--blog-link\" href=\"https:\/\/amscb.com\/?p=2002\">\u201cSINFON\u00cdA EN VERDE Y NEGRO\u201d, LA GALA BEN\u00c9FICA QUE CONMEMORA EL 25 ANIVERSARIO DE LA COFRAD\u00cdA MAR\u00cdA DEL DULCE NOMBRE<\/a><\/h5><\/div><div class=\"ui--blog-content\">El pr\u00f3ximo s\u00e1bado, 28 de enero de 2017, la Cofrad\u00eda Mar\u00eda del Dulce Nombre organiza una gala ben\u00e9fica conmemorativa de su 25 aniversario fundacional. Ser\u00e1 en el Auditorio Ciudad de Le\u00f3n, a partir de las 19:15 horas.\r\n\r\nNos complace participar en el acto junto a la A.M. y B.C.T. del Dulce ...<\/div><div class=\"ui--blog-readmore more-link\"><a class=\"btn btn-small btn-secondary muted\" href=\"https:\/\/amscb.com\/?p=2002\">Seguir leyendo<\/a><\/div><\/div><\/div><div class=\"ui--blog-item ui--animation ui--accent-gradient-hover-parent clearfix layout--mini\"><div class=\"ui--blog-side ui--blog-date ui--accent-gradient-hover-parent ui--box\"><h3><span class=\"ui--blog-date-day ui--accent-gradient-hover\">02<\/span><\/h3><h6 class=\"ui--blog-date-month ui--gradient ui--gradient-grey\"><span>Ene<\/span><\/h6><\/div><div class=\"ui--blog-content-wrapper\"><div class=\"ui--blog-header\"><h5 class=\"ui--blog-title entry-title\"><a class=\"ui--blog-link\" href=\"https:\/\/amscb.com\/?p=1994\">CABALGATA DE REYES GIJ\u00d3N 2017<\/a><\/h5><\/div><div class=\"ui--blog-content\">El pr\u00f3ximo jueves, 5 de enero de 2017, participaremos en la espectacular Cabalgata de Gij\u00f3n, dando la bienvenida a los Reyes Magos. Ya convertida en tradici\u00f3n, preparamos con gran entusiasmo nuestra visita a la ciudad asturiana.\r\n\r\nLa\u00a0salida ser\u00e1 a las 19:00 horas\u00a0desde el Colegio P\u00fablico Montevil y Colegio P\u00fablico Severo Ochoa, ...<\/div><div class=\"ui--blog-readmore more-link\"><a class=\"btn btn-small btn-secondary muted\" href=\"https:\/\/amscb.com\/?p=1994\">Seguir leyendo<\/a><\/div><\/div><\/div><div class=\"ui--blog-item ui--animation ui--accent-gradient-hover-parent clearfix layout--mini\"><div class=\"ui--blog-side ui--blog-date ui--accent-gradient-hover-parent ui--box\"><h3><span class=\"ui--blog-date-day ui--accent-gradient-hover\">21<\/span><\/h3><h6 class=\"ui--blog-date-month ui--gradient ui--gradient-grey\"><span>Dic<\/span><\/h6><\/div><div class=\"ui--blog-content-wrapper\"><div class=\"ui--blog-header\"><h5 class=\"ui--blog-title entry-title\"><a class=\"ui--blog-link\" href=\"https:\/\/amscb.com\/?p=1955\">PASACALLES NAVIDE\u00d1O 23\/12\/2016<\/a><\/h5><\/div><div class=\"ui--blog-content\">En la tarde del pr\u00f3ximo viernes, 23 de diciembre, nuestra formaci\u00f3n participar\u00e1 en el Pasacalles Navide\u00f1o organizado por el Excmo. Ayuntamiento de Le\u00f3n a partir de las 20:30 horas.\r\n\r\nSe recorrer\u00e1n algunas de las principales calles de la ciudad, partiendo desde la Plaza de San Isidoro, Calle El Cid, Calle Ancha, ...<\/div><div class=\"ui--blog-readmore more-link\"><a class=\"btn btn-small btn-secondary muted\" href=\"https:\/\/amscb.com\/?p=1955\">Seguir leyendo<\/a><\/div><\/div><\/div><div class=\"ui--blog-item ui--animation ui--accent-gradient-hover-parent clearfix layout--mini\"><div class=\"ui--blog-side ui--blog-date ui--accent-gradient-hover-parent ui--box\"><h3><span class=\"ui--blog-date-day ui--accent-gradient-hover\">16<\/span><\/h3><h6 class=\"ui--blog-date-month ui--gradient ui--gradient-grey\"><span>Dic<\/span><\/h6><\/div><div class=\"ui--blog-content-wrapper\"><div class=\"ui--blog-header\"><h5 class=\"ui--blog-title entry-title\"><a class=\"ui--blog-link\" href=\"https:\/\/amscb.com\/?p=1950\">\u00abVII CONCIERTO DE VILLANCICOS COFRADES\u00bb (ASOCIACI\u00d3N BELENISTA LEONESA)<\/a><\/h5><\/div><div class=\"ui--blog-content\">El domingo, 18 de diciembre, continuamos con las actuaciones navide\u00f1as: Nuestra formaci\u00f3n se encargar\u00e1\u00a0de ofrecer\u00a0el VII Concierto de Villancicos Cofrades,\u00a0organizado por la Asociaci\u00f3n Belenista Leonesa. Ser\u00e1 a las 20:00 horas en la iglesia parroquial de Santa Marina la Real, con entrada libre y gratuita.\r\n\r\n <\/div><div class=\"ui--blog-readmore more-link\"><a class=\"btn btn-small btn-secondary muted\" href=\"https:\/\/amscb.com\/?p=1950\">Seguir leyendo<\/a><\/div><\/div><\/div><div class=\"ui--blog-item ui--animation ui--accent-gradient-hover-parent clearfix layout--mini\"><div class=\"ui--blog-side ui--blog-date ui--accent-gradient-hover-parent ui--box\"><h3><span class=\"ui--blog-date-day ui--accent-gradient-hover\">16<\/span><\/h3><h6 class=\"ui--blog-date-month ui--gradient ui--gradient-grey\"><span>Dic<\/span><\/h6><\/div><div class=\"ui--blog-content-wrapper\"><div class=\"ui--blog-header\"><h5 class=\"ui--blog-title entry-title\"><a class=\"ui--blog-link\" href=\"https:\/\/amscb.com\/?p=1942\">PASACALLES Y CONCIERTO DE NAVIDAD EN SAN CLAUDIO<\/a><\/h5><\/div><div class=\"ui--blog-content\">\r\n\r\n&nbsp;\r\n\r\nEl pr\u00f3ximo s\u00e1bado, 17 de diciembre, recorreremos las calles del barrio de San Claudio recogiendo alimentos. La obra social de la Cofrad\u00eda los destinar\u00e1 a las Conferencias de San Vicente de Pa\u00fal y a hermanos y familias que lo necesiten.\r\n\r\nA las 18:30 horas nuestra formaci\u00f3n saldr\u00e1 en pasacalles desde El ...<\/div><div class=\"ui--blog-readmore more-link\"><a class=\"btn btn-small btn-secondary muted\" href=\"https:\/\/amscb.com\/?p=1942\">Seguir leyendo<\/a><\/div><\/div><\/div><div class=\"ui--blog-item ui--animation ui--accent-gradient-hover-parent clearfix layout--mini\"><div class=\"ui--blog-side ui--blog-date ui--accent-gradient-hover-parent ui--box\"><h3><span class=\"ui--blog-date-day ui--accent-gradient-hover\">08<\/span><\/h3><h6 class=\"ui--blog-date-month ui--gradient ui--gradient-grey\"><span>Dic<\/span><\/h6><\/div><div class=\"ui--blog-content-wrapper\"><div class=\"ui--blog-header\"><h5 class=\"ui--blog-title entry-title\"><a class=\"ui--blog-link\" href=\"https:\/\/amscb.com\/?p=1932\">\u00abIII CONCIERTO COMPARTE LA NAVIDAD\u201d (COFRAD\u00cdA DE LA AGON\u00cdA DE NUESTRO SE\u00d1OR)<\/a><\/h5><\/div><div class=\"ui--blog-content\">La Cofrad\u00eda de la Agon\u00eda de Nuestro Se\u00f1or de Le\u00f3n organiza el III Concierto Comparte la Navidad el pr\u00f3ximo s\u00e1bado, 10 de diciembre, a partir de las 20:30 horas, en la Parroquia de Santa Marina la Real.\r\n\r\nParticiparemos en este concierto ben\u00e9fico junto a la Secci\u00f3n Musical de la Cofrad\u00eda Santo ...<\/div><div class=\"ui--blog-readmore more-link\"><a class=\"btn btn-small btn-secondary muted\" href=\"https:\/\/amscb.com\/?p=1932\">Seguir leyendo<\/a><\/div><\/div><\/div><div class=\"ui--blog-item ui--animation ui--accent-gradient-hover-parent clearfix layout--mini\"><div class=\"ui--blog-side ui--blog-date ui--accent-gradient-hover-parent ui--box\"><h3><span class=\"ui--blog-date-day ui--accent-gradient-hover\">02<\/span><\/h3><h6 class=\"ui--blog-date-month ui--gradient ui--gradient-grey\"><span>Nov<\/span><\/h6><\/div><div class=\"ui--blog-content-wrapper\"><div class=\"ui--blog-header\"><h5 class=\"ui--blog-title entry-title\"><a class=\"ui--blog-link\" href=\"https:\/\/amscb.com\/?p=1915\">CERTAMEN DE BANDAS &#8216;CIUDAD DE LE\u00d3N &#8211; EXPO ESSAR 2016&#8217;<\/a><\/h5><\/div><div class=\"ui--blog-content\">\r\n\r\n&nbsp;\r\n\r\nLlega a Le\u00f3n\u00a0Expo ESSAR 2016 (Exposici\u00f3n de Semana Santa y Arte Religioso), en esta ocasi\u00f3n, ubicada en la explanada de la Junta de Castilla y Le\u00f3n. Se inaugurar\u00e1 el viernes, 4 de noviembre, y permanecer\u00e1 abierta durante el fin de semana con una amplia variedad de actos que clausurar\u00e1n el ...<\/div><div class=\"ui--blog-readmore more-link\"><a class=\"btn btn-small btn-secondary muted\" href=\"https:\/\/amscb.com\/?p=1915\">Seguir leyendo<\/a><\/div><\/div><\/div><div class=\"ui--blog-item ui--animation ui--accent-gradient-hover-parent clearfix layout--mini\"><div class=\"ui--blog-side ui--blog-date ui--accent-gradient-hover-parent ui--box\"><h3><span class=\"ui--blog-date-day ui--accent-gradient-hover\">18<\/span><\/h3><h6 class=\"ui--blog-date-month ui--gradient ui--gradient-grey\"><span>Oct<\/span><\/h6><\/div><div class=\"ui--blog-content-wrapper\"><div class=\"ui--blog-header\"><h5 class=\"ui--blog-title entry-title\"><a class=\"ui--blog-link\" href=\"https:\/\/amscb.com\/?p=1894\">PREG\u00d3N DE APERTURA DEL XXV ANIVERSARIO DE NUESTRA COFRAD\u00cdA Y FESTIVIDAD DE SAN CLAUDIO<\/a><\/h5><\/div><div class=\"ui--blog-content\">Fundada en el a\u00f1o 1992, la Cofrad\u00eda Santo Cristo de la Bienaventuranza inicia los actos de apertura de su XXV aniversario, que se prorrogar\u00e1n hasta el mes de octubre de 2017. La Agrupaci\u00f3n Musical ser\u00e1 part\u00edcipe de los mismos, cumpliendo tambi\u00e9n un per\u00edodo significativo: cinco a\u00f1os de historia.\r\n\r\nAs\u00ed, el pr\u00f3ximo ...<\/div><div class=\"ui--blog-readmore more-link\"><a class=\"btn btn-small btn-secondary muted\" href=\"https:\/\/amscb.com\/?p=1894\">Seguir leyendo<\/a><\/div><\/div><\/div><div class=\"ui--blog-item ui--animation ui--accent-gradient-hover-parent clearfix layout--mini\"><div class=\"ui--blog-side ui--blog-date ui--accent-gradient-hover-parent ui--box\"><h3><span class=\"ui--blog-date-day ui--accent-gradient-hover\">13<\/span><\/h3><h6 class=\"ui--blog-date-month ui--gradient ui--gradient-grey\"><span>Oct<\/span><\/h6><\/div><div class=\"ui--blog-content-wrapper\"><div class=\"ui--blog-header\"><h5 class=\"ui--blog-title entry-title\"><a class=\"ui--blog-link\" href=\"https:\/\/amscb.com\/?p=1868\">SEVILLA 2016: CONCIERTO EN SANTA MARINA Y PARTICIPACI\u00d3N EN EL CERTAMEN SOLIDARIO \u00abDIVINO PERD\u00d3N\u00bb<\/a><\/h5><\/div><div class=\"ui--blog-content\">\r\n\r\nLos d\u00edas 5 y 6 de noviembre nuestra formaci\u00f3n se trasladar\u00e1 de nuevo a la hermosa ciudad de Sevilla para participar en diversos conciertos y actos. El primero de ellos tendr\u00e1 como protagonista a nuestra Cofrad\u00eda:\r\n\r\n\tEn la ma\u00f1ana del s\u00e1bado -5 de noviembre- a las 10:00 horas, se celebrar\u00e1 una ...<\/div><div class=\"ui--blog-readmore more-link\"><a class=\"btn btn-small btn-secondary muted\" href=\"https:\/\/amscb.com\/?p=1868\">Seguir leyendo<\/a><\/div><\/div><\/div><div class=\"ui--blog-item ui--animation ui--accent-gradient-hover-parent clearfix layout--mini\"><div class=\"ui--blog-side ui--blog-date ui--accent-gradient-hover-parent ui--box\"><h3><span class=\"ui--blog-date-day ui--accent-gradient-hover\">20<\/span><\/h3><h6 class=\"ui--blog-date-month ui--gradient ui--gradient-grey\"><span>Sep<\/span><\/h6><\/div><div class=\"ui--blog-content-wrapper\"><div class=\"ui--blog-header\"><h5 class=\"ui--blog-title entry-title\"><a class=\"ui--blog-link\" href=\"https:\/\/amscb.com\/?p=1856\">CONCIERTO: PRESENTACI\u00d3N Y BENDICI\u00d3N DE MAR\u00cdA SANT\u00cdSIMA DE LA ESPERANZA<\/a><\/h5><\/div><div class=\"ui--blog-content\">El pr\u00f3ximo s\u00e1bado, 24 de septiembre, a las 19:00 horas en la capilla del Colegio Marista San Jos\u00e9 de Le\u00f3n (Av. \u00c1lvaro L\u00f3pez N\u00fa\u00f1ez, 12) se producir\u00e1 la presentaci\u00f3n y bendici\u00f3n de Mar\u00eda Sant\u00edsima de la Esperanza, obra para\u00a0devoci\u00f3n particular, realizada por Pablo Lanchares.\r\n\r\nDurante el acto, nuestra formaci\u00f3n interpretar\u00e1 una ...<\/div><div class=\"ui--blog-readmore more-link\"><a class=\"btn btn-small btn-secondary muted\" href=\"https:\/\/amscb.com\/?p=1856\">Seguir leyendo<\/a><\/div><\/div><\/div><div class=\"ui--blog-item ui--animation ui--accent-gradient-hover-parent clearfix layout--mini\"><div class=\"ui--blog-side ui--blog-date ui--accent-gradient-hover-parent ui--box\"><h3><span class=\"ui--blog-date-day ui--accent-gradient-hover\">01<\/span><\/h3><h6 class=\"ui--blog-date-month ui--gradient ui--gradient-grey\"><span>Sep<\/span><\/h6><\/div><div class=\"ui--blog-content-wrapper\"><div class=\"ui--blog-header\"><h5 class=\"ui--blog-title entry-title\"><a class=\"ui--blog-link\" href=\"https:\/\/amscb.com\/?p=1849\">INICIAMOS EL CURSO<\/a><\/h5><\/div><div class=\"ui--blog-content\">Lunes, 5 de septiembre, a las 21:00 horas en nuestro local de ensayo (calle Diego Yuste, s\/n); es la fecha y lugar en el que comenzamos la nueva temporada.\r\n\r\nCon la ilusi\u00f3n de siempre, las ganas de integrar y ense\u00f1ar a los nuevos compa\u00f1eros y, sobre todo, el deseo de afrontar ...<\/div><div class=\"ui--blog-readmore more-link\"><a class=\"btn btn-small btn-secondary muted\" href=\"https:\/\/amscb.com\/?p=1849\">Seguir leyendo<\/a><\/div><\/div><\/div><div class=\"ui--blog-item ui--animation ui--accent-gradient-hover-parent clearfix layout--mini\"><div class=\"ui--blog-side ui--blog-date ui--accent-gradient-hover-parent ui--box\"><h3><span class=\"ui--blog-date-day ui--accent-gradient-hover\">03<\/span><\/h3><h6 class=\"ui--blog-date-month ui--gradient ui--gradient-grey\"><span>Jun<\/span><\/h6><\/div><div class=\"ui--blog-content-wrapper\"><div class=\"ui--blog-header\"><h5 class=\"ui--blog-title entry-title\"><a class=\"ui--blog-link\" href=\"https:\/\/amscb.com\/?p=1843\">PROCESI\u00d3N DE LOS ALTARES<\/a><\/h5><\/div><div class=\"ui--blog-content\">El domingo, 5 junio, participaremos en la procesi\u00f3n de Los Altares que se celebra en la localidad leonesa de Navatejera. Dar\u00e1 comienzo tras la misa, prevista para las 13:00 horas.\r\n\r\nEn esta ocasi\u00f3n, adem\u00e1s de las habituales im\u00e1genes que procesiona la Parroquia de San Miguel Arc\u00e1ngel, tendremos el honor de acompa\u00f1ar ...<\/div><div class=\"ui--blog-readmore more-link\"><a class=\"btn btn-small btn-secondary muted\" href=\"https:\/\/amscb.com\/?p=1843\">Seguir leyendo<\/a><\/div><\/div><\/div><div class=\"ui--blog-item ui--animation ui--accent-gradient-hover-parent clearfix layout--mini\"><div class=\"ui--blog-side ui--blog-date ui--accent-gradient-hover-parent ui--box\"><h3><span class=\"ui--blog-date-day ui--accent-gradient-hover\">08<\/span><\/h3><h6 class=\"ui--blog-date-month ui--gradient ui--gradient-grey\"><span>May<\/span><\/h6><\/div><div class=\"ui--blog-content-wrapper\"><div class=\"ui--blog-header\"><h5 class=\"ui--blog-title entry-title\"><a class=\"ui--blog-link\" href=\"https:\/\/amscb.com\/?p=1833\">PEREGRINACI\u00d3N DE LA VIRGEN DEL CAMINO POR EL XXV ANIVERSARIO DE LA COFRAD\u00cdA MAR\u00cdA DEL DULCE NOMBRE<\/a><\/h5><\/div><div class=\"ui--blog-content\">El pr\u00f3ximo s\u00e1bado, 14 de mayo, participaremos en la peregrinaci\u00f3n de la Virgen del Camino que organiza la Cofrad\u00eda Mar\u00eda del Dulce Nombre; inici\u00e1ndose a las 15:30 horas desde el interior de la S.I. Catedral y concluyendo con una eucarist\u00eda en la Bas\u00edlica de la Virgen del Camino a las ...<\/div><div class=\"ui--blog-readmore more-link\"><a class=\"btn btn-small btn-secondary muted\" href=\"https:\/\/amscb.com\/?p=1833\">Seguir leyendo<\/a><\/div><\/div><\/div><div class=\"ui--blog-item ui--animation ui--accent-gradient-hover-parent clearfix layout--mini\"><div class=\"ui--blog-side ui--blog-date ui--accent-gradient-hover-parent ui--box\"><h3><span class=\"ui--blog-date-day ui--accent-gradient-hover\">03<\/span><\/h3><h6 class=\"ui--blog-date-month ui--gradient ui--gradient-grey\"><span>Abr<\/span><\/h6><\/div><div class=\"ui--blog-content-wrapper\"><div class=\"ui--blog-header\"><h5 class=\"ui--blog-title entry-title\"><a class=\"ui--blog-link\" href=\"https:\/\/amscb.com\/?p=1804\">CAMPA\u00d1A POR EL D\u00cdA MUNDIAL DE LA OSTEOG\u00c9NESIS IMPERFECTA<\/a><\/h5><\/div><div class=\"ui--blog-content\">\r\n\r\n\r\n\r\n\r\nCon motivo del D\u00eda Mundial de la\u00a0Osteog\u00e9nesis Imperfecta, que se celebra el 6 de mayo, queremos apoyar\u00a0la iniciativa que impulsan las asociaciones AMOI y AHUCE para conseguir\u00a0visibilidad, inversi\u00f3n en investigaci\u00f3n y formaci\u00f3n de profesionales.\r\n\r\nS\u00f3lo tienes que hacerte un selfie con el dedo \u00edndice de tu mano pintado de amarillo y ...<\/div><div class=\"ui--blog-readmore more-link\"><a class=\"btn btn-small btn-secondary muted\" href=\"https:\/\/amscb.com\/?p=1804\">Seguir leyendo<\/a><\/div><\/div><\/div><div class=\"ui--blog-item ui--animation ui--accent-gradient-hover-parent clearfix layout--mini\"><div class=\"ui--blog-side ui--blog-date ui--accent-gradient-hover-parent ui--box\"><h3><span class=\"ui--blog-date-day ui--accent-gradient-hover\">31<\/span><\/h3><h6 class=\"ui--blog-date-month ui--gradient ui--gradient-grey\"><span>Mar<\/span><\/h6><\/div><div class=\"ui--blog-content-wrapper\"><div class=\"ui--blog-header\"><h5 class=\"ui--blog-title entry-title\"><a class=\"ui--blog-link\" href=\"https:\/\/amscb.com\/?p=1797\">ABIERTO EL PLAZO DE INSCRIPCI\u00d3N PARA NUEVOS M\u00daSICOS<\/a><\/h5><\/div><div class=\"ui--blog-content\">Mediante este comunicado hacemos p\u00fablica la reuni\u00f3n informativa que tendr\u00e1 lugar el pr\u00f3ximo lunes 11 de abril a las 21:00 horas en la sede de la Cofrad\u00eda Santo Cristo de la Bienaventuranza (C\/Cipriano de la Huerga, 10). Invitamos a todas aquellas personas que nos quieran conocer un poco m\u00e1s y ...<\/div><div class=\"ui--blog-readmore more-link\"><a class=\"btn btn-small btn-secondary muted\" href=\"https:\/\/amscb.com\/?p=1797\">Seguir leyendo<\/a><\/div><\/div><\/div><div class=\"ui--blog-item ui--animation ui--accent-gradient-hover-parent clearfix layout--mini\"><div class=\"ui--blog-side ui--blog-date ui--accent-gradient-hover-parent ui--box\"><h3><span class=\"ui--blog-date-day ui--accent-gradient-hover\">18<\/span><\/h3><h6 class=\"ui--blog-date-month ui--gradient ui--gradient-grey\"><span>Mar<\/span><\/h6><\/div><div class=\"ui--blog-content-wrapper\"><div class=\"ui--blog-header\"><h5 class=\"ui--blog-title entry-title\"><a class=\"ui--blog-link\" href=\"https:\/\/amscb.com\/?p=1751\">SEMANA SANTA 2016 (PROCESIONES Y PASOS)<\/a><\/h5><\/div><div class=\"ui--blog-content\">Por fin, comienza nuestra Semana. La que escoger\u00edamos entre todas las del a\u00f1o. La que nos une y da sentido al trabajo que se lleva a cabo a lo largo del curso. Tiempo de devoci\u00f3n, penitencia, pasi\u00f3n y fe.\r\n\r\nInformamos, a continuaci\u00f3n, de las procesiones en las que participamos y los ...<\/div><div class=\"ui--blog-readmore more-link\"><a class=\"btn btn-small btn-secondary muted\" href=\"https:\/\/amscb.com\/?p=1751\">Seguir leyendo<\/a><\/div><\/div><\/div><div class=\"ui--blog-item ui--animation ui--accent-gradient-hover-parent clearfix layout--mini\"><div class=\"ui--blog-side ui--blog-date ui--accent-gradient-hover-parent ui--box\"><h3><span class=\"ui--blog-date-day ui--accent-gradient-hover\">17<\/span><\/h3><h6 class=\"ui--blog-date-month ui--gradient ui--gradient-grey\"><span>Mar<\/span><\/h6><\/div><div class=\"ui--blog-content-wrapper\"><div class=\"ui--blog-header\"><h5 class=\"ui--blog-title entry-title\"><a class=\"ui--blog-link\" href=\"https:\/\/amscb.com\/?p=1742\">REPERTORIO 2016<\/a><\/h5><\/div><div class=\"ui--blog-content\">El pasado domingo en la Iglesia de San Claudio, rodeados por nuestra familia y amigos y cobijados por las sagradas im\u00e1genes de nuestra Cofrad\u00eda, estren\u00e1bamos la marcha\u00a0Iesum Nazarenum. Dando por cerrado, as\u00ed, nuestro repertorio para la inminente Semana Santa.\r\n\r\n60 son las marchas con las que la Agrupaci\u00f3n cuenta para acompa\u00f1ar ...<\/div><div class=\"ui--blog-readmore more-link\"><a class=\"btn btn-small btn-secondary muted\" href=\"https:\/\/amscb.com\/?p=1742\">Seguir leyendo<\/a><\/div><\/div><\/div><div class=\"ui--blog-item ui--animation ui--accent-gradient-hover-parent clearfix layout--mini\"><div class=\"ui--blog-side ui--blog-date ui--accent-gradient-hover-parent ui--box\"><h3><span class=\"ui--blog-date-day ui--accent-gradient-hover\">10<\/span><\/h3><h6 class=\"ui--blog-date-month ui--gradient ui--gradient-grey\"><span>Mar<\/span><\/h6><\/div><div class=\"ui--blog-content-wrapper\"><div class=\"ui--blog-header\"><h5 class=\"ui--blog-title entry-title\"><a class=\"ui--blog-link\" href=\"https:\/\/amscb.com\/?p=1732\">PRESENTACI\u00d3N DE NUESTRO SE\u00d1OR JES\u00daS NAZARENO<\/a><\/h5><\/div><div class=\"ui--blog-content\">Este domingo, 13 de marzo, a las 13:30 horas en la Iglesia de San Claudio, se realizar\u00e1 la presentaci\u00f3n, solemne bendici\u00f3n y besapi\u00e9 de Nuestro Se\u00f1or Jes\u00fas Nazareno, imagen principal del nuevo conjunto escult\u00f3rico para nuestra Cofrad\u00eda Santo Cristo de la Bienaventuranza, realizado por Ana Rey y \u00c1ngel Pantoja.\r\n\r\nNos complace ...<\/div><div class=\"ui--blog-readmore more-link\"><a class=\"btn btn-small btn-secondary muted\" href=\"https:\/\/amscb.com\/?p=1732\">Seguir leyendo<\/a><\/div><\/div><\/div><div class=\"ui--blog-item ui--animation ui--accent-gradient-hover-parent clearfix layout--mini\"><div class=\"ui--blog-side ui--blog-date ui--accent-gradient-hover-parent ui--box\"><h3><span class=\"ui--blog-date-day ui--accent-gradient-hover\">08<\/span><\/h3><h6 class=\"ui--blog-date-month ui--gradient ui--gradient-grey\"><span>Mar<\/span><\/h6><\/div><div class=\"ui--blog-content-wrapper\"><div class=\"ui--blog-header\"><h5 class=\"ui--blog-title entry-title\"><a class=\"ui--blog-link\" href=\"https:\/\/amscb.com\/?p=1723\">CONCIERTO EN LA \u201cCASA DE GALICIA EN LE\u00d3N\u201d<\/a><\/h5><\/div><div class=\"ui--blog-content\">El s\u00e1bado, 12 de marzo, seremos los encargados de ofrecer el concierto de m\u00fasica de Semana Santa de la Casa de Galicia en Le\u00f3n (Carretera de Vilecha, s\/n, Trobajo del Cerecedo, Le\u00f3n). La asociaci\u00f3n abre sus puertas a todo aquel que desee asistir.\r\n\r\nLa actuaci\u00f3n dar\u00e1 comienzo a las 20:30 horas ...<\/div><div class=\"ui--blog-readmore more-link\"><a class=\"btn btn-small btn-secondary muted\" href=\"https:\/\/amscb.com\/?p=1723\">Seguir leyendo<\/a><\/div><\/div><\/div><div class=\"ui--blog-item ui--animation ui--accent-gradient-hover-parent clearfix layout--mini\"><div class=\"ui--blog-side ui--blog-date ui--accent-gradient-hover-parent ui--box\"><h3><span class=\"ui--blog-date-day ui--accent-gradient-hover\">01<\/span><\/h3><h6 class=\"ui--blog-date-month ui--gradient ui--gradient-grey\"><span>Mar<\/span><\/h6><\/div><div class=\"ui--blog-content-wrapper\"><div class=\"ui--blog-header\"><h5 class=\"ui--blog-title entry-title\"><a class=\"ui--blog-link\" href=\"https:\/\/amscb.com\/?p=1700\">CONCIERTO ENTREVARALES, SAN ANDR\u00c9S Y ASTORGA<\/a><\/h5><\/div><div class=\"ui--blog-content\">Intensa actividad para el fin de semana, con hasta tres actuaciones. Nuestra Agrupaci\u00f3n estar\u00e1 presente en el Concierto Entrevarales, el XX Certamen de Bandas de Semana Santa de San Andr\u00e9s del Rabanedo y el XXIII Certamen de Bandas de M\u00fasica de Semana Santa Ciudad de Astorga.\r\n\r\n\r\n\r\n\tConcierto Entrevarales: Se recupera el ...<\/div><div class=\"ui--blog-readmore more-link\"><a class=\"btn btn-small btn-secondary muted\" href=\"https:\/\/amscb.com\/?p=1700\">Seguir leyendo<\/a><\/div><\/div><\/div><div class=\"ui--blog-item ui--animation ui--accent-gradient-hover-parent clearfix layout--mini\"><div class=\"ui--blog-side ui--blog-date ui--accent-gradient-hover-parent ui--box\"><h3><span class=\"ui--blog-date-day ui--accent-gradient-hover\">08<\/span><\/h3><h6 class=\"ui--blog-date-month ui--gradient ui--gradient-grey\"><span>Feb<\/span><\/h6><\/div><div class=\"ui--blog-content-wrapper\"><div class=\"ui--blog-header\"><h5 class=\"ui--blog-title entry-title\"><a class=\"ui--blog-link\" href=\"https:\/\/amscb.com\/?p=1690\">CONCIERTO BEN\u00c9FICO AYUDEMOS A AURORA<\/a><\/h5><\/div><div class=\"ui--blog-content\">El s\u00e1bado, 20 de febrero, a las 19:00 horas en el Sal\u00f3n de Actos del Colegio Maristas San Jos\u00e9 (Le\u00f3n), celebraremos un concierto con fines ben\u00e9ficos a favor de Aurora.\r\n\r\nAurora es una ni\u00f1a de Gij\u00f3n que padece un Nevus Melanocitoco, una rara enfermedad que cubre parte del rostro y de ...<\/div><div class=\"ui--blog-readmore more-link\"><a class=\"btn btn-small btn-secondary muted\" href=\"https:\/\/amscb.com\/?p=1690\">Seguir leyendo<\/a><\/div><\/div><\/div><div class=\"ui--blog-item ui--animation ui--accent-gradient-hover-parent clearfix layout--mini\"><div class=\"ui--blog-side ui--blog-date ui--accent-gradient-hover-parent ui--box\"><h3><span class=\"ui--blog-date-day ui--accent-gradient-hover\">04<\/span><\/h3><h6 class=\"ui--blog-date-month ui--gradient ui--gradient-grey\"><span>Feb<\/span><\/h6><\/div><div class=\"ui--blog-content-wrapper\"><div class=\"ui--blog-header\"><h5 class=\"ui--blog-title entry-title\"><a class=\"ui--blog-link\" href=\"https:\/\/amscb.com\/?p=1687\">IV ANIVERSARIO (2012-2016)<\/a><\/h5><\/div><div class=\"ui--blog-content\">Hoy, 4 de febrero, conmemoramos el d\u00eda de nuestra presentaci\u00f3n como Agrupaci\u00f3n Musical Santo Cristo de la Bienaventuranza. La puesta en escena y concierto se produjo en el Auditorio Ciudad de Le\u00f3n en el a\u00f1o 2012.\r\n\r\nDesde esa fecha nos sentimos profundamente agradecidos y afortunados. Todo lo realizado y lo mucho ...<\/div><div class=\"ui--blog-readmore more-link\"><a class=\"btn btn-small btn-secondary muted\" href=\"https:\/\/amscb.com\/?p=1687\">Seguir leyendo<\/a><\/div><\/div><\/div><div class=\"ui--blog-item ui--animation ui--accent-gradient-hover-parent clearfix layout--mini\"><div class=\"ui--blog-side ui--blog-date ui--accent-gradient-hover-parent ui--box\"><h3><span class=\"ui--blog-date-day ui--accent-gradient-hover\">01<\/span><\/h3><h6 class=\"ui--blog-date-month ui--gradient ui--gradient-grey\"><span>Feb<\/span><\/h6><\/div><div class=\"ui--blog-content-wrapper\"><div class=\"ui--blog-header\"><h5 class=\"ui--blog-title entry-title\"><a class=\"ui--blog-link\" href=\"https:\/\/amscb.com\/?p=1681\">CONCIERTO IV ANIVERSARIO<\/a><\/h5><\/div><div class=\"ui--blog-content\">Celebramos nuestro aniversario con un concierto de marchas procesionales. Ser\u00e1 el s\u00e1bado, 6 de febrero, a partir de las 20:00 horas en el sal\u00f3n del Nuevo Recreo Industrial, con entrada libre hasta completar aforo.\r\n\r\nDurante el concierto interpretaremos parte de nuestro repertorio, destacando y presentando las nuevas composiciones para esta Semana ...<\/div><div class=\"ui--blog-readmore more-link\"><a class=\"btn btn-small btn-secondary muted\" href=\"https:\/\/amscb.com\/?p=1681\">Seguir leyendo<\/a><\/div><\/div><\/div><div class=\"ui--blog-item ui--animation ui--accent-gradient-hover-parent clearfix layout--mini\"><div class=\"ui--blog-side ui--blog-date ui--accent-gradient-hover-parent ui--box\"><h3><span class=\"ui--blog-date-day ui--accent-gradient-hover\">27<\/span><\/h3><h6 class=\"ui--blog-date-month ui--gradient ui--gradient-grey\"><span>Ene<\/span><\/h6><\/div><div class=\"ui--blog-content-wrapper\"><div class=\"ui--blog-header\"><h5 class=\"ui--blog-title entry-title\"><a class=\"ui--blog-link\" href=\"https:\/\/amscb.com\/?p=1677\">II CONCIERTO SOLIDARIO de M\u00fasica y Bailes<\/a><\/h5><\/div><div class=\"ui--blog-content\">El domingo, 31 de enero, a partir de las 18 horas en el Auditorio Ciudad de Le\u00f3n participamos en el concierto a favor de los ni\u00f1os en riesgo de exclusi\u00f3n social que acuden al Centro de Educaci\u00f3n Infantil\/Guarder\u00eda Hogar de la Esperanza.\r\n\r\nCon el fin de recaudar fondos y contribuir as\u00ed ...<\/div><div class=\"ui--blog-readmore more-link\"><a class=\"btn btn-small btn-secondary muted\" href=\"https:\/\/amscb.com\/?p=1677\">Seguir leyendo<\/a><\/div><\/div><\/div><div class=\"ui--blog-item ui--animation ui--accent-gradient-hover-parent clearfix layout--mini\"><div class=\"ui--blog-side ui--blog-date ui--accent-gradient-hover-parent ui--box\"><h3><span class=\"ui--blog-date-day ui--accent-gradient-hover\">04<\/span><\/h3><h6 class=\"ui--blog-date-month ui--gradient ui--gradient-grey\"><span>Ene<\/span><\/h6><\/div><div class=\"ui--blog-content-wrapper\"><div class=\"ui--blog-header\"><h5 class=\"ui--blog-title entry-title\"><a class=\"ui--blog-link\" href=\"https:\/\/amscb.com\/?p=1665\">CABALGATA DE REYES 2016 EN GIJ\u00d3N<\/a><\/h5><\/div><div class=\"ui--blog-content\">&nbsp;\r\n\r\nEl martes, d\u00eda 5 de enero, acompa\u00f1aremos a Sus Majestades los Reyes Magos en la tradicional Cabalgata de Gij\u00f3n. El recorrido de este a\u00f1o pasar\u00e1 por los barrios de Viesques, El Coto y La Arena para llegar a los Jardines de la Reina.\r\n\r\nA las 19:00 horas dar\u00e1 comienzo desde el ...<\/div><div class=\"ui--blog-readmore more-link\"><a class=\"btn btn-small btn-secondary muted\" href=\"https:\/\/amscb.com\/?p=1665\">Seguir leyendo<\/a><\/div><\/div><\/div><div class=\"ui--blog-item ui--animation ui--accent-gradient-hover-parent clearfix layout--mini\"><div class=\"ui--blog-side ui--blog-date ui--accent-gradient-hover-parent ui--box\"><h3><span class=\"ui--blog-date-day ui--accent-gradient-hover\">25<\/span><\/h3><h6 class=\"ui--blog-date-month ui--gradient ui--gradient-grey\"><span>Dic<\/span><\/h6><\/div><div class=\"ui--blog-content-wrapper\"><div class=\"ui--blog-header\"><h5 class=\"ui--blog-title entry-title\"><a class=\"ui--blog-link\" href=\"https:\/\/amscb.com\/?p=1660\">SEGUNDO PASACALLES DE NAVIDAD<\/a><\/h5><\/div><div class=\"ui--blog-content\">El s\u00e1bado 26 de diciembre realizaremos nuestro segundo pasacalles navide\u00f1o, enmarcado dentro del programa de fiestas de Navidad del Ayuntamiento de Le\u00f3n\r\nComenzar\u00e1 a las 20:00 horas desde la Plaza de San Isidoro recorriendo, a continuaci\u00f3n, la Plaza de Torres de Oma\u00f1a, Calle Ancha, Plaza de San Marcelo y finalizando en ...<\/div><div class=\"ui--blog-readmore more-link\"><a class=\"btn btn-small btn-secondary muted\" href=\"https:\/\/amscb.com\/?p=1660\">Seguir leyendo<\/a><\/div><\/div><\/div><div class=\"ui--blog-item ui--animation ui--accent-gradient-hover-parent clearfix layout--mini\"><div class=\"ui--blog-side ui--blog-date ui--accent-gradient-hover-parent ui--box\"><h3><span class=\"ui--blog-date-day ui--accent-gradient-hover\">19<\/span><\/h3><h6 class=\"ui--blog-date-month ui--gradient ui--gradient-grey\"><span>Dic<\/span><\/h6><\/div><div class=\"ui--blog-content-wrapper\"><div class=\"ui--blog-header\"><h5 class=\"ui--blog-title entry-title\"><a class=\"ui--blog-link\" href=\"https:\/\/amscb.com\/?p=1656\">BESAMANOS A NUESTRA SE\u00d1ORA DE LA ESPERANZA<\/a><\/h5><\/div><div class=\"ui--blog-content\">18 de diciembre, festividad de Nuestra Se\u00f1ora de la Esperanza. Por este motivo la imagen de la Sacramental y Penitencial Cofrad\u00eda de Nuestro Padre Jes\u00fas Sacramentado y Mar\u00eda Sant\u00edsima de la Piedad, Amparo de los Leoneses; ser\u00e1 expuesta en solemne besamanos el s\u00e1bado 19 en la Real Bas\u00edlica de San ...<\/div><div class=\"ui--blog-readmore more-link\"><a class=\"btn btn-small btn-secondary muted\" href=\"https:\/\/amscb.com\/?p=1656\">Seguir leyendo<\/a><\/div><\/div><\/div><div class=\"ui--blog-item ui--animation ui--accent-gradient-hover-parent clearfix layout--mini\"><div class=\"ui--blog-side ui--blog-date ui--accent-gradient-hover-parent ui--box\"><h3><span class=\"ui--blog-date-day ui--accent-gradient-hover\">17<\/span><\/h3><h6 class=\"ui--blog-date-month ui--gradient ui--gradient-grey\"><span>Dic<\/span><\/h6><\/div><div class=\"ui--blog-content-wrapper\"><div class=\"ui--blog-header\"><h5 class=\"ui--blog-title entry-title\"><a class=\"ui--blog-link\" href=\"https:\/\/amscb.com\/?p=1651\">PASACALLES Y CONCIERTO NAVIDE\u00d1O<\/a><\/h5><\/div><div class=\"ui--blog-content\">Desde la Agrupaci\u00f3n Musical Santo Cristo de la Bienaventuranza queremos celebrar la Navidad, y qu\u00e9 mejor manera que hacerlo con m\u00fasica, solidaridad y con todos vosotros.\r\n\r\nEl s\u00e1bado 19 de diciembre os esperamos en el pasacalles que realizaremos por el barrio de San Claudio, partiendo desde El Corte Ingl\u00e9s a las ...<\/div><div class=\"ui--blog-readmore more-link\"><a class=\"btn btn-small btn-secondary muted\" href=\"https:\/\/amscb.com\/?p=1651\">Seguir leyendo<\/a><\/div><\/div><\/div><div class=\"ui--blog-item ui--animation ui--accent-gradient-hover-parent clearfix layout--mini\"><div class=\"ui--blog-side ui--blog-date ui--accent-gradient-hover-parent ui--box\"><h3><span class=\"ui--blog-date-day ui--accent-gradient-hover\">13<\/span><\/h3><h6 class=\"ui--blog-date-month ui--gradient ui--gradient-grey\"><span>Nov<\/span><\/h6><\/div><div class=\"ui--blog-content-wrapper\"><div class=\"ui--blog-header\"><h5 class=\"ui--blog-title entry-title\"><a class=\"ui--blog-link\" href=\"https:\/\/amscb.com\/?p=1638\">Bendici\u00f3n Mar\u00eda Santisima de la Misericordia<\/a><\/h5><\/div><div class=\"ui--blog-content\">Este pr\u00f3ximo domingo 15 de Noviembre tendremos el honor de acompa\u00f1ar a la nueva imagen de nuestra cofrad\u00eda\u00a0Mar\u00eda Sant\u00edsima de la Misericordia por las calles de nuestro barrio de San Claudio.\r\n\r\nEl recorrido\u00a0se iniciar\u00e1 desde nuestra capilla a partir de las 11:30, teniendo lugar un besamanos al t\u00e9rmino de la misma ...<\/div><div class=\"ui--blog-readmore more-link\"><a class=\"btn btn-small btn-secondary muted\" href=\"https:\/\/amscb.com\/?p=1638\">Seguir leyendo<\/a><\/div><\/div><\/div><div class=\"ui--blog-item ui--animation ui--accent-gradient-hover-parent clearfix layout--mini\"><div class=\"ui--blog-side ui--blog-date ui--accent-gradient-hover-parent ui--box\"><h3><span class=\"ui--blog-date-day ui--accent-gradient-hover\">05<\/span><\/h3><h6 class=\"ui--blog-date-month ui--gradient ui--gradient-grey\"><span>Nov<\/span><\/h6><\/div><div class=\"ui--blog-content-wrapper\"><div class=\"ui--blog-header\"><h5 class=\"ui--blog-title entry-title\"><a class=\"ui--blog-link\" href=\"https:\/\/amscb.com\/?p=1629\">Expo Essar<\/a><\/h5><\/div><div class=\"ui--blog-content\">Estimados amigos. Con la llegada del oto\u00f1o comienzan a acumularse las actuaciones de la agrupaci\u00f3n musical Santo Cristo de la Bienaventuranza, y por ello os queremos informar que este pr\u00f3ximo s\u00e1bado 7 de noviembre, nuestra agrupaci\u00f3n actuar\u00e1 junto con la Banda de cornetas y tambores de la Cofrad\u00eda del Santo ...<\/div><div class=\"ui--blog-readmore more-link\"><a class=\"btn btn-small btn-secondary muted\" href=\"https:\/\/amscb.com\/?p=1629\">Seguir leyendo<\/a><\/div><\/div><\/div><div class=\"ui--blog-item ui--animation ui--accent-gradient-hover-parent clearfix layout--mini\"><div class=\"ui--blog-side ui--blog-date ui--accent-gradient-hover-parent ui--box\"><h3><span class=\"ui--blog-date-day ui--accent-gradient-hover\">22<\/span><\/h3><h6 class=\"ui--blog-date-month ui--gradient ui--gradient-grey\"><span>Oct<\/span><\/h6><\/div><div class=\"ui--blog-content-wrapper\"><div class=\"ui--blog-header\"><h5 class=\"ui--blog-title entry-title\"><a class=\"ui--blog-link\" href=\"https:\/\/amscb.com\/?p=1623\">San Claudio 2015<\/a><\/h5><\/div><div class=\"ui--blog-content\">Este domingo 25 de Octubre el barrio de San Claudio volver\u00e1 a sonar a Bienaventuranza.\r\n\r\n&nbsp;\r\n\r\nEste pr\u00f3ximo domingo tendremos nuestra primera actuaci\u00f3n del curso cofrade 2015-16 en nuestro querido barrio de San Claudio con motivo de la toma de posesi\u00f3n de Do\u00f1a Maria Jos\u00e9 Gonz\u00e1lez Chamorro as\u00ed como de la festividad ...<\/div><div class=\"ui--blog-readmore more-link\"><a class=\"btn btn-small btn-secondary muted\" href=\"https:\/\/amscb.com\/?p=1623\">Seguir leyendo<\/a><\/div><\/div><\/div><div class=\"ui--blog-item ui--animation ui--accent-gradient-hover-parent clearfix layout--mini\"><div class=\"ui--blog-side ui--blog-date ui--accent-gradient-hover-parent ui--box\"><h3><span class=\"ui--blog-date-day ui--accent-gradient-hover\">20<\/span><\/h3><h6 class=\"ui--blog-date-month ui--gradient ui--gradient-grey\"><span>Mar<\/span><\/h6><\/div><div class=\"ui--blog-content-wrapper\"><div class=\"ui--blog-header\"><h5 class=\"ui--blog-title entry-title\"><a class=\"ui--blog-link\" href=\"https:\/\/amscb.com\/?p=1606\">VI Certamen Nacional de Bandas, Carbajosa de la Sagrada, Salamanca<\/a><\/h5><\/div><div class=\"ui--blog-content\">Este domingo 22 de Marzo cerraremos esta Cuaresma 2015 en la localidad de Carbajosa de la Sagrada, Salamanca, en el VI Certamen Nacional de Bandas.\r\n\r\n&nbsp;\r\n\r\nEl acto se iniciar\u00e1 en torno a las 11:00 de la ma\u00f1ana con un peque\u00f1o pasacalles, inici\u00e1ndose el certamen a las 11:30.\r\n\r\n&nbsp;\r\n\r\nEl repertorio elegido para la ...<\/div><div class=\"ui--blog-readmore more-link\"><a class=\"btn btn-small btn-secondary muted\" href=\"https:\/\/amscb.com\/?p=1606\">Seguir leyendo<\/a><\/div><\/div><\/div><div class=\"ui--blog-item ui--animation ui--accent-gradient-hover-parent clearfix layout--mini\"><div class=\"ui--blog-side ui--blog-date ui--accent-gradient-hover-parent ui--box\"><h3><span class=\"ui--blog-date-day ui--accent-gradient-hover\">13<\/span><\/h3><h6 class=\"ui--blog-date-month ui--gradient ui--gradient-grey\"><span>Mar<\/span><\/h6><\/div><div class=\"ui--blog-content-wrapper\"><div class=\"ui--blog-header\"><h5 class=\"ui--blog-title entry-title\"><a class=\"ui--blog-link\" href=\"https:\/\/amscb.com\/?p=1601\">X Aniversario de la Imagen \u201cNuestro Se\u00f1or Jesus Nazareno\u201d<\/a><\/h5><\/div><div class=\"ui--blog-content\">Con motivo del X Aniversario de la Imagen \u201cNuestro Se\u00f1or Jesus Nazareno\u201d, el pr\u00f3ximo s\u00e1bado, 14 de marzo, a las 19:00 horas, nuestra Cofrad\u00eda del Santo Cristo de la Bienaventuranza dedica una solemne eucarist\u00eda en su honor, en su sede can\u00f3nica, la iglesia de San Claudio.\r\n\r\nA la culminaci\u00f3n de este ...<\/div><div class=\"ui--blog-readmore more-link\"><a class=\"btn btn-small btn-secondary muted\" href=\"https:\/\/amscb.com\/?p=1601\">Seguir leyendo<\/a><\/div><\/div><\/div><div class=\"ui--blog-item ui--animation ui--accent-gradient-hover-parent clearfix layout--mini\"><div class=\"ui--blog-side ui--blog-date ui--accent-gradient-hover-parent ui--box\"><h3><span class=\"ui--blog-date-day ui--accent-gradient-hover\">12<\/span><\/h3><h6 class=\"ui--blog-date-month ui--gradient ui--gradient-grey\"><span>Mar<\/span><\/h6><\/div><div class=\"ui--blog-content-wrapper\"><div class=\"ui--blog-header\"><h5 class=\"ui--blog-title entry-title\"><a class=\"ui--blog-link\" href=\"https:\/\/amscb.com\/?p=1597\">I  CERTAMEN DE BANDAS DE SEMANA SANTA &#8211; LE\u00d3N PLAZA<\/a><\/h5><\/div><div class=\"ui--blog-content\">Este s\u00e1bado 14 de Marzo actuaremos en el Centro Comercial LE\u00d3N PLAZA para participar en el I CERTAMEN DE BANDAS DE SEMANA SANTA 2015.\r\n\r\nLa entrada ser\u00e1 libre, comenzando el concierto a las 19:00 en la segunda planta del recinto en una sala habilitada para este evento.\r\n\r\n&nbsp;\r\n\r\n\u00a1OS ESPERAMOS!\r\n\r\n <\/div><div class=\"ui--blog-readmore more-link\"><a class=\"btn btn-small btn-secondary muted\" href=\"https:\/\/amscb.com\/?p=1597\">Seguir leyendo<\/a><\/div><\/div><\/div><div class=\"ui--blog-item ui--animation ui--accent-gradient-hover-parent clearfix layout--mini\"><div class=\"ui--blog-side ui--blog-date ui--accent-gradient-hover-parent ui--box\"><h3><span class=\"ui--blog-date-day ui--accent-gradient-hover\">06<\/span><\/h3><h6 class=\"ui--blog-date-month ui--gradient ui--gradient-grey\"><span>Mar<\/span><\/h6><\/div><div class=\"ui--blog-content-wrapper\"><div class=\"ui--blog-header\"><h5 class=\"ui--blog-title entry-title\"><a class=\"ui--blog-link\" href=\"https:\/\/amscb.com\/?p=1593\">VII Convivencia Musical Nazareno y Soledad (Astorga)<\/a><\/h5><\/div><div class=\"ui--blog-content\">Este s\u00e1bado nos desplazaremos a la localidad de Astorga con motivo de la VII Convivencia Musical Nazareno y Soledad, organizada por nuestros compa\u00f1eros de La Banda de Cornetas y Tambores Nazareno y Soledad.\r\n\r\nEl acto comenzar\u00e1 a las 19:30 en el Sal\u00f3n de Actos del Instituto de Ense\u00f1anza Secundaria de Astorga, ...<\/div><div class=\"ui--blog-readmore more-link\"><a class=\"btn btn-small btn-secondary muted\" href=\"https:\/\/amscb.com\/?p=1593\">Seguir leyendo<\/a><\/div><\/div><\/div><div class=\"ui--blog-item ui--animation ui--accent-gradient-hover-parent clearfix layout--mini\"><div class=\"ui--blog-side ui--blog-date ui--accent-gradient-hover-parent ui--box\"><h3><span class=\"ui--blog-date-day ui--accent-gradient-hover\">24<\/span><\/h3><h6 class=\"ui--blog-date-month ui--gradient ui--gradient-grey\"><span>Feb<\/span><\/h6><\/div><div class=\"ui--blog-content-wrapper\"><div class=\"ui--blog-header\"><h5 class=\"ui--blog-title entry-title\"><a class=\"ui--blog-link\" href=\"https:\/\/amscb.com\/?p=1585\">Serva la bari<\/a><\/h5><\/div><div class=\"ui--blog-content\">Este pr\u00f3ximo s\u00e1bado 28 de Febrero cumpliremos el sue\u00f1o de ofrecer nuestra m\u00fasica en Sevilla, cuna del estilo de Agrupaci\u00f3n Musical.\r\n\r\nSer\u00e1n dos los cert\u00e1menes a los que tendremos el honor de aportar nuestros sones, el XV CERTAMEN DE MARCHAS PROCESIONALES HERMANDAD DE JESUS DESPOJADO y el II CERTAMEN DE BANDAS ...<\/div><div class=\"ui--blog-readmore more-link\"><a class=\"btn btn-small btn-secondary muted\" href=\"https:\/\/amscb.com\/?p=1585\">Seguir leyendo<\/a><\/div><\/div><\/div><div class=\"ui--blog-item ui--animation ui--accent-gradient-hover-parent clearfix layout--mini\"><div class=\"ui--blog-side ui--blog-date ui--accent-gradient-hover-parent ui--box\"><h3><span class=\"ui--blog-date-day ui--accent-gradient-hover\">04<\/span><\/h3><h6 class=\"ui--blog-date-month ui--gradient ui--gradient-grey\"><span>Feb<\/span><\/h6><\/div><div class=\"ui--blog-content-wrapper\"><div class=\"ui--blog-header\"><h5 class=\"ui--blog-title entry-title\"><a class=\"ui--blog-link\" href=\"https:\/\/amscb.com\/?p=1578\">Y parece que fue ayer\u2026<\/a><\/h5><\/div><div class=\"ui--blog-content\">En un d\u00eda como hoy es muy sencillo cerrar los ojos y trasladarse en el tiempo a la m\u00e1gica tarde del 4 de Febrero\u00a0de 2012, donde poco m\u00e1s de 60 m\u00fasicos cofrades se consum\u00edan de nervios ante su puesta de largo \u201coficial\u201d, ante la ciudad de Le\u00f3n.\r\n\r\n1095 d\u00edas han pasado, ...<\/div><div class=\"ui--blog-readmore more-link\"><a class=\"btn btn-small btn-secondary muted\" href=\"https:\/\/amscb.com\/?p=1578\">Seguir leyendo<\/a><\/div><\/div><\/div><div class=\"ui--blog-item ui--animation ui--accent-gradient-hover-parent clearfix layout--mini\"><div class=\"ui--blog-side ui--blog-date ui--accent-gradient-hover-parent ui--box\"><h3><span class=\"ui--blog-date-day ui--accent-gradient-hover\">30<\/span><\/h3><h6 class=\"ui--blog-date-month ui--gradient ui--gradient-grey\"><span>Ene<\/span><\/h6><\/div><div class=\"ui--blog-content-wrapper\"><div class=\"ui--blog-header\"><h5 class=\"ui--blog-title entry-title\"><a class=\"ui--blog-link\" href=\"https:\/\/amscb.com\/?p=1573\">Concierto III Aniversario<\/a><\/h5><\/div><div class=\"ui--blog-content\">Como cada a\u00f1o en estas fechas y en esta ocasi\u00f3n con motivo de la celebraci\u00f3n del tercer aniversario de la AMSCB, tendr\u00e1 lugar un concierto el s\u00e1bado d\u00eda 7 de febrero a las 20 horas en el sal\u00f3n del Nuevo Recreo Industrial. La entrada ser\u00e1 gratuita hasta completar el aforo.\r\n\r\nTe ...<\/div><div class=\"ui--blog-readmore more-link\"><a class=\"btn btn-small btn-secondary muted\" href=\"https:\/\/amscb.com\/?p=1573\">Seguir leyendo<\/a><\/div><\/div><\/div><div class=\"ui--blog-item ui--animation ui--accent-gradient-hover-parent clearfix layout--mini\"><div class=\"ui--blog-side ui--blog-date ui--accent-gradient-hover-parent ui--box\"><h3><span class=\"ui--blog-date-day ui--accent-gradient-hover\">29<\/span><\/h3><h6 class=\"ui--blog-date-month ui--gradient ui--gradient-grey\"><span>Ene<\/span><\/h6><\/div><div class=\"ui--blog-content-wrapper\"><div class=\"ui--blog-header\"><h5 class=\"ui--blog-title entry-title\"><a class=\"ui--blog-link\" href=\"https:\/\/amscb.com\/?p=1569\">&#8216;CONCIERTO BANDAS DE SEMANA SANTA\u2019 EN BENEFICIO DE FUNDACI\u00d3N GITANA HOGAR DE LA ESPERANZA<\/a><\/h5><\/div><div class=\"ui--blog-content\">El s\u00e1bado 31 de Enero actuaremos en el Auditorio Ciudad de Le\u00f3n en favor de la \u201cFundaci\u00f3n Hogar de la Esperanza\u201d. El concierto comenzar\u00e1 a las 18:00, pudiendo retirarse las entradas en horario de 16:00 a 20:30 durante toda esta semana, as\u00ed como el propio d\u00eda del concierto en las ...<\/div><div class=\"ui--blog-readmore more-link\"><a class=\"btn btn-small btn-secondary muted\" href=\"https:\/\/amscb.com\/?p=1569\">Seguir leyendo<\/a><\/div><\/div><\/div><div class=\"ui--blog-item ui--animation ui--accent-gradient-hover-parent clearfix layout--mini\"><div class=\"ui--blog-side ui--blog-date ui--accent-gradient-hover-parent ui--box\"><h3><span class=\"ui--blog-date-day ui--accent-gradient-hover\">05<\/span><\/h3><h6 class=\"ui--blog-date-month ui--gradient ui--gradient-grey\"><span>Ene<\/span><\/h6><\/div><div class=\"ui--blog-content-wrapper\"><div class=\"ui--blog-header\"><h5 class=\"ui--blog-title entry-title\"><a class=\"ui--blog-link\" href=\"https:\/\/amscb.com\/?p=1566\">Reyes 2015<\/a><\/h5><\/div><div class=\"ui--blog-content\">Como ya viene siendo tradici\u00f3n desde el estreno de la agrupaci\u00f3n en el a\u00f1o 2012 esta noche volveremos acompa\u00f1ar a sus majestades los Reyes de oriente en la localidad de Gij\u00f3n.\r\n\r\nEn este a\u00f1o 2015 se rescata el recorrido m\u00e1s extenso de la cabalgata, comenzando la misma a las 18:30 horas ...<\/div><div class=\"ui--blog-readmore more-link\"><a class=\"btn btn-small btn-secondary muted\" href=\"https:\/\/amscb.com\/?p=1566\">Seguir leyendo<\/a><\/div><\/div><\/div><div class=\"ui--blog-item ui--animation ui--accent-gradient-hover-parent clearfix layout--mini\"><div class=\"ui--blog-side ui--blog-date ui--accent-gradient-hover-parent ui--box\"><h3><span class=\"ui--blog-date-day ui--accent-gradient-hover\">19<\/span><\/h3><h6 class=\"ui--blog-date-month ui--gradient ui--gradient-grey\"><span>Dic<\/span><\/h6><\/div><div class=\"ui--blog-content-wrapper\"><div class=\"ui--blog-header\"><h5 class=\"ui--blog-title entry-title\"><a class=\"ui--blog-link\" href=\"https:\/\/amscb.com\/?p=1560\">VELADA NAVIDE\u00d1A Y RECOGIDA DE ALIMENTOS.<\/a><\/h5><\/div><div class=\"ui--blog-readmore more-link\"><a class=\"btn btn-small btn-secondary muted\" href=\"https:\/\/amscb.com\/?p=1560\">Seguir leyendo<\/a><\/div><\/div><\/div><div class=\"ui--blog-item ui--animation ui--accent-gradient-hover-parent clearfix layout--mini\"><div class=\"ui--blog-side ui--blog-date ui--accent-gradient-hover-parent ui--box\"><h3><span class=\"ui--blog-date-day ui--accent-gradient-hover\">20<\/span><\/h3><h6 class=\"ui--blog-date-month ui--gradient ui--gradient-grey\"><span>Nov<\/span><\/h6><\/div><div class=\"ui--blog-content-wrapper\"><div class=\"ui--blog-header\"><h5 class=\"ui--blog-title entry-title\"><a class=\"ui--blog-link\" href=\"https:\/\/amscb.com\/?p=1551\">Conciertos Santa Cecilia 2014<\/a><\/h5><\/div><div class=\"ui--blog-content\">Como no pod\u00eda ser de otra forma volveremos a honrar a la patrona de la m\u00fasica con dos actuaciones en este nuevo curso cofrade.\r\n\r\nEL viernes 21 de noviembre actuaremos en el Auditorio Ciudad de Le\u00f3n en el tradicional certamen organizado por el Ayuntamiento de Le\u00f3n. La apertura de puertas se ...<\/div><div class=\"ui--blog-readmore more-link\"><a class=\"btn btn-small btn-secondary muted\" href=\"https:\/\/amscb.com\/?p=1551\">Seguir leyendo<\/a><\/div><\/div><\/div><div class=\"ui--blog-item ui--animation ui--accent-gradient-hover-parent clearfix layout--mini\"><div class=\"ui--blog-side ui--blog-date ui--accent-gradient-hover-parent ui--box\"><h3><span class=\"ui--blog-date-day ui--accent-gradient-hover\">22<\/span><\/h3><h6 class=\"ui--blog-date-month ui--gradient ui--gradient-grey\"><span>Oct<\/span><\/h6><\/div><div class=\"ui--blog-content-wrapper\"><div class=\"ui--blog-header\"><h5 class=\"ui--blog-title entry-title\"><a class=\"ui--blog-link\" href=\"https:\/\/amscb.com\/?p=1546\">San Claudio 2014<\/a><\/h5><\/div><div class=\"ui--blog-content\">Otro a\u00f1o m\u00e1s volveremos a recorrer las calles de nuestro querido barrio de San Claudio para \u00a0iniciar la temporada \u201coficial\u201d de actuaciones.\r\n\r\nEn torno a las 11:30 de la ma\u00f1ana iniciaremos un pasacalles en paso ordinario que nos llevara desde la sede social de la cofrad\u00eda, situada en la C\/ Cipriano ...<\/div><div class=\"ui--blog-readmore more-link\"><a class=\"btn btn-small btn-secondary muted\" href=\"https:\/\/amscb.com\/?p=1546\">Seguir leyendo<\/a><\/div><\/div><\/div><div class=\"ui--blog-item ui--animation ui--accent-gradient-hover-parent clearfix layout--mini\"><div class=\"ui--blog-side ui--blog-date ui--accent-gradient-hover-parent ui--box\"><h3><span class=\"ui--blog-date-day ui--accent-gradient-hover\">04<\/span><\/h3><h6 class=\"ui--blog-date-month ui--gradient ui--gradient-grey\"><span>Sep<\/span><\/h6><\/div><div class=\"ui--blog-content-wrapper\"><div class=\"ui--blog-header\"><h5 class=\"ui--blog-title entry-title\"><a class=\"ui--blog-link\" href=\"https:\/\/amscb.com\/?p=1541\">Vuelta a los ensayos.<\/a><\/h5><\/div><div class=\"ui--blog-content\">Tras el par\u00f3n estival este pr\u00f3ximo lunes 8\u00a0 de Septiembre retomamos los ensayos de cara a la Semana Santa de 2015.\r\n\r\nSigue abierto el plazo de inscripci\u00f3n a la agrupaci\u00f3n, ponte en contacto con nosotros a trav\u00e9s del mail direccion@amscb.com, en el tel\u00e9fono 635566120\u00a0 o acude a nuestro ensayo el pr\u00f3ximo ...<\/div><div class=\"ui--blog-readmore more-link\"><a class=\"btn btn-small btn-secondary muted\" href=\"https:\/\/amscb.com\/?p=1541\">Seguir leyendo<\/a><\/div><\/div><\/div><div class=\"ui--blog-item ui--animation ui--accent-gradient-hover-parent clearfix layout--mini\"><div class=\"ui--blog-side ui--blog-date ui--accent-gradient-hover-parent ui--box\"><h3><span class=\"ui--blog-date-day ui--accent-gradient-hover\">22<\/span><\/h3><h6 class=\"ui--blog-date-month ui--gradient ui--gradient-grey\"><span>Abr<\/span><\/h6><\/div><div class=\"ui--blog-content-wrapper\"><div class=\"ui--blog-header\"><h5 class=\"ui--blog-title entry-title\"><a class=\"ui--blog-link\" href=\"https:\/\/amscb.com\/?p=1535\">Plazo de inscripci\u00f3n para nuevos m\u00fasicos<\/a><\/h5><\/div><div class=\"ui--blog-content\">Tras la finalizaci\u00f3n de la Semana Santa de 2014, queda abierto el plazo de inscripci\u00f3n para nuevos m\u00fasicos de cara a la temporada 2014\/2015. Os recordamos que no son necesarios conocimientos musicales, ni tener ninguno instrumento propio.\r\n\r\nPod\u00e9is poneros en contacto con la direcci\u00f3n a trav\u00e9s del correo electr\u00f3nico direccion@amscb.com o ...<\/div><div class=\"ui--blog-readmore more-link\"><a class=\"btn btn-small btn-secondary muted\" href=\"https:\/\/amscb.com\/?p=1535\">Seguir leyendo<\/a><\/div><\/div><\/div><div class=\"ui--blog-item ui--animation ui--accent-gradient-hover-parent clearfix layout--mini\"><div class=\"ui--blog-side ui--blog-date ui--accent-gradient-hover-parent ui--box\"><h3><span class=\"ui--blog-date-day ui--accent-gradient-hover\">11<\/span><\/h3><h6 class=\"ui--blog-date-month ui--gradient ui--gradient-grey\"><span>Abr<\/span><\/h6><\/div><div class=\"ui--blog-content-wrapper\"><div class=\"ui--blog-header\"><h5 class=\"ui--blog-title entry-title\"><a class=\"ui--blog-link\" href=\"https:\/\/amscb.com\/?p=1525\">Nuestra Semana\u2026<\/a><\/h5><\/div><div class=\"ui--blog-content\">Parece que fue ayer cuando tras el descanso estival volv\u00edamos a retomar los ensayos con toda la ilusi\u00f3n del mundo para preparar nuestra semana grande.\u00a0 Hoy,\u00a0 7 meses despu\u00e9s se puede oler ya el incienso en las calles leonesas y escuchar el rasear de nuestros hermanos braceros, porque ya casi ...<\/div><div class=\"ui--blog-readmore more-link\"><a class=\"btn btn-small btn-secondary muted\" href=\"https:\/\/amscb.com\/?p=1525\">Seguir leyendo<\/a><\/div><\/div><\/div><div class=\"ui--blog-item ui--animation ui--accent-gradient-hover-parent clearfix layout--mini\"><div class=\"ui--blog-side ui--blog-date ui--accent-gradient-hover-parent ui--box\"><h3><span class=\"ui--blog-date-day ui--accent-gradient-hover\">04<\/span><\/h3><h6 class=\"ui--blog-date-month ui--gradient ui--gradient-grey\"><span>Abr<\/span><\/h6><\/div><div class=\"ui--blog-content-wrapper\"><div class=\"ui--blog-header\"><h5 class=\"ui--blog-title entry-title\"><a class=\"ui--blog-link\" href=\"https:\/\/amscb.com\/?p=1507\">Fin de Semana 4\/6 Abril<\/a><\/h5><\/div><div class=\"ui--blog-content\">Y parece que fue ayer cuando empez\u00e1bamos a descontar d\u00edas en esta cuaresma 2014 y ya nos encontramos ante las \u00faltimas actuaciones para enfilar los \u00faltimos d\u00edas previos a que Le\u00f3n vuelva a ser ciudad de Semana Santa.\r\n\r\nEl s\u00e1bado 5 de Abril clausuraremos el tradicional certamen de bandas organizado por ...<\/div><div class=\"ui--blog-readmore more-link\"><a class=\"btn btn-small btn-secondary muted\" href=\"https:\/\/amscb.com\/?p=1507\">Seguir leyendo<\/a><\/div><\/div><\/div><div class=\"ui--blog-item ui--animation ui--accent-gradient-hover-parent clearfix layout--mini\"><div class=\"ui--blog-side ui--blog-date ui--accent-gradient-hover-parent ui--box\"><h3><span class=\"ui--blog-date-day ui--accent-gradient-hover\">27<\/span><\/h3><h6 class=\"ui--blog-date-month ui--gradient ui--gradient-grey\"><span>Mar<\/span><\/h6><\/div><div class=\"ui--blog-content-wrapper\"><div class=\"ui--blog-header\"><h5 class=\"ui--blog-title entry-title\"><a class=\"ui--blog-link\" href=\"https:\/\/amscb.com\/?p=1497\">Fin de Semana 28\/30 Marzo<\/a><\/h5><\/div><div class=\"ui--blog-content\">Este fin de semana participaremos en dos nuevos actos para seguir descontando d\u00edas en este Cuaresma 2014 que poco a poco va llegando a su fin.\r\n\r\nEL viernes 28 participaremos por segundo a\u00f1o consecutivo en el certamen que organiza la taberna cofrade Entrevarales\u00a0 situada en la C \/ La R\u00faa junto ...<\/div><div class=\"ui--blog-readmore more-link\"><a class=\"btn btn-small btn-secondary muted\" href=\"https:\/\/amscb.com\/?p=1497\">Seguir leyendo<\/a><\/div><\/div><\/div><div class=\"ui--blog-item ui--animation ui--accent-gradient-hover-parent clearfix layout--mini\"><div class=\"ui--blog-side ui--blog-date ui--accent-gradient-hover-parent ui--box\"><h3><span class=\"ui--blog-date-day ui--accent-gradient-hover\">19<\/span><\/h3><h6 class=\"ui--blog-date-month ui--gradient ui--gradient-grey\"><span>Mar<\/span><\/h6><\/div><div class=\"ui--blog-content-wrapper\"><div class=\"ui--blog-header\"><h5 class=\"ui--blog-title entry-title\"><a class=\"ui--blog-link\" href=\"https:\/\/amscb.com\/?p=1493\">V\u00eddeo del concierto ben\u00e9fico AM SCB y AM VR completo y en HD<\/a><\/h5><\/div><div class=\"ui--blog-content\">Este es el resumen de c\u00f3mo un 16 de Marzo de 2014 el Auditorio Ciudad de Le\u00f3n se llen\u00f3 de m\u00fasica cofrade y a pesar de los cientos de kil\u00f3metros que nos separan, el estilo sevillano de agrupaci\u00f3n musical son\u00f3 con m\u00e1s fuerza que nunca.\r\n\r\nLa ma\u00f1ana comenz\u00f3 con la actuaci\u00f3n ...<\/div><div class=\"ui--blog-readmore more-link\"><a class=\"btn btn-small btn-secondary muted\" href=\"https:\/\/amscb.com\/?p=1493\">Seguir leyendo<\/a><\/div><\/div><\/div><div class=\"ui--blog-item ui--animation ui--accent-gradient-hover-parent clearfix layout--mini\"><div class=\"ui--blog-side ui--blog-date ui--accent-gradient-hover-parent ui--box\"><h3><span class=\"ui--blog-date-day ui--accent-gradient-hover\">27<\/span><\/h3><h6 class=\"ui--blog-date-month ui--gradient ui--gradient-grey\"><span>Feb<\/span><\/h6><\/div><div class=\"ui--blog-content-wrapper\"><div class=\"ui--blog-header\"><h5 class=\"ui--blog-title entry-title\"><a class=\"ui--blog-link\" href=\"https:\/\/amscb.com\/?p=1486\">\u00a1\u00a1VENTA DE ENTRADAS, CONCIERTO DE LOS REYES!!<\/a><\/h5><\/div><div class=\"ui--blog-content\">\u202a#\u200elosreyesenleon\u202c @SCBleon @AMSCB_LEON @AgrupacionVR\r\n\r\nA partir de ma\u00f1ana, d\u00eda 28 de febrero, estar\u00e1n disponibles las entradas para el concierto del d\u00eda 16 de marzo, en el Auditorio de Le\u00f3n, de la Agrupaci\u00f3n Musical Nuestra Se\u00f1ora de los Reyes y la Agrupaci\u00f3n Musical de la Cofrad\u00eda Santo Cristo de la Bienaventuranza.\r\nLas entradas ...<\/div><div class=\"ui--blog-readmore more-link\"><a class=\"btn btn-small btn-secondary muted\" href=\"https:\/\/amscb.com\/?p=1486\">Seguir leyendo<\/a><\/div><\/div><\/div><div class=\"ui--blog-item ui--animation ui--accent-gradient-hover-parent clearfix layout--mini\"><div class=\"ui--blog-side ui--blog-date ui--accent-gradient-hover-parent ui--box\"><h3><span class=\"ui--blog-date-day ui--accent-gradient-hover\">27<\/span><\/h3><h6 class=\"ui--blog-date-month ui--gradient ui--gradient-grey\"><span>Feb<\/span><\/h6><\/div><div class=\"ui--blog-content-wrapper\"><div class=\"ui--blog-header\"><h5 class=\"ui--blog-title entry-title\"><a class=\"ui--blog-link\" href=\"https:\/\/amscb.com\/?p=1482\">Concierto en Oviedo<\/a><\/h5><\/div><div class=\"ui--blog-content\">Este s\u00e1bado 1 de Marzo tendremos el privilegio de visitar por primera la ciudad de Oviedo ofreciendo nuestra m\u00fasica al titular de la Hermandad de Nuestro Padre Jes\u00fas Nazareno, penitencial que celebra durante este 2014 el vig\u00e9simo aniversario de su refundaci\u00f3n.\r\nNuestra actuaci\u00f3n est\u00e1 incluida dentro de los actos programados entre ...<\/div><div class=\"ui--blog-readmore more-link\"><a class=\"btn btn-small btn-secondary muted\" href=\"https:\/\/amscb.com\/?p=1482\">Seguir leyendo<\/a><\/div><\/div><\/div><div class=\"ui--blog-item ui--animation ui--accent-gradient-hover-parent clearfix layout--mini\"><div class=\"ui--blog-side ui--blog-date ui--accent-gradient-hover-parent ui--box\"><h3><span class=\"ui--blog-date-day ui--accent-gradient-hover\">24<\/span><\/h3><h6 class=\"ui--blog-date-month ui--gradient ui--gradient-grey\"><span>Feb<\/span><\/h6><\/div><div class=\"ui--blog-content-wrapper\"><div class=\"ui--blog-header\"><h5 class=\"ui--blog-title entry-title\"><a class=\"ui--blog-link\" href=\"https:\/\/amscb.com\/?p=1477\">LOS REYES EN LE\u00d3N<\/a><\/h5><\/div><div class=\"ui--blog-content\">Es un placer anunciar que el pr\u00f3ximo domingo 16 de marzo cumpliremos un sue\u00f1o, ya que tendremos el honor de compartir escenario con nuestros compa\u00f1eros de la Agrupaci\u00f3n Musical Nuestra Se\u00f1ora Virgen de los Reyes.\r\nDesde Sevilla llegar\u00e1n los sones de un estilo que ha calado hondo en nuestra capital, suponiendo ...<\/div><div class=\"ui--blog-readmore more-link\"><a class=\"btn btn-small btn-secondary muted\" href=\"https:\/\/amscb.com\/?p=1477\">Seguir leyendo<\/a><\/div><\/div><\/div><div class=\"ui--blog-item ui--animation ui--accent-gradient-hover-parent clearfix layout--mini last-item\"><div class=\"ui--blog-side ui--blog-date ui--accent-gradient-hover-parent ui--box\"><h3><span class=\"ui--blog-date-day ui--accent-gradient-hover\">22<\/span><\/h3><h6 class=\"ui--blog-date-month ui--gradient ui--gradient-grey\"><span>Ene<\/span><\/h6><\/div><div class=\"ui--blog-content-wrapper\"><div class=\"ui--blog-header\"><h5 class=\"ui--blog-title entry-title\"><a class=\"ui--blog-link\" href=\"https:\/\/amscb.com\/?p=1373\">Concierto II Aniversario<\/a><\/h5><\/div><div class=\"ui--blog-content\">El pr\u00f3ximo s\u00e1bado 1 de Febrero celebraremos nuestro segundo aniversario en los salones del Nuevo Recreo Industrial.\r\n\r\n\r\n\r\nEl concierto comenzar\u00e1 a las 19:30 y tendr\u00e1 este a\u00f1o como novedad que la entrada consistir\u00e1 en la entrega de un Kilo de alimentos no perecederos a favor de la Asociaci\u00f3n de Caridad de ...<\/div><div class=\"ui--blog-readmore more-link\"><a class=\"btn btn-small btn-secondary muted\" href=\"https:\/\/amscb.com\/?p=1373\">Seguir leyendo<\/a><\/div><\/div><\/div><\/div><\/div> \n\n <div   class=\"ui-column span2\"><div id=\"text-11\" class=\"widget widget_text\"><h4 class=\"sidebar-widget-title ui--widget-title\"><span>Cofrad\u00eda Santo Cristo de la Bienaventuranza<\/span><\/h4>\t\t\t<div class=\"textwidget\"><a href=\"http:\/\/santocristodelabienaventuranza.es\/\"><img src=\"http:\/\/santocristodelabienaventuranza.es\/wp-content\/uploads\/2016\/03\/Emblema-Bienaventuranzas_sinfondo_mini.png\" border=\"0\"><\/a>\r\n\r\n<\/div>\n\t\t<\/div><div id=\"text-10\" class=\"widget widget_text\"><h4 class=\"sidebar-widget-title ui--widget-title\"><span>Saluda del Director<\/span><\/h4>\t\t\t<div class=\"textwidget\">Es un placer darte la bienvenida a la p\u00e1gina web de la Agrupaci\u00f3n Musical del Santo Cristo de la Bienaventuranza...<a href=\"http:\/\/amscb.com\/?p=1309\">(Seguir leyendo) <\/a><\/div>\n\t\t<\/div><\/div> \n\n<\/div> \n<\/div><\/div><\/div><\/div><!-- \/.fullwidth-container -->","protected":false},"excerpt":{"rendered":"<p>07AbrSEMANA SANTA 2021Estos han sido algunos de los momentos que nos ha dejado la Semana Santa 2021. &nbsp; https:\/\/www.youtube.com\/watch?v=apv3oSeQF6w&amp;ab_channel=amSCBleon &nbsp; https:\/\/www.youtube.com\/watch?v=imagoYWRuIg&amp;ab_channel=amSCBleon &nbsp; https:\/\/www.youtube.com\/watch?v=c1_pFIwA6EY&amp;t=2s&amp;ab_channel=amSCBleon Seguir leyendo07FebMOMENTOS- IX Aniversario Agrupaci\u00f3n Musical Santo Cristo de la Bienaventuranza (Le\u00f3n) Qui\u00e9n nos dir\u00eda hace nueve a\u00f1os que \u00edbamos a estar aqu\u00ed, as\u00ed.Qui\u00e9n nos dir\u00eda que cambiar\u00edamos de escenario, que vivir\u00edamos [&hellip;]<\/p>\n","protected":false},"author":1,"featured_media":0,"parent":0,"menu_order":0,"comment_status":"open","ping_status":"open","template":"","meta":[],"_links":{"self":[{"href":"https:\/\/amscb.com\/index.php?rest_route=\/wp\/v2\/pages\/1474"}],"collection":[{"href":"https:\/\/amscb.com\/index.php?rest_route=\/wp\/v2\/pages"}],"about":[{"href":"https:\/\/amscb.com\/index.php?rest_route=\/wp\/v2\/types\/page"}],"author":[{"embeddable":true,"href":"https:\/\/amscb.com\/index.php?rest_route=\/wp\/v2\/users\/1"}],"replies":[{"embeddable":true,"href":"https:\/\/amscb.com\/index.php?rest_route=%2Fwp%2Fv2%2Fcomments&post=1474"}],"version-history":[{"count":1,"href":"https:\/\/amscb.com\/index.php?rest_route=\/wp\/v2\/pages\/1474\/revisions"}],"predecessor-version":[{"id":1475,"href":"https:\/\/amscb.com\/index.php?rest_route=\/wp\/v2\/pages\/1474\/revisions\/1475"}],"wp:attachment":[{"href":"https:\/\/amscb.com\/index.php?rest_route=%2Fwp%2Fv2%2Fmedia&parent=1474"}],"curies":[{"name":"wp","href":"https:\/\/api.w.org\/{rel}","templated":true}]}}